{"id":86081,"date":"2025-01-14T09:49:26","date_gmt":"2025-01-14T08:49:26","guid":{"rendered":"https:\/\/ru.law\/?page_id=86081"},"modified":"2026-03-04T09:20:54","modified_gmt":"2026-03-04T08:20:54","slug":"dutch-desk","status":"publish","type":"page","link":"https:\/\/ru.law\/nl\/dutch-desk\/","title":{"rendered":"Nederlands Bureau"},"content":{"rendered":"<div class=\"wp-block-uagb-container uagb-block-13bb96a3 alignfull uagb-is-root-container\"><div class=\"uagb-container-inner-blocks-wrap\">\n<div class=\"wp-block-group is-content-justification-left is-layout-constrained wp-container-core-group-is-layout-8b4c372c wp-block-group-is-layout-constrained\"><div class=\"wp-block-group__inner-container\">\n<h1 class=\"wp-block-heading videoheadline\" id=\"h-kanzlei-fur-niederlandisch-deutsche-geschaftsbeziehungen-rechtsanwalte-mit-erfahrung-und-expertise\">advocatenkantoor voor Nederlands-Duitse zakenrelaties<br><strong>Advocaten met ervaring en expertise<\/strong><\/h1>\n\n\n\n<div class=\"wp-block-buttons ghostkit-custom-1WOoXe is-layout-flex wp-block-buttons-is-layout-flex\">\n<div class=\"wp-block-button hideOnDesktop\"><a class=\"wp-block-button__link wp-element-button\" href=\"#erstberatung\">Neem nu contact met ons op<\/a><\/div>\n<\/div>\n<\/div><\/div>\n<\/div><\/div>\n\n\n\n<div class=\"wp-block-uagb-container uagb-block-bd558900 alignfull uagb-is-root-container\"><div class=\"uagb-container-inner-blocks-wrap\">\n<div class=\"wp-block-columns is-layout-flex wp-container-core-columns-is-layout-33ba964e wp-block-columns-is-layout-flex\">\n<div class=\"wp-block-column is-layout-flow wp-block-column-is-layout-flow\" style=\"flex-basis:66.66%\">\n<div class=\"wp-block-uagb-container uagb-block-57551726\">\n<div class=\"wp-block-uagb-container uagb-block-566d1151\">\n<h2 class=\"wp-block-heading\" id=\"h-ihr-partner-fur-niederlandische-unternehmen-in-deutschland\">Uw partner voor Nederlandse bedrijven in Duitsland<\/h2>\n\n\n\n<p style=\"padding-top:0px\">Bent u een Nederlands bedrijf en wilt u een GmbH in Duitsland oprichten, fuseren met een Duits bedrijf, fiscale zaken verduidelijken of een juridisch geschil met een Duitse organisatie oplossen? Als ondernemer bent u op zoek naar een centraal aanspreekpunt voor alle juridische vragen op de Duitse markt.<\/p>\n\n\n\n<p>Als ervaren full-service advocatenkantoor bieden wij u uitgebreide ondersteuning op juridisch en fiscaal gebied, zodat u zich succesvol in Duitsland kunt vestigen. Met onze expertise begeleiden wij u vanaf de basis tot aan een succesvolle marktpositionering en zorgen wij ervoor dat uw zakelijke beslissingen op een legale en effici\u00ebnte manier worden uitgevoerd.<\/p>\n<\/div>\n\n\n\n<div class=\"wp-block-uagb-container uagb-block-483cb5af\">\n<figure class=\"wp-block-video\"><video controls src=\"https:\/\/ru.law\/wp-content\/uploads\/2026\/03\/niederlande_ru_law.mp4\"><\/video><\/figure>\n<\/div>\n<\/div>\n<\/div>\n\n\n\n<div class=\"wp-block-column uag-hide-mob is-layout-flow wp-block-column-is-layout-flow\" style=\"padding-right:70px;padding-left:70px;flex-basis:33.33%\">\n<div class=\"wp-block-group stoerer has-background is-layout-constrained wp-block-group-is-layout-constrained\" style=\"border-radius:400px;background-color:#bc133e;min-height:250px;margin-top:-150px\"><div class=\"wp-block-group__inner-container\">\n<p class=\"has-text-align-center has-ast-global-color-5-color has-text-color has-link-color wp-elements-2d7554ff267f1c58d504d484b34164a3\" style=\"padding-top:75px;padding-bottom:75px;font-size:28px;line-height:1.3\">Wij helpen u<br>bij jou<br>fundering.<\/p>\n<\/div><\/div>\n<\/div>\n<\/div>\n<\/div><\/div>\n\n\n\n<div class=\"wp-block-uagb-container uagb-block-8a0157bc alignfull uagb-is-root-container\"><div class=\"uagb-container-inner-blocks-wrap\">\n<h2 class=\"wp-block-heading\" id=\"h-unsere-fachgebiete\">Onze expertisegebieden<\/h2>\n\n\n\n<div class=\"wp-block-uagb-container uagb-block-3c3d9733 alignfull uagb-is-root-container\"><div class=\"uagb-container-inner-blocks-wrap\">\n<div class=\"wp-block-uagb-container uagb-block-0768e5b4 alignfull uagb-is-root-container\"><div class=\"uagb-container-inner-blocks-wrap\">\n<div class=\"wp-block-uagb-container uagb-block-9f8f5c88\">\n<h3 class=\"wp-block-heading has-text-align-center\">Een GmbH oprichten<\/h3>\n\n\n\n<p class=\"has-text-align-center\">Voor een succesvolle en prettige start bij de oprichting van een GmbH in Duitsland is uitgebreid juridisch en fiscaal advies essentieel.<\/p>\n<\/div>\n\n\n\n<div class=\"wp-block-buttons ghostkit-custom-1WOoXe is-content-justification-center is-layout-flex wp-container-core-buttons-is-layout-5b5683f2 wp-block-buttons-is-layout-flex\">\n<div class=\"wp-block-button cta__secondary\"><a class=\"wp-block-button__link wp-element-button\" href=\"https:\/\/ru.law\/nl\/dutch-desk\/gruendung-gmbh-deutschland\/\">Meer informatie<\/a><\/div>\n<\/div>\n<\/div><\/div>\n\n\n\n<div class=\"wp-block-uagb-container uagb-block-2d2da269 alignfull uagb-is-root-container\"><div class=\"uagb-container-inner-blocks-wrap\">\n<div class=\"wp-block-uagb-container uagb-block-2990dcde\">\n<h3 class=\"wp-block-heading has-text-align-center\" id=\"h-bauen-in-deutschland\">Bouwen in Duitsland<\/h3>\n\n\n\n<p class=\"has-text-align-center\">Geschillen over contracten met gebouweigenaren of onderaannemers, benodigde vergunningen, de Posted Workers Act en belastingzaken.<\/p>\n<\/div>\n\n\n\n<div class=\"wp-block-buttons ghostkit-custom-1WOoXe is-content-justification-center is-layout-flex wp-container-core-buttons-is-layout-5b5683f2 wp-block-buttons-is-layout-flex\">\n<div class=\"wp-block-button cta__secondary\"><a class=\"wp-block-button__link wp-element-button\" href=\"https:\/\/ru.law\/nl\/dutch-desk-bauen-in-deutschland\/\">Meer informatie<\/a><\/div>\n<\/div>\n<\/div><\/div>\n\n\n\n<div class=\"wp-block-uagb-container uagb-block-70057e85 alignfull uagb-is-root-container\"><div class=\"uagb-container-inner-blocks-wrap\">\n<div class=\"wp-block-uagb-container uagb-block-fd3ac620\">\n<h3 class=\"wp-block-heading has-text-align-center\" id=\"h-mitarbeiter-in-deutschland\">werknemers in Duitsland<\/h3>\n\n\n\n<p class=\"has-text-align-center\">Van arbeidsovereenkomsten en arbeidsvoorwaarden tot arbeidsgeschillen en discriminatieclaims en cao-onderhandelingen.<\/p>\n<\/div>\n\n\n\n<div class=\"wp-block-buttons ghostkit-custom-1WOoXe is-content-justification-center is-layout-flex wp-container-core-buttons-is-layout-5b5683f2 wp-block-buttons-is-layout-flex\">\n<div class=\"wp-block-button cta__secondary\"><a class=\"wp-block-button__link wp-element-button\" href=\"https:\/\/ru.law\/nl\/dutch-desk-mitarbeiter-in-deutschland\/\">Meer informatie<\/a><\/div>\n<\/div>\n<\/div><\/div>\n<\/div><\/div>\n\n\n\n<div class=\"wp-block-uagb-container uagb-block-4c4e5e52 alignfull uagb-is-root-container\"><div class=\"uagb-container-inner-blocks-wrap\">\n<div class=\"wp-block-uagb-container uagb-block-d77883f4 alignfull uagb-is-root-container\"><div class=\"uagb-container-inner-blocks-wrap\">\n<div class=\"wp-block-uagb-container uagb-block-fe420641\">\n<h3 class=\"wp-block-heading has-text-align-center\" id=\"h-inkasso-in-deutschland\">incasso in Duitsland<\/h3>\n\n\n\n<p class=\"has-text-align-center\">Het innen van openstaande schulden in Duitsland kan ingewikkeld zijn. Een Duitse advocaat kan u effectief bijstaan.<\/p>\n<\/div>\n\n\n\n<div class=\"wp-block-buttons ghostkit-custom-1WOoXe is-content-justification-center is-layout-flex wp-container-core-buttons-is-layout-5b5683f2 wp-block-buttons-is-layout-flex\">\n<div class=\"wp-block-button cta__secondary\"><a class=\"wp-block-button__link wp-element-button\" href=\"https:\/\/ru.law\/nl\/dutch-desk\/dutch-desk-inkasso-in-deutschland\/\">Meer informatie<\/a><\/div>\n<\/div>\n<\/div><\/div>\n\n\n\n<div class=\"wp-block-uagb-container uagb-block-71e3ce0c alignfull uagb-is-root-container\"><div class=\"uagb-container-inner-blocks-wrap\">\n<div class=\"wp-block-uagb-container uagb-block-8b0aaf55\">\n<h3 class=\"wp-block-heading has-text-align-center\" id=\"h-unternehmensubernahme\">bedrijfsovername<\/h3>\n\n\n\n<p class=\"has-text-align-center\">Kennis van de Duitse wet- en regelgeving is essentieel bij fusies of overnames in Duitsland.<\/p>\n<\/div>\n\n\n\n<div class=\"wp-block-buttons ghostkit-custom-1WOoXe is-content-justification-center is-layout-flex wp-container-core-buttons-is-layout-5b5683f2 wp-block-buttons-is-layout-flex\">\n<div class=\"wp-block-button cta__secondary\"><a class=\"wp-block-button__link wp-element-button\" href=\"https:\/\/ru.law\/nl\/dutch-desk\/dutch-desk-unternehmensuebernahme-in-deutschland\/\">Meer informatie<\/a><\/div>\n<\/div>\n<\/div><\/div>\n\n\n\n<div class=\"wp-block-uagb-container uagb-block-596276c7 alignfull uagb-is-root-container\"><div class=\"uagb-container-inner-blocks-wrap\">\n<div class=\"wp-block-uagb-container uagb-block-50862383\">\n<h3 class=\"wp-block-heading has-text-align-center\" id=\"h-steuerliche-aspekte\">Fiscale aspecten<\/h3>\n\n\n\n<p class=\"has-text-align-center\">Effectieve belastingplanning en consistente naleving van de Duitse regelgeving zijn cruciaal voor effectief zakelijk succes op de lange termijn.<\/p>\n<\/div>\n\n\n\n<div class=\"wp-block-buttons ghostkit-custom-1WOoXe is-content-justification-center is-layout-flex wp-container-core-buttons-is-layout-5b5683f2 wp-block-buttons-is-layout-flex\">\n<div class=\"wp-block-button cta__secondary\"><a class=\"wp-block-button__link wp-element-button\" href=\"https:\/\/ru.law\/nl\/dutch-desk\/dutch-desk-steuerangelegenheiten-gmbh\/\">Meer informatie<\/a><\/div>\n<\/div>\n<\/div><\/div>\n<\/div><\/div>\n\n\n\n<div class=\"wp-block-uagb-container uagb-block-39028c6f alignfull uagb-is-root-container\"><div class=\"uagb-container-inner-blocks-wrap\">\n<div class=\"wp-block-uagb-container uagb-block-a34d4f58 alignfull uagb-is-root-container\"><div class=\"uagb-container-inner-blocks-wrap\">\n<div class=\"wp-block-uagb-container uagb-block-36eb9d5b\">\n<h3 class=\"wp-block-heading has-text-align-center\" id=\"h-grundung-einer-niederlassung-in-den-niederlanden\">Oprichting van een vestiging in Nederland<\/h3>\n\n\n\n<p class=\"has-text-align-center\">Als u een vestiging in Nederland wilt oprichten, is het raadzaam om een Duitstalige advocaat te raadplegen<\/p>\n<\/div>\n\n\n\n<div class=\"wp-block-buttons ghostkit-custom-1WOoXe is-content-justification-center is-layout-flex wp-container-core-buttons-is-layout-5b5683f2 wp-block-buttons-is-layout-flex\">\n<div class=\"wp-block-button cta__secondary\"><a class=\"wp-block-button__link wp-element-button\" href=\"https:\/\/ru.law\/nl\/dutch-desk\/gruendung-einer-niederlassung-in-den-niederlanden\/\">Meer informatie<\/a><\/div>\n<\/div>\n<\/div><\/div>\n\n\n\n<div class=\"wp-block-uagb-container uagb-block-ca80e071 alignfull uagb-is-root-container\"><div class=\"uagb-container-inner-blocks-wrap\">\n<div class=\"wp-block-uagb-container uagb-block-046fe438\">\n<h3 class=\"wp-block-heading has-text-align-center\" id=\"h-firmengrundung-in-deutschland-fur-auslandische-unternehmen\">Bedrijfsoprichting in Duitsland voor buitenlandse bedrijven<\/h3>\n\n\n\n<p class=\"has-text-align-center\">Ontdek waar u op moet letten bij het opzetten van een vestiging in Duitsland. Wij ondersteunen u. <\/p>\n<\/div>\n\n\n\n<div class=\"wp-block-buttons ghostkit-custom-1WOoXe is-content-justification-center is-layout-flex wp-container-core-buttons-is-layout-5b5683f2 wp-block-buttons-is-layout-flex\">\n<div class=\"wp-block-button cta__secondary\"><a class=\"wp-block-button__link wp-element-button\" href=\"https:\/\/ru.law\/nl\/dutch-desk\/firmengruendung-in-deutschland-fuer-auslaendische-unternehmen-wichtige-informationen\/\">Meer informatie<\/a><\/div>\n<\/div>\n<\/div><\/div>\n\n\n\n<div class=\"wp-block-uagb-container uagb-block-43c16093 alignfull uagb-is-root-container\"><div class=\"uagb-container-inner-blocks-wrap\">\n<div class=\"wp-block-uagb-container uagb-block-885f1834\">\n<h3 class=\"wp-block-heading has-text-align-center\" id=\"h-unternehmensgrundung-aus-dem-ausland\">Een bedrijf starten vanuit het buitenland<\/h3>\n\n\n\n<p class=\"has-text-align-center\">Als EU-burger hebt u de mogelijkheid om in Duitsland een bedrijf op te richten, maar u moet daarbij aan bepaalde regels en voorschriften voldoen.<\/p>\n<\/div>\n\n\n\n<div class=\"wp-block-buttons ghostkit-custom-1WOoXe is-content-justification-center is-layout-flex wp-container-core-buttons-is-layout-5b5683f2 wp-block-buttons-is-layout-flex\">\n<div class=\"wp-block-button cta__secondary\"><a class=\"wp-block-button__link wp-element-button\" href=\"https:\/\/ru.law\/nl\/expertise\/automotive\/unternehmensgruendung-aus-dem-ausland\/\">Meer informatie<\/a><\/div>\n<\/div>\n<\/div><\/div>\n<\/div><\/div>\n<\/div><\/div>\n\n\n\n<div class=\"wp-block-uagb-container uagb-block-15666bd8 alignfull uagb-is-root-container\"><div class=\"uagb-container-inner-blocks-wrap\">\n<h2 class=\"wp-block-heading has-text-align-left\" id=\"h-wir-sind-jederzeit-fur-sie-da\">Wij zijn er altijd voor u<\/h2>\n\n\n\n<p class=\"has-text-align-left\">Heeft u een vraag? Bel of schrijf ons dan gerust vrijblijvend. Ons professionele R&amp;U-advocatenteam analyseert uw zaak en adviseert u telefonisch. uitgebreid en objectief. Maak eenvoudig en veilig gebruik van onze service vanuit huis.<\/p>\n\n\n\n<div class=\"wp-block-columns is-layout-flex wp-container-core-columns-is-layout-12ca2eb4 wp-block-columns-is-layout-flex\" style=\"padding-right:0px;padding-left:0px\">\n<div class=\"wp-block-column has-ast-global-color-5-background-color has-background is-layout-flow wp-block-column-is-layout-flow\" style=\"padding-top:40px;padding-right:20px;padding-bottom:40px;padding-left:20px\">\n<h3 class=\"wp-block-heading ghostkit-custom-Ffc1H\" id=\"telefon\">Bel ons <\/h3>\n\n\n\n<p id=\"h-wir-beraten-sie-kompetent-zuverl-ssig\">Onze R&amp;U-advocaten adviseren u deskundig en betrouwbaar.<\/p>\n\n\n\n<div class=\"wp-block-buttons alignwide ghostkit-custom-Z1ekQWb is-horizontal is-content-justification-left is-layout-flex wp-container-core-buttons-is-layout-20be11b6 wp-block-buttons-is-layout-flex\">\n<div class=\"wp-block-button ga_phone contactButton ghostkit-custom-1nGh1H\"><a class=\"wp-block-button__link wp-element-button\" href=\"tel:+49 211 819770\"><strong>+49 (0)211 \/ 819770<\/strong><\/a><\/div>\n<\/div>\n<\/div>\n\n\n\n<div class=\"wp-block-column has-ast-global-color-5-background-color has-background is-layout-flow wp-block-column-is-layout-flow\" style=\"padding-top:40px;padding-right:20px;padding-bottom:40px;padding-left:20px\">\n<h3 class=\"wp-block-heading ghostkit-custom-ZuFWDT\" id=\"h-schreiben-sie-uns\">Schrijf ons<\/h3>\n\n\n\n<p>Wij beantwoorden uw vragen vakkundig en juridisch.<\/p>\n\n\n\n<div class=\"wp-block-buttons ghostkit-custom-1Ngk7g is-horizontal is-content-justification-left is-layout-flex wp-container-core-buttons-is-layout-20be11b6 wp-block-buttons-is-layout-flex\">\n<div class=\"wp-block-button contactButton ghostkit-custom-ZsiJYV\"><a class=\"wp-block-button__link wp-element-button\" href=\"mailto:office@ru.law\"><strong>office@ru.law<\/strong><\/a><\/div>\n<\/div>\n<\/div>\n\n\n\n<div class=\"wp-block-column has-ast-global-color-5-background-color has-background is-layout-flow wp-block-column-is-layout-flow\" style=\"padding-top:40px;padding-right:20px;padding-bottom:40px;padding-left:20px\">\n<h3 class=\"wp-block-heading ghostkit-custom-ZBQFEq\" id=\"h-schicken-sie-uns-ein-fax\">Stuur ons een fax<\/h3>\n\n\n\n<p>Wij verheugen ons op uw aanvraag en nemen zo spoedig mogelijk contact met u op.<\/p>\n\n\n\n<div class=\"wp-block-buttons ghostkit-custom-1jsQBg is-horizontal is-content-justification-left is-layout-flex wp-container-core-buttons-is-layout-20be11b6 wp-block-buttons-is-layout-flex\">\n<div class=\"wp-block-button contactButton ghostkit-custom-Z1Tcv3R\"><a class=\"wp-block-button__link wp-element-button\" href=\"fax: +49 (0)211 \/ 81977199\"><strong>+49 (0)211 \/ 81977199<\/strong><\/a><\/div>\n<\/div>\n<\/div>\n<\/div>\n<\/div><\/div>\n\n\n\n<div class=\"wp-block-uagb-container uagb-block-45666d6c alignfull uagb-is-root-container\"><div class=\"uagb-container__video-wrap\"><video autoplay loop muted playsinline><source src=\"https:\/\/ru.law\/wp-content\/uploads\/2021\/04\/rogert-ulbrich-rechtsanwalt-kanzlei-experte-mandant.mp4\" type=\"video\/mp4\"\/><\/video><\/div><div class=\"uagb-container-inner-blocks-wrap\">\n<div class=\"wp-block-columns is-layout-flex wp-container-core-columns-is-layout-28f84493 wp-block-columns-is-layout-flex\">\n<div class=\"wp-block-column is-layout-flow wp-block-column-is-layout-flow\">\n<p class=\"has-text-align-center has-text-shadow has-ast-global-color-5-color has-text-color has-link-color wp-elements-7d6a0b598814fffecc36d641add74c25\" style=\"margin-top:10px;margin-bottom:10px\">Meer dan<\/p>\n\n\n\n<p class=\"has-text-align-center has-text-shadow has-ast-global-color-5-color has-text-color has-link-color has-large-font-size wp-elements-d11fca26bbaddc44cf90c13b018f3381\" style=\"margin-top:0px;margin-bottom:0px\"><strong>40.000<\/strong><\/p>\n\n\n\n<p class=\"has-text-align-center has-text-shadow has-ast-global-color-5-color has-text-color has-link-color wp-elements-b1fdeb9e3b87f6d511ced729265122d7\" style=\"margin-top:10px;margin-bottom:10px\">mandaten aangenomen<\/p>\n<\/div>\n\n\n\n<div class=\"wp-block-column is-layout-flow wp-block-column-is-layout-flow\">\n<p class=\"has-text-align-center has-text-shadow has-ast-global-color-5-color has-text-color has-link-color wp-elements-f8933b474025a0d63fc2aaf8de7aaa47\" style=\"margin-top:10px;margin-bottom:10px\">Over<\/p>\n\n\n\n<p class=\"has-text-align-center has-text-shadow has-ast-global-color-5-color has-text-color has-link-color has-large-font-size wp-elements-3bb838661f621ffefa4b8433b599aa36\" style=\"margin-top:0px;margin-bottom:0px\"><strong>25.000<\/strong><\/p>\n\n\n\n<p class=\"has-text-align-center has-text-shadow has-ast-global-color-5-color has-text-color has-link-color wp-elements-dc6ace78cda3e14bf4458525c90bd2fe\" style=\"margin-top:10px;margin-bottom:10px\">rechtszaken aangespannen<\/p>\n<\/div>\n<\/div>\n<\/div><\/div>","protected":false},"excerpt":{"rendered":"<p>Kanzlei f\u00fcr niederl\u00e4ndisch deutsche Gesch\u00e4ftsbeziehungenRechtsanw\u00e4lte mit Erfahrung und Expertise Ihr Partner f\u00fcr niederl\u00e4ndische Unternehmen in Deutschland M\u00f6chten Sie als niederl\u00e4ndisches Unternehmen in Deutschland eine GmbH [&hellip;]<\/p>\n","protected":false},"author":54,"featured_media":8591,"parent":0,"menu_order":0,"comment_status":"closed","ping_status":"closed","template":"","meta":{"_uag_custom_page_level_css":"","site-sidebar-layout":"default","site-content-layout":"","ast-site-content-layout":"default","site-content-style":"default","site-sidebar-style":"default","ast-global-header-display":"","ast-banner-title-visibility":"","ast-main-header-display":"","ast-hfb-above-header-display":"","ast-hfb-below-header-display":"","ast-hfb-mobile-header-display":"","site-post-title":"disabled","ast-breadcrumbs-content":"","ast-featured-img":"disabled","footer-sml-layout":"","ast-disable-related-posts":"","theme-transparent-header-meta":"default","adv-header-id-meta":"","stick-header-meta":"","header-above-stick-meta":"","header-main-stick-meta":"","header-below-stick-meta":"","astra-migrate-meta-layouts":"set","ast-page-background-enabled":"default","ast-page-background-meta":{"desktop":{"background-color":"","background-image":"","background-repeat":"repeat","background-position":"center center","background-size":"auto","background-attachment":"scroll","background-type":"","background-media":"","overlay-type":"","overlay-color":"","overlay-opacity":"","overlay-gradient":""},"tablet":{"background-color":"","background-image":"","background-repeat":"repeat","background-position":"center center","background-size":"auto","background-attachment":"scroll","background-type":"","background-media":"","overlay-type":"","overlay-color":"","overlay-opacity":"","overlay-gradient":""},"mobile":{"background-color":"","background-image":"","background-repeat":"repeat","background-position":"center center","background-size":"auto","background-attachment":"scroll","background-type":"","background-media":"","overlay-type":"","overlay-color":"","overlay-opacity":"","overlay-gradient":""}},"ast-content-background-meta":{"desktop":{"background-color":"var(--ast-global-color-5)","background-image":"","background-repeat":"repeat","background-position":"center center","background-size":"auto","background-attachment":"scroll","background-type":"","background-media":"","overlay-type":"","overlay-color":"","overlay-opacity":"","overlay-gradient":""},"tablet":{"background-color":"var(--ast-global-color-5)","background-image":"","background-repeat":"repeat","background-position":"center center","background-size":"auto","background-attachment":"scroll","background-type":"","background-media":"","overlay-type":"","overlay-color":"","overlay-opacity":"","overlay-gradient":""},"mobile":{"background-color":"var(--ast-global-color-5)","background-image":"","background-repeat":"repeat","background-position":"center center","background-size":"auto","background-attachment":"scroll","background-type":"","background-media":"","overlay-type":"","overlay-color":"","overlay-opacity":"","overlay-gradient":""}},"footnotes":""},"class_list":["post-86081","page","type-page","status-publish","has-post-thumbnail","hentry"],"yoast_head":"<!-- This site is optimized with the Yoast SEO Premium plugin v27.4 (Yoast SEO v27.4) - https:\/\/yoast.com\/product\/yoast-seo-premium-wordpress\/ -->\n<title>Rechtsanwaltskanzlei f\u00fcr niederl\u00e4ndische Unternehmer - R&amp;U<\/title>\n<meta name=\"description\" content=\"Ihr Partner f\u00fcr niederl\u00e4ndische Unternehmen in Deutschland. Wir unterst\u00fctzen Sie umfassend bei rechtlichen und steuerlichen Themen\" \/>\n<meta name=\"robots\" content=\"index, follow, max-snippet:-1, max-image-preview:large, max-video-preview:-1\" \/>\n<link rel=\"canonical\" href=\"https:\/\/ru.law\/nl\/dutch-desk\/\" \/>\n<meta property=\"og:locale\" content=\"nl_NL\" \/>\n<meta property=\"og:type\" content=\"article\" \/>\n<meta property=\"og:title\" content=\"Dutch Desk\" \/>\n<meta property=\"og:description\" content=\"Ihr Partner f\u00fcr niederl\u00e4ndische Unternehmen in Deutschland. Wir unterst\u00fctzen Sie umfassend bei rechtlichen und steuerlichen Themen\" \/>\n<meta property=\"og:url\" content=\"https:\/\/ru.law\/nl\/dutch-desk\/\" \/>\n<meta property=\"og:site_name\" content=\"R&amp;U\" \/>\n<meta property=\"article:publisher\" content=\"https:\/\/www.facebook.com\/RogertUlbrich\/\" \/>\n<meta property=\"article:modified_time\" content=\"2026-03-04T08:20:54+00:00\" \/>\n<meta property=\"og:image\" content=\"https:\/\/ru.law\/wp-content\/uploads\/2020\/10\/dieselskandal-fahrzeuge.jpg\" \/>\n\t<meta property=\"og:image:width\" content=\"1400\" \/>\n\t<meta property=\"og:image:height\" content=\"800\" \/>\n\t<meta property=\"og:image:type\" content=\"image\/jpeg\" \/>\n<meta name=\"twitter:card\" content=\"summary_large_image\" \/>\n<meta name=\"twitter:site\" content=\"@RogertUlbrich\" \/>\n<script type=\"application\/ld+json\" class=\"yoast-schema-graph\">{\"@context\":\"https:\\\/\\\/schema.org\",\"@graph\":[{\"@type\":\"WebPage\",\"@id\":\"https:\\\/\\\/ru.law\\\/dutch-desk\\\/\",\"url\":\"https:\\\/\\\/ru.law\\\/dutch-desk\\\/\",\"name\":\"Rechtsanwaltskanzlei f\u00fcr niederl\u00e4ndische Unternehmer - R&amp;U\",\"isPartOf\":{\"@id\":\"https:\\\/\\\/ru.law\\\/#website\"},\"primaryImageOfPage\":{\"@id\":\"https:\\\/\\\/ru.law\\\/dutch-desk\\\/#primaryimage\"},\"image\":{\"@id\":\"https:\\\/\\\/ru.law\\\/dutch-desk\\\/#primaryimage\"},\"thumbnailUrl\":\"https:\\\/\\\/ru.law\\\/wp-content\\\/uploads\\\/2020\\\/10\\\/dieselskandal-fahrzeuge.jpg\",\"datePublished\":\"2025-01-14T08:49:26+00:00\",\"dateModified\":\"2026-03-04T08:20:54+00:00\",\"description\":\"Ihr Partner f\u00fcr niederl\u00e4ndische Unternehmen in Deutschland. Wir unterst\u00fctzen Sie umfassend bei rechtlichen und steuerlichen Themen\",\"breadcrumb\":{\"@id\":\"https:\\\/\\\/ru.law\\\/dutch-desk\\\/#breadcrumb\"},\"inLanguage\":\"nl-NL\",\"potentialAction\":[{\"@type\":\"ReadAction\",\"target\":[\"https:\\\/\\\/ru.law\\\/dutch-desk\\\/\"]}]},{\"@type\":\"ImageObject\",\"inLanguage\":\"nl-NL\",\"@id\":\"https:\\\/\\\/ru.law\\\/dutch-desk\\\/#primaryimage\",\"url\":\"https:\\\/\\\/ru.law\\\/wp-content\\\/uploads\\\/2020\\\/10\\\/dieselskandal-fahrzeuge.jpg\",\"contentUrl\":\"https:\\\/\\\/ru.law\\\/wp-content\\\/uploads\\\/2020\\\/10\\\/dieselskandal-fahrzeuge.jpg\",\"width\":1400,\"height\":800,\"caption\":\"Dieselskandal Fahrzeuge\"},{\"@type\":\"BreadcrumbList\",\"@id\":\"https:\\\/\\\/ru.law\\\/dutch-desk\\\/#breadcrumb\",\"itemListElement\":[{\"@type\":\"ListItem\",\"position\":1,\"name\":\"Startseite\",\"item\":\"https:\\\/\\\/ru.law\\\/\"},{\"@type\":\"ListItem\",\"position\":2,\"name\":\"Dutch Desk\"}]},{\"@type\":\"WebSite\",\"@id\":\"https:\\\/\\\/ru.law\\\/#website\",\"url\":\"https:\\\/\\\/ru.law\\\/\",\"name\":\"R&U\",\"description\":\"Verbraucheranw\u00e4lte\",\"publisher\":{\"@id\":\"https:\\\/\\\/ru.law\\\/#organization\"},\"alternateName\":\"Rogert & Ulbrich\",\"potentialAction\":[{\"@type\":\"SearchAction\",\"target\":{\"@type\":\"EntryPoint\",\"urlTemplate\":\"https:\\\/\\\/ru.law\\\/?s={search_term_string}\"},\"query-input\":{\"@type\":\"PropertyValueSpecification\",\"valueRequired\":true,\"valueName\":\"search_term_string\"}}],\"inLanguage\":\"nl-NL\"},{\"@type\":\"Organization\",\"@id\":\"https:\\\/\\\/ru.law\\\/#organization\",\"name\":\"Kanzlei Rogert & Ulbrich\",\"url\":\"https:\\\/\\\/ru.law\\\/\",\"logo\":{\"@type\":\"ImageObject\",\"inLanguage\":\"nl-NL\",\"@id\":\"https:\\\/\\\/ru.law\\\/#\\\/schema\\\/logo\\\/image\\\/\",\"url\":\"https:\\\/\\\/ru.law\\\/wp-content\\\/uploads\\\/2020\\\/12\\\/logo-ru-law.svg\",\"contentUrl\":\"https:\\\/\\\/ru.law\\\/wp-content\\\/uploads\\\/2020\\\/12\\\/logo-ru-law.svg\",\"width\":992,\"height\":259,\"caption\":\"Kanzlei Rogert & Ulbrich\"},\"image\":{\"@id\":\"https:\\\/\\\/ru.law\\\/#\\\/schema\\\/logo\\\/image\\\/\"},\"sameAs\":[\"https:\\\/\\\/www.facebook.com\\\/RogertUlbrich\\\/\",\"https:\\\/\\\/x.com\\\/RogertUlbrich\",\"https:\\\/\\\/www.instagram.com\\\/rogertulbrich\\\/\",\"https:\\\/\\\/www.linkedin.com\\\/company\\\/rogert-ulbrich\\\/\",\"https:\\\/\\\/www.youtube.com\\\/channel\\\/UCganCgpvwpPFqMFf1vVmG2A\"]}]}<\/script>\n<!-- \/ Yoast SEO Premium plugin. -->","yoast_head_json":{"title":"Rechtsanwaltskanzlei f\u00fcr niederl\u00e4ndische Unternehmer - R&amp;U","description":"Ihr Partner f\u00fcr niederl\u00e4ndische Unternehmen in Deutschland. Wir unterst\u00fctzen Sie umfassend bei rechtlichen und steuerlichen Themen","robots":{"index":"index","follow":"follow","max-snippet":"max-snippet:-1","max-image-preview":"max-image-preview:large","max-video-preview":"max-video-preview:-1"},"canonical":"https:\/\/ru.law\/nl\/dutch-desk\/","og_locale":"nl_NL","og_type":"article","og_title":"Dutch Desk","og_description":"Ihr Partner f\u00fcr niederl\u00e4ndische Unternehmen in Deutschland. Wir unterst\u00fctzen Sie umfassend bei rechtlichen und steuerlichen Themen","og_url":"https:\/\/ru.law\/nl\/dutch-desk\/","og_site_name":"R&amp;U","article_publisher":"https:\/\/www.facebook.com\/RogertUlbrich\/","article_modified_time":"2026-03-04T08:20:54+00:00","og_image":[{"width":1400,"height":800,"url":"https:\/\/ru.law\/wp-content\/uploads\/2020\/10\/dieselskandal-fahrzeuge.jpg","type":"image\/jpeg"}],"twitter_card":"summary_large_image","twitter_site":"@RogertUlbrich","schema":{"@context":"https:\/\/schema.org","@graph":[{"@type":"WebPage","@id":"https:\/\/ru.law\/dutch-desk\/","url":"https:\/\/ru.law\/dutch-desk\/","name":"Rechtsanwaltskanzlei f\u00fcr niederl\u00e4ndische Unternehmer - R&amp;U","isPartOf":{"@id":"https:\/\/ru.law\/#website"},"primaryImageOfPage":{"@id":"https:\/\/ru.law\/dutch-desk\/#primaryimage"},"image":{"@id":"https:\/\/ru.law\/dutch-desk\/#primaryimage"},"thumbnailUrl":"https:\/\/ru.law\/wp-content\/uploads\/2020\/10\/dieselskandal-fahrzeuge.jpg","datePublished":"2025-01-14T08:49:26+00:00","dateModified":"2026-03-04T08:20:54+00:00","description":"Ihr Partner f\u00fcr niederl\u00e4ndische Unternehmen in Deutschland. Wir unterst\u00fctzen Sie umfassend bei rechtlichen und steuerlichen Themen","breadcrumb":{"@id":"https:\/\/ru.law\/dutch-desk\/#breadcrumb"},"inLanguage":"nl-NL","potentialAction":[{"@type":"ReadAction","target":["https:\/\/ru.law\/dutch-desk\/"]}]},{"@type":"ImageObject","inLanguage":"nl-NL","@id":"https:\/\/ru.law\/dutch-desk\/#primaryimage","url":"https:\/\/ru.law\/wp-content\/uploads\/2020\/10\/dieselskandal-fahrzeuge.jpg","contentUrl":"https:\/\/ru.law\/wp-content\/uploads\/2020\/10\/dieselskandal-fahrzeuge.jpg","width":1400,"height":800,"caption":"Dieselskandal Fahrzeuge"},{"@type":"BreadcrumbList","@id":"https:\/\/ru.law\/dutch-desk\/#breadcrumb","itemListElement":[{"@type":"ListItem","position":1,"name":"Startseite","item":"https:\/\/ru.law\/"},{"@type":"ListItem","position":2,"name":"Dutch Desk"}]},{"@type":"WebSite","@id":"https:\/\/ru.law\/#website","url":"https:\/\/ru.law\/","name":"R&amp;U","description":"Consumentenadvocaten","publisher":{"@id":"https:\/\/ru.law\/#organization"},"alternateName":"Rogert & Ulbrich","potentialAction":[{"@type":"SearchAction","target":{"@type":"EntryPoint","urlTemplate":"https:\/\/ru.law\/?s={search_term_string}"},"query-input":{"@type":"PropertyValueSpecification","valueRequired":true,"valueName":"search_term_string"}}],"inLanguage":"nl-NL"},{"@type":"Organization","@id":"https:\/\/ru.law\/#organization","name":"Advocatenkantoor Rogert &amp; Ulbrich","url":"https:\/\/ru.law\/","logo":{"@type":"ImageObject","inLanguage":"nl-NL","@id":"https:\/\/ru.law\/#\/schema\/logo\/image\/","url":"https:\/\/ru.law\/wp-content\/uploads\/2020\/12\/logo-ru-law.svg","contentUrl":"https:\/\/ru.law\/wp-content\/uploads\/2020\/12\/logo-ru-law.svg","width":992,"height":259,"caption":"Kanzlei Rogert & Ulbrich"},"image":{"@id":"https:\/\/ru.law\/#\/schema\/logo\/image\/"},"sameAs":["https:\/\/www.facebook.com\/RogertUlbrich\/","https:\/\/x.com\/RogertUlbrich","https:\/\/www.instagram.com\/rogertulbrich\/","https:\/\/www.linkedin.com\/company\/rogert-ulbrich\/","https:\/\/www.youtube.com\/channel\/UCganCgpvwpPFqMFf1vVmG2A"]}]}},"uagb_featured_image_src":{"full":["https:\/\/ru.law\/wp-content\/uploads\/2020\/10\/dieselskandal-fahrzeuge.jpg",1400,800,false],"thumbnail":["https:\/\/ru.law\/wp-content\/uploads\/2020\/10\/dieselskandal-fahrzeuge-150x150.jpg",96,96,true],"medium":["https:\/\/ru.law\/wp-content\/uploads\/2020\/10\/dieselskandal-fahrzeuge-300x171.jpg",300,171,true],"medium_large":["https:\/\/ru.law\/wp-content\/uploads\/2020\/10\/dieselskandal-fahrzeuge-768x439.jpg",768,439,true],"large":["https:\/\/ru.law\/wp-content\/uploads\/2020\/10\/dieselskandal-fahrzeuge-1024x585.jpg",1024,585,true],"1536x1536":["https:\/\/ru.law\/wp-content\/uploads\/2020\/10\/dieselskandal-fahrzeuge.jpg",1400,800,false],"2048x2048":["https:\/\/ru.law\/wp-content\/uploads\/2020\/10\/dieselskandal-fahrzeuge.jpg",1400,800,false],"trp-custom-language-flag":["https:\/\/ru.law\/wp-content\/uploads\/2020\/10\/dieselskandal-fahrzeuge.jpg",18,10,false]},"uagb_author_info":{"display_name":"ommatic","author_link":"https:\/\/ru.law\/nl\/author\/ommatic\/"},"uagb_comment_info":0,"uagb_excerpt":"Kanzlei f\u00fcr niederl\u00e4ndisch deutsche Gesch\u00e4ftsbeziehungenRechtsanw\u00e4lte mit Erfahrung und Expertise Ihr Partner f\u00fcr niederl\u00e4ndische Unternehmen in Deutschland M\u00f6chten Sie als niederl\u00e4ndisches Unternehmen in Deutschland eine GmbH [&hellip;]","_links":{"self":[{"href":"https:\/\/ru.law\/nl\/wp-json\/wp\/v2\/pages\/86081","targetHints":{"allow":["GET"]}}],"collection":[{"href":"https:\/\/ru.law\/nl\/wp-json\/wp\/v2\/pages"}],"about":[{"href":"https:\/\/ru.law\/nl\/wp-json\/wp\/v2\/types\/page"}],"author":[{"embeddable":true,"href":"https:\/\/ru.law\/nl\/wp-json\/wp\/v2\/users\/54"}],"replies":[{"embeddable":true,"href":"https:\/\/ru.law\/nl\/wp-json\/wp\/v2\/comments?post=86081"}],"version-history":[{"count":0,"href":"https:\/\/ru.law\/nl\/wp-json\/wp\/v2\/pages\/86081\/revisions"}],"wp:featuredmedia":[{"embeddable":true,"href":"https:\/\/ru.law\/nl\/wp-json\/wp\/v2\/media\/8591"}],"wp:attachment":[{"href":"https:\/\/ru.law\/nl\/wp-json\/wp\/v2\/media?parent=86081"}],"curies":[{"name":"wp","href":"https:\/\/api.w.org\/{rel}","templated":true}]}}