{"id":81420,"date":"2024-10-25T12:36:16","date_gmt":"2024-10-25T10:36:16","guid":{"rendered":"https:\/\/ru.law\/?page_id=81420"},"modified":"2026-04-08T10:01:41","modified_gmt":"2026-04-08T08:01:41","slug":"automotive","status":"publish","type":"page","link":"https:\/\/ru.law\/nl\/expertise\/automotive\/","title":{"rendered":"Automobiel"},"content":{"rendered":"<div class=\"wp-block-uagb-container uagb-block-13bb96a3 alignfull uagb-is-root-container\"><div class=\"uagb-container__video-wrap\"><video autoplay loop muted playsinline><source src=\"https:\/\/ru.law\/wp-content\/uploads\/2021\/05\/RU-AS-Webseite-Video-Abgas.mp4\" type=\"video\/mp4\"\/><\/video><\/div><div class=\"uagb-container-inner-blocks-wrap\">\n<div class=\"wp-block-group is-content-justification-left is-layout-constrained wp-container-core-group-is-layout-8b4c372c wp-block-group-is-layout-constrained\"><div class=\"wp-block-group__inner-container\">\n<h1 class=\"wp-block-heading videoheadline\" id=\"h-rechtsanwaltskanzlei-fur-verbraucher-im-bereich-automotive\">advocatenkantoor voor consumenten <br><strong>in de automobielsector<\/strong><\/h1>\n\n\n\n<div class=\"wp-block-buttons ghostkit-custom-1WOoXe is-layout-flex wp-block-buttons-is-layout-flex\">\n<div class=\"wp-block-button hideOnDesktop\"><a class=\"wp-block-button__link wp-element-button\" href=\"#erstberatung\">eerste telefonisch consult<\/a><\/div>\n<\/div>\n<\/div><\/div>\n<\/div><\/div>\n\n\n\n<div class=\"wp-block-uagb-container uagb-block-bd558900 alignfull uagb-is-root-container\"><div class=\"uagb-container-inner-blocks-wrap\">\n<div class=\"wp-block-columns is-layout-flex wp-container-core-columns-is-layout-c2d6fa21 wp-block-columns-is-layout-flex\">\n<div class=\"wp-block-column is-layout-flow wp-block-column-is-layout-flow\" style=\"flex-basis:66.66%\">\n<h2 class=\"wp-block-heading\" id=\"h-gehen-sie-jetzt-gegen-fahrzeughersteller-oder-handler-vor\">Onderneem nu actie tegen voertuigfabrikanten of -dealers!<\/h2>\n\n\n\n<p>De auto-industrie verandert voortdurend en dat geldt ook voor uw rechten als consument. <\/p>\n\n\n\n<p>Ontdek belangrijke onderwerpen zoals: <a href=\"https:\/\/ru.law\/nl\/verkehrsrecht-bmw-ruckruf-bremsen\/\">terugroepactie van BMW-remmen<\/a>, dem <a href=\"https:\/\/ru.law\/nl\/tesla-waechtermodus\/\">gegevensbeschermingswet<\/a>, de uitdagingen van elektrische voertuigen en hybride voertuigen en uw opties voor <a href=\"https:\/\/ru.law\/nl\/leasing-und-mietwagen-rueckgabe\/\">teruggave van leaseauto&#039;s<\/a>. Ook in het kader van het dieselschandaal staan wij voor u klaar om u te helpen uw claims kracht bij te zetten.<\/p>\n\n\n\n<p>Ook u kunt vertrouwen op de deskundigheid en assertiviteit van R&amp;U-advocaten. <strong>Tijdens het eerste telefonische consult gaan wij voor u na of uw voertuig onder een van de claims valt en adviseren wij u individueel over de beste handelwijze.<\/strong> Maak nu geheel vrijblijvend uw gewenste afspraak.<\/p>\n\n\n\n<p>Wij volgen de actuele ontwikkelingen op de voet en zetten ons in voor uw behoeften!<\/p>\n<\/div>\n\n\n\n<div class=\"wp-block-column uag-hide-mob is-layout-flow wp-block-column-is-layout-flow\" style=\"padding-right:70px;padding-left:70px;flex-basis:33.33%\">\n<div class=\"wp-block-group stoerer has-background is-layout-constrained wp-block-group-is-layout-constrained\" style=\"border-radius:400px;background-color:#bc133e;min-height:250px;margin-top:-150px\"><div class=\"wp-block-group__inner-container\">\n<p class=\"has-text-align-center has-ast-global-color-5-color has-text-color has-link-color wp-elements-f03051db45e4a2630ecdad8f33b8844e\" style=\"padding-top:75px;padding-bottom:75px;font-size:28px;line-height:1.3\">Wij stellen in <br><strong>uw eisen <\/strong><br>door.<\/p>\n<\/div><\/div>\n<\/div>\n<\/div>\n<\/div><\/div>\n\n\n\n<div class=\"wp-block-uagb-container uagb-block-c7e8fe4e alignfull uagb-is-root-container\"><div class=\"uagb-container-inner-blocks-wrap\">\n<h2 class=\"wp-block-heading has-text-align-center ghostkit-custom-ZLUNvQ\" id=\"h-aktuelle-themen-im-automotive-bereich\">Actuele thema&#039;s in de automobielsector<\/h2>\n\n\n\n<div class=\"wp-block-columns ghostkit-custom-Z1cbwsF is-layout-flex wp-container-core-columns-is-layout-c357d376 wp-block-columns-is-layout-flex\" style=\"margin-bottom:20px\">\n<div class=\"wp-block-column pictureBox has-ast-global-color-4-background-color has-background is-layout-flow wp-block-column-is-layout-flow\">\n<figure class=\"wp-block-image size-full\"><a href=\"#BMW-Bremsen-R\u00fcckruf\"><img loading=\"lazy\" decoding=\"async\" width=\"2560\" height=\"1435\" src=\"https:\/\/ru.law\/wp-content\/uploads\/2024\/10\/AdobeStock_716130854-scaled.jpeg\" alt=\"\" class=\"wp-image-81326\" srcset=\"https:\/\/ru.law\/wp-content\/uploads\/2024\/10\/AdobeStock_716130854-scaled.jpeg 2560w, https:\/\/ru.law\/wp-content\/uploads\/2024\/10\/AdobeStock_716130854-768x430.jpeg 768w, https:\/\/ru.law\/wp-content\/uploads\/2024\/10\/AdobeStock_716130854-1536x861.jpeg 1536w, https:\/\/ru.law\/wp-content\/uploads\/2024\/10\/AdobeStock_716130854-2048x1148.jpeg 2048w\" sizes=\"auto, (max-width: 2560px) 100vw, 2560px\" \/><\/a><figcaption class=\"wp-element-caption\"><strong>Terugroepactie remmen BMW<\/strong><\/figcaption><\/figure>\n<\/div>\n\n\n\n<div class=\"wp-block-column pictureBox has-ast-global-color-4-background-color has-background is-layout-flow wp-block-column-is-layout-flow\">\n<figure class=\"wp-block-image size-full\"><a href=\"#leasing\"><img loading=\"lazy\" decoding=\"async\" width=\"768\" height=\"433\" src=\"https:\/\/ru.law\/wp-content\/uploads\/2022\/05\/Leasing-Mietwagen-Rueckgabe.jpg\" alt=\"\" class=\"wp-image-30451\" srcset=\"https:\/\/ru.law\/wp-content\/uploads\/2022\/05\/Leasing-Mietwagen-Rueckgabe.jpg 768w, https:\/\/ru.law\/wp-content\/uploads\/2022\/05\/Leasing-Mietwagen-Rueckgabe-300x169.jpg 300w\" sizes=\"auto, (max-width: 768px) 100vw, 768px\" \/><\/a><figcaption class=\"wp-element-caption\"><strong>leaseauto inleveren<\/strong><\/figcaption><\/figure>\n<\/div>\n<\/div>\n\n\n\n<div class=\"wp-block-columns ghostkit-custom-Z1cbwsF is-layout-flex wp-container-core-columns-is-layout-c357d376 wp-block-columns-is-layout-flex\" style=\"margin-bottom:20px\">\n<div class=\"wp-block-column pictureBox ghostkit-custom-VeXUw has-ast-global-color-4-background-color has-background is-layout-flow wp-block-column-is-layout-flow\">\n<figure class=\"wp-block-image size-full\"><a href=\"#Abgasskandal\"><img loading=\"lazy\" decoding=\"async\" width=\"1024\" height=\"600\" src=\"https:\/\/ru.law\/wp-content\/uploads\/2023\/06\/rogert-ulbrich-kanzlei-diesel-abgasskandal-klage.png\" alt=\"\" class=\"wp-image-54102\" srcset=\"https:\/\/ru.law\/wp-content\/uploads\/2023\/06\/rogert-ulbrich-kanzlei-diesel-abgasskandal-klage.png 1024w, https:\/\/ru.law\/wp-content\/uploads\/2023\/06\/rogert-ulbrich-kanzlei-diesel-abgasskandal-klage-768x450.png 768w\" sizes=\"auto, (max-width: 1024px) 100vw, 1024px\" \/><\/a><figcaption class=\"wp-element-caption\">emissieschandaal<\/figcaption><\/figure>\n<\/div>\n\n\n\n<div class=\"wp-block-column pictureBox has-ast-global-color-4-background-color has-background is-layout-flow wp-block-column-is-layout-flow\">\n<figure class=\"wp-block-image size-full\"><a href=\"#plug-in-hybride-elektrofahrzeuge-und-verbrenner\"><img loading=\"lazy\" decoding=\"async\" width=\"1024\" height=\"600\" src=\"https:\/\/ru.law\/wp-content\/uploads\/2023\/12\/rechtsanwalt-marco-rogert-tobias-ulbrich-kanzlei-elektroauto-eauto-foerderung20.png\" alt=\"F\u00f6rderantrag Zulassung Umweltbonus-Programm Elektromobilit\u00e4t\" class=\"wp-image-72156\" style=\"object-fit:cover\" srcset=\"https:\/\/ru.law\/wp-content\/uploads\/2023\/12\/rechtsanwalt-marco-rogert-tobias-ulbrich-kanzlei-elektroauto-eauto-foerderung20.png 1024w, https:\/\/ru.law\/wp-content\/uploads\/2023\/12\/rechtsanwalt-marco-rogert-tobias-ulbrich-kanzlei-elektroauto-eauto-foerderung20-768x450.png 768w\" sizes=\"auto, (max-width: 1024px) 100vw, 1024px\" \/><\/a><figcaption class=\"wp-element-caption\"><strong>Hybride en elektrische voertuigen<\/strong><\/figcaption><\/figure>\n<\/div>\n<\/div>\n<\/div><\/div>\n\n\n\n<div id=\"schritte\" class=\"wp-block-uagb-container uagb-block-ae38dfcc alignfull uagb-is-root-container\"><div class=\"uagb-container-inner-blocks-wrap\">\n<h2 class=\"wp-block-heading has-ast-global-color-5-color has-text-color has-link-color wp-elements-34ddaf2dbea25c7f45ebe42125a11ccc\" id=\"h-in-nur-3-schritten-zur-entschadigung-einfach-bequem-amp-schnell-wir-setzten-ihr-recht-durch\">Compensatie in slechts 3 stappen<br><em>Eenvoudig, handig en snel \u2013 wij handhaven uw rechten.<\/em><\/h2>\n\n\n\n<div class=\"wp-block-columns is-layout-flex wp-container-core-columns-is-layout-c2d6fa21 wp-block-columns-is-layout-flex\">\n<div class=\"wp-block-column home-expert is-layout-flow wp-block-column-is-layout-flow\">\n<h3 class=\"wp-block-heading ghostkit-custom-1e5Eru has-ast-global-color-5-color has-text-color has-link-color wp-elements-35b23843d29c2ee8f0b9cf386e666364\" id=\"h-beauftragung\">inbedrijfstelling<\/h3>\n\n\n\n<p class=\"has-text-align-left has-ast-global-color-5-color has-text-color has-link-color wp-elements-d02cae5d63662bbc7a27a7e9dc49340a\">Geef ons uw mandaat eenvoudig en gemakkelijk via het online formulier, gewoon vanuit huis.<\/p>\n\n\n\n<span class=\"stepCount\">1<\/span>\n<\/div>\n\n\n\n<div class=\"wp-block-column home-expert is-layout-flow wp-block-column-is-layout-flow\">\n<h3 class=\"wp-block-heading ghostkit-custom-26ThBD has-ast-global-color-5-color has-text-color has-link-color wp-elements-fd6f7080ba6218bb0f41c170802909a1\" id=\"h-klage-amp-prozess\">rechtszaak en proces<\/h3>\n\n\n\n<p class=\"has-ast-global-color-5-color has-text-color has-link-color wp-elements-32ec89fd71af964f09ecc5fb6f3de1f9\">Wij regelen alle verdere stappen voor u. Leun achterover en ontspan.<\/p>\n\n\n\n<span class=\"stepCount\">2<\/span>\n<\/div>\n\n\n\n<div class=\"wp-block-column home-expert is-layout-flow wp-block-column-is-layout-flow\">\n<h3 class=\"wp-block-heading ghostkit-custom-trLB1 has-ast-global-color-5-color has-text-color has-link-color wp-elements-ea8f92eea1af02b9c3d4088d87297369\" id=\"h-entschadigung\">Compensatie<\/h3>\n\n\n\n<p class=\"has-text-align-left has-ast-global-color-5-color has-text-color has-link-color wp-elements-a5f9b31439424b0236b75a96422af1d4\">U ontvangt de vergoeding direct op uw rekening en kunt uw succes vieren.<\/p>\n\n\n\n<span class=\"stepCount\">3<\/span>\n<\/div>\n<\/div>\n<\/div><\/div>\n\n\n\n<div id=\"BMW-Bremsen-R\u00fcckruf\" class=\"wp-block-uagb-container uagb-block-93fc0172 alignfull uagb-is-root-container\"><div class=\"uagb-container-inner-blocks-wrap\">\n<h2 class=\"wp-block-heading\" id=\"h-bmw-bremsen-ruckruf\">Terugroepactie remmen BMW<\/h2>\n\n\n\n<p class=\"has-text-align-left\">Op 20 oktober 2024 vond er een ernstig verkeersongeval plaats <a href=\"https:\/\/ru.law\/nl\/millionen-rueckruf-bei-bmw-klage-eines-mannes-nach-schwerem-unfall\/\">gemeld met een BMW X7<\/a>, die onlangs werd teruggeroepen vanwege een storing in het remsysteem. De bestuurder, die de auto pas een paar maanden eerder had gekocht, moest tijdens een rit plotseling en onverwachts de remkracht drastisch verhogen omdat het antiblokkeersysteem (ABS) en de dynamische stabiliteitscontrole (DSC) waren uitgevallen. Ondanks een grotere remkracht en een remweg van ongeveer 200 meter vond er een botsing met een ander voertuig plaats. Hoewel het voertuig niet rijdbaar was vanwege een mobiliteitsgarantie, verwees BMW de bestuurder naar het openbaar vervoer, zonder direct een oplossing te bieden. <strong>Pas drie dagen na het ongeval ontving de bestuurder de terugroepactie en de informatie dat ABS en DSC mogelijk zouden uitvallen.<\/strong><\/p>\n\n\n\n<p class=\"has-text-align-left\">Na navraag bij een gerenommeerd dagblad concludeerde BMW dat er geen defecten waren in het remsysteem. Later werd echter bevestigd dat de <strong>voertuig had een systeemstoring<\/strong> en het ge\u00efntegreerde remsysteem (IBS) moet worden vervangen. Deze tegenstrijdigheden roepen vragen op over de transparantie en verantwoordelijkheid van BMW. Als reactie op de incidenten kondigde BMW een <strong>leveringsstop voor ongeveer 400.000 voertuigen<\/strong> die pas geleverd worden na een software-update en eventueel vervanging van het remsysteem. Dit kan enkele maanden duren.<\/p>\n\n\n\n<div class=\"wp-block-columns is-layout-flex wp-container-core-columns-is-layout-c2d6fa21 wp-block-columns-is-layout-flex\">\n<div class=\"wp-block-column is-layout-flow wp-block-column-is-layout-flow\">\n<h3 class=\"wp-block-heading\" id=\"h-rechte-der-bmw-kunden\">rechten van BMW-klanten<\/h3>\n\n\n\n<p>Betrokken klanten dienen zich ervan bewust te zijn dat voor nieuwe auto&#039;s onder de <strong>wettelijke aansprakelijkheid voor materi\u00eble gebreken<\/strong> die twee jaar geldig is vanaf de aankoopdatum. Garantieclaims voor voertuigen die in 2022 zijn gekocht, vervallen eind 2024. <\/p>\n\n\n\n<p>Kopers hebben het recht om <strong>afname <\/strong>of <strong>terugtrekking uit het koopcontract<\/strong> en kan, in geval van nalatigheid, ook schadevergoeding eisen. Er bestaat echter geen recht op een vervangend voertuig als de auto voor een langere periode in de werkplaats blijft staan. <\/p>\n\n\n\n<p>Rechtbanken geven consumenten doorgaans het recht om het voertuig terug te geven, onder aftrek van de compensatie voor het gebruik, of om schadevergoeding toe te kennen. Momenteel bezig met het overnemen <strong>alle rechtsbijstandverzekeringen<\/strong> in Duitsland de kosten, op voorwaarde dat er op het moment van aankoop een overeenkomstige overeenkomst is gesloten.<\/p>\n<\/div>\n\n\n\n<div class=\"wp-block-column is-vertically-aligned-bottom is-layout-flow wp-block-column-is-layout-flow\">\n<figure class=\"wp-block-image size-full\"><img loading=\"lazy\" decoding=\"async\" width=\"1280\" height=\"853\" src=\"https:\/\/ru.law\/wp-content\/uploads\/2024\/10\/Bremsen.jpeg\" alt=\"BMW R\u00fcckruf Bremsen\" class=\"wp-image-81422\" style=\"box-shadow:var(--wp--preset--shadow--deep)\" srcset=\"https:\/\/ru.law\/wp-content\/uploads\/2024\/10\/Bremsen.jpeg 1280w, https:\/\/ru.law\/wp-content\/uploads\/2024\/10\/Bremsen-768x512.jpeg 768w\" sizes=\"auto, (max-width: 1280px) 100vw, 1280px\" \/><\/figure>\n<\/div>\n<\/div>\n\n\n\n<div class=\"wp-block-buttons ghostkit-custom-1WOoXe is-layout-flex wp-block-buttons-is-layout-flex\" style=\"margin-top:40px\">\n<div class=\"wp-block-button\"><a class=\"wp-block-button__link wp-element-button\" href=\"https:\/\/ru.law\/nl\/verkehrsrecht-bmw-ruckruf-bremsen\/#erstberatung\">Direct naar de online bestelling<\/a><\/div>\n\n\n\n<div class=\"wp-block-button cta__secondary CQlead\"><a class=\"wp-block-button__link wp-element-button\" href=\"https:\/\/ru.law\/nl\/verkehrsrecht-bmw-ruckruf-bremsen\/\">Meer informatie<\/a><\/div>\n<\/div>\n<\/div><\/div>\n\n\n\n<div id=\"bgh\" class=\"wp-block-uagb-container uagb-block-27f23f3a alignfull uagb-is-root-container\"><div class=\"uagb-container-inner-blocks-wrap\">\n<div class=\"wp-block-columns is-layout-flex wp-container-core-columns-is-layout-c2d6fa21 wp-block-columns-is-layout-flex\">\n<div class=\"wp-block-column is-layout-flow wp-block-column-is-layout-flow\">\n<p class=\"has-text-align-left ghostkit-custom-28rcX\"><mark style=\"background-color:#bc133e\" class=\"has-inline-color has-ast-global-color-5-color\">HNA-nummer | 25 oktober 2024<\/mark><\/p>\n\n\n\n<h3 class=\"wp-block-heading has-text-align-left has-ast-global-color-5-color has-text-color has-link-color wp-elements-dfe8d76cd5aa5a8258cab6ee6a908f4b\" id=\"der-eu-gerichtshof-erleichtert-klagen\">Problemen met remsysteem: rechtszaak tegen BMW na ongeval met terugroepmodel<\/h3>\n\n\n\n<p class=\"has-text-align-left has-ast-global-color-5-color has-text-color\">BMW moet in totaal 1,5 miljoen voertuigen terugroepen vanwege remproblemen. In sommige gevallen vertoont het ge\u00efntegreerde remsysteem signaalstoringen die de werking van het antiblokkeersysteem (ABS) en de dynamische stabiliteitscontrole (DSC) belemmeren. Hoewel de remprestaties over het algemeen conform de wet zijn, is een inspectie van alle betrokken voertuigen nog steeds noodzakelijk. Deze terugroepactie zal naar verwachting leiden tot aanzienlijke garantiekosten en heeft nu al gevolgen voor de aandelenkoersen van BMW en haar toeleverancier Continental.<\/p>\n\n\n\n<div class=\"wp-block-buttons ghostkit-custom-wOSxC is-horizontal is-content-justification-right is-layout-flex wp-container-core-buttons-is-layout-30af2ff6 wp-block-buttons-is-layout-flex\">\n<div class=\"wp-block-button\"><a class=\"wp-block-button__link wp-element-button\" href=\"https:\/\/www.hna.de\/wirtschaft\/probleme-mit-bremssystem-klage-gegen-bmw-nach-unfall-mit-rueckruf-modell-zr-93371317.html\" target=\"_blank\" rel=\"noreferrer noopener\">Naar het artikel op HNA<\/a><\/div>\n<\/div>\n<\/div>\n<\/div>\n<\/div><\/div>\n\n\n\n<div class=\"wp-block-uagb-container uagb-block-61a10f3a alignfull uagb-is-root-container\"><div class=\"uagb-container-inner-blocks-wrap\">\n<div class=\"wp-block-columns is-layout-flex wp-container-core-columns-is-layout-c2d6fa21 wp-block-columns-is-layout-flex\">\n<div class=\"wp-block-column is-vertically-aligned-bottom ghostkit-custom-2pmilQ is-layout-flow wp-block-column-is-layout-flow\" style=\"flex-basis:33%\">\n<!-- ProvenExpert Bewertungssiegel -->\n<a href=\"https:\/\/www.provenexpert.com\/rogert-ulbrich-rechtsanwaelte-in-partnerschaft-mbb\/?utm_source=Widget&amp;utm_medium=Widget&amp;utm_campaign=Widget\" title=\"Klantbeoordelingen en ervaringen van Rogert &amp; Ulbrich Rechtsanw\u00e4lte in Partnerschaft mbB. Meer info tonen.\" target=\"_blank\" style=\"text-decoration:none\" class=\"hasshadow\" rel=\"noopener\"><img loading=\"lazy\" decoding=\"async\" src=\"https:\/\/images.provenexpert.com\/5d\/6f\/1139f844bfdcdb06da302ff1981d\/widget_portrait_230_de_0.png\" alt=\"Erfahrungen &amp; Bewertungen zu Rogert &amp; Ulbrich Rechtsanw\u00e4lte in Partnerschaft mbB\" width=\"230\" height=\"276\" style=\"border:0\"><\/a>\n<!-- ProvenExpert Bewertungssiegel -->\n\n\n\n<p><\/p>\n<\/div>\n\n\n\n<div class=\"wp-block-column is-vertically-aligned-center is-layout-flow wp-block-column-is-layout-flow\" style=\"flex-basis:66%\">\n<h3 class=\"wp-block-heading\" id=\"von-unseren-mandanten-ausgezeichnet\">Toegekend door onze klanten<\/h3>\n\n\n\n<p id=\"h-wir-freuen-uns-ber-top-bewertungen-eine-hohe-kundenzufriedenheit\">Wij zijn blij met de hoge beoordelingen en de hoge klanttevredenheid.<\/p>\n\n\n\n<ul style=\"margin-left:20px\" class=\"wp-block-list\">\n<li>Vrijblijvend eerste consult<\/li>\n\n\n\n<li>professionele en competente advocaten<\/li>\n\n\n\n<li>eersteklas en vlotte ondersteuning<\/li>\n\n\n\n<li>volledige transparantie en toegang tot alle documenten op elk moment<\/li>\n\n\n\n<li>zeer goede bereikbaarheid, telefonisch en per e-mail<\/li>\n<\/ul>\n<\/div>\n<\/div>\n<\/div><\/div>\n\n\n\n<div id=\"plug-in-hybride-elektrofahrzeuge-und-verbrenner\" class=\"wp-block-uagb-container uagb-block-1e0650c3 alignfull uagb-is-root-container\"><div class=\"uagb-container-inner-blocks-wrap\">\n<h2 class=\"wp-block-heading\" id=\"h-plug-in-hybride-elektrofahrzeuge-und-verbrenner\">Plug-in hybrides, elektrische voertuigen en verbrandingsmotoren<\/h2>\n\n\n\n<div class=\"wp-block-columns is-layout-flex wp-container-core-columns-is-layout-c2d6fa21 wp-block-columns-is-layout-flex\">\n<div class=\"wp-block-column is-layout-flow wp-block-column-is-layout-flow\">\n<h3 class=\"wp-block-heading has-text-align-left\" id=\"der-eu-gerichtshof-erleichtert-klagen\">Afwijkingen in brandstofverbruik of actieradius<\/h3>\n\n\n\n<p class=\"has-text-align-left\">Veel voertuigen, met name plug-in hybrides, vertonen aanzienlijke <a href=\"https:\/\/ru.law\/nl\/expertise\/automotive\/tesla-maengel-ansprueche-auf-schadensersatz-geltend-machen\/\">Afwijkingen <\/a>Een verschil tussen het opgegeven en het werkelijke brandstofverbruik kan worden beschouwd als een gebrek, waardoor kopers wettelijk recht hebben op reparatie, prijsverlaging of ontbinding van het koopcontract. Het is belangrijk om te weten dat een aanzienlijk hoger verbruik van meer dan 10 procent vereist is om deze claims met succes te kunnen indienen. Dergelijk overmatig verbruik kan in de loop der jaren aanzienlijke financi\u00eble lasten voor voertuigbezitters met zich meebrengen.<\/p>\n<\/div>\n\n\n\n<div class=\"wp-block-column is-layout-flow wp-block-column-is-layout-flow\">\n<h3 class=\"wp-block-heading\" id=\"h-rechte-der-kaufer\">Rechten van kopers<\/h3>\n\n\n\n<p>Getroffen kopers hebben verschillende opties als hun voertuig meer brandstof verbruikt dan geadverteerd. Je kan <strong>reparaties <\/strong>of de <strong>levering van een vervangend voertuig<\/strong> vraag. A <strong>terugtrekking uit het koopcontract<\/strong> is ook mogelijk indien het extra verbruik als aanzienlijk wordt beschouwd. Kopers hebben ook het recht om de koopprijs te verlagen, <strong>zelfs als het extra verbruik minder dan 10 procent bedraagt<\/strong>. Daarnaast bestaat de mogelijkheid om schadevergoeding te eisen indien n<strong>aantoonbare schade door overmatig verbruik<\/strong> zijn ontstaan. Het werkelijke verbruik dient door een deskundige te worden gecontroleerd om te bepalen of de informatie van de fabrikant correct is.<\/p>\n<\/div>\n<\/div>\n<\/div><\/div>\n\n\n\n<div id=\"bgh\" class=\"wp-block-uagb-container uagb-block-b5422748 alignfull uagb-is-root-container\"><div class=\"uagb-container-inner-blocks-wrap\">\n<div class=\"wp-block-columns is-layout-flex wp-container-core-columns-is-layout-c2d6fa21 wp-block-columns-is-layout-flex\">\n<div class=\"wp-block-column is-layout-flow wp-block-column-is-layout-flow\">\n<p class=\"has-text-align-left ghostkit-custom-28rcX\"><mark style=\"background-color:#bc133e\" class=\"has-inline-color has-ast-global-color-5-color\">FOCUS online | 23 april 2024<\/mark><\/p>\n\n\n\n<h3 class=\"wp-block-heading has-text-align-left has-ast-global-color-5-color has-text-color has-link-color wp-elements-983f3a3d07891565a870d5f7daaca819\" id=\"der-eu-gerichtshof-erleichtert-klagen\">Is uw auto sjoemelend met het brandstofverbruik? <br>Je moet de \u201c10 procent regel\u201d kennen<\/h3>\n\n\n\n<p class=\"has-text-align-left has-ast-global-color-5-color has-text-color\">Plug-in hybrides en andere voertuigen verbruiken vaak meer dan het opgegeven brandstofverbruik. Indien het verbruik meer dan 10 procent bedraagt, kan de koper een wettelijke claim indienen voor reparatie, intrekking of vermindering.<\/p>\n\n\n\n<div class=\"wp-block-buttons is-horizontal is-content-justification-right is-layout-flex wp-container-core-buttons-is-layout-30af2ff6 wp-block-buttons-is-layout-flex\">\n<div class=\"wp-block-button\"><a class=\"wp-block-button__link wp-element-button\" href=\"https:\/\/www.focus.de\/auto\/experten\/rogert\/e-autos-hybride-verbrenner-ihr-auto-trickst-beim-verbrauch-diese-rechte-haben-sie_id_259876751.html\">Naar het artikel op FOCUS online<\/a><\/div>\n<\/div>\n<\/div>\n<\/div>\n<\/div><\/div>\n\n\n\n<div class=\"wp-block-uagb-container uagb-block-15666bd8 alignfull uagb-is-root-container\"><div class=\"uagb-container-inner-blocks-wrap\">\n<h2 class=\"wp-block-heading has-text-align-left\" id=\"h-wir-sind-jederzeit-fur-sie-da\">Wij zijn er altijd voor u<\/h2>\n\n\n\n<p class=\"has-text-align-left\">Heeft u een vraag? Bel of schrijf ons dan gerust vrijblijvend. Ons professionele R&amp;U-advocatenteam analyseert uw zaak en adviseert u telefonisch. uitgebreid en objectief. Maak eenvoudig en veilig gebruik van onze service vanuit huis.<\/p>\n\n\n\n<div class=\"wp-block-columns is-layout-flex wp-container-core-columns-is-layout-12ca2eb4 wp-block-columns-is-layout-flex\" style=\"padding-right:0px;padding-left:0px\">\n<div class=\"wp-block-column has-ast-global-color-5-background-color has-background is-layout-flow wp-block-column-is-layout-flow\" style=\"padding-top:40px;padding-right:20px;padding-bottom:40px;padding-left:20px\">\n<h3 class=\"wp-block-heading ghostkit-custom-Ffc1H\" id=\"telefon\">Bel ons <\/h3>\n\n\n\n<p id=\"h-wir-beraten-sie-kompetent-zuverl-ssig\">Onze R&amp;U-advocaten adviseren u deskundig en betrouwbaar.<\/p>\n\n\n\n<div class=\"wp-block-buttons alignwide ghostkit-custom-Z1ekQWb is-horizontal is-content-justification-left is-layout-flex wp-container-core-buttons-is-layout-20be11b6 wp-block-buttons-is-layout-flex\">\n<div class=\"wp-block-button ga_phone contactButton ghostkit-custom-1nGh1H\"><a class=\"wp-block-button__link wp-element-button\" href=\"tel:+49 211 819770\"><strong>+49 (0)211 \/ 819770<\/strong><\/a><\/div>\n<\/div>\n<\/div>\n\n\n\n<div class=\"wp-block-column has-ast-global-color-5-background-color has-background is-layout-flow wp-block-column-is-layout-flow\" style=\"padding-top:40px;padding-right:20px;padding-bottom:40px;padding-left:20px\">\n<h3 class=\"wp-block-heading ghostkit-custom-ZuFWDT\" id=\"h-schreiben-sie-uns\">Schrijf ons<\/h3>\n\n\n\n<p>Wij beantwoorden uw vragen vakkundig en juridisch.<\/p>\n\n\n\n<div class=\"wp-block-buttons ghostkit-custom-1Ngk7g is-horizontal is-content-justification-left is-layout-flex wp-container-core-buttons-is-layout-20be11b6 wp-block-buttons-is-layout-flex\">\n<div class=\"wp-block-button contactButton ghostkit-custom-ZsiJYV\"><a class=\"wp-block-button__link wp-element-button\" href=\"mailto:office@ru.law\"><strong>office@ru.law<\/strong><\/a><\/div>\n<\/div>\n<\/div>\n\n\n\n<div class=\"wp-block-column has-ast-global-color-5-background-color has-background is-layout-flow wp-block-column-is-layout-flow\" style=\"padding-top:40px;padding-right:20px;padding-bottom:40px;padding-left:20px\">\n<h3 class=\"wp-block-heading ghostkit-custom-ZBQFEq\" id=\"h-schicken-sie-uns-ein-fax\">Stuur ons een fax<\/h3>\n\n\n\n<p>Wij verheugen ons op uw aanvraag en nemen zo spoedig mogelijk contact met u op.<\/p>\n\n\n\n<div class=\"wp-block-buttons ghostkit-custom-1jsQBg is-horizontal is-content-justification-left is-layout-flex wp-container-core-buttons-is-layout-20be11b6 wp-block-buttons-is-layout-flex\">\n<div class=\"wp-block-button contactButton ghostkit-custom-Z1Tcv3R\"><a class=\"wp-block-button__link wp-element-button\" href=\"fax: +49 (0)211 \/ 81977199\"><strong>+49 (0)211 \/ 81977199<\/strong><\/a><\/div>\n<\/div>\n<\/div>\n<\/div>\n<\/div><\/div>\n\n\n\n<div id=\"Abgasskandal\" class=\"wp-block-uagb-container uagb-block-9b9f998b alignfull uagb-is-root-container\"><div class=\"uagb-container-inner-blocks-wrap\">\n<h2 class=\"wp-block-heading\" id=\"h-abgasskandal\">emissieschandaal<\/h2>\n\n\n\n<h3 class=\"wp-block-heading has-text-align-left ghostkit-custom-1xHJH4\" id=\"h-der-dieselabgasskandal-auch-dieselgate-genannt-ist-der-grosste-umwelt-und-industrieskandal-der-jungeren-deutschen-geschichte\">Het dieselemissieschandaal \u2013 ook wel bekend als \u201cDieselgate\u201d \u2013 is het grootste milieu- en industrieschandaal in de recente Duitse geschiedenis.<\/h3>\n\n\n\n<div class=\"wp-block-columns is-layout-flex wp-container-core-columns-is-layout-c2d6fa21 wp-block-columns-is-layout-flex\">\n<div class=\"wp-block-column is-layout-flow wp-block-column-is-layout-flow\">\n<p class=\"has-text-align-left\">Het was niet de verantwoordelijke federale verkeersautoriteit, T\u00dcV, of DEKRA die het schandaal aan het licht bracht, ondanks hun voortdurende toezichtsverplichtingen en de voorgeschreven maatregelen. <a href=\"https:\/\/ru.law\/nl\/expertise\/abgasskandal\/\">Emissietests <\/a>Niet ontdekt door de Amerikaanse milieuagentschappen EPA en CARB, in samenwerking met het expertbureau ICCT.<\/p>\n\n\n\n<p>Het schandaal is gebaseerd op het feit dat de voertuigen van de Volkswagen Groep, maar ook die van andere fabrikanten, zijn uitgerust met manipulatie-instrumenten die illegaal zijn volgens de Europese en Amerikaanse wetgeving en die gebruikmaken van sluwe sensoren om te detecteren dat het voertuig op de testbank wordt getest.<\/p>\n<\/div>\n\n\n\n<div class=\"wp-block-column is-layout-flow wp-block-column-is-layout-flow\">\n<p><strong>In een testsituatie veranderen deze apparaten de uitlaatgassen zodanig dat de testers de illusie krijgen van een ogenschijnlijk schoon dieselvoertuig.<\/strong><\/p>\n\n\n\n<p>Wij laten u zien welke rechten u heeft en welke mogelijkheden u heeft om een rechtszaak aan te spannen. Tijdens ons eerste gesprek bepalen we wat de beste manier is om uw vordering in te dienen.<\/p>\n\n\n\n<p><strong>Rogert &amp; Ulbrich Advocaten<\/strong>&nbsp;zijn bereid om juridische ondersteuning te bieden aan getroffen consumenten en een&nbsp;<strong>professionele eerste beoordeling<\/strong>&nbsp;naar.<\/p>\n<\/div>\n<\/div>\n\n\n\n<div class=\"wp-block-buttons ghostkit-custom-1WOoXe is-layout-flex wp-block-buttons-is-layout-flex\" style=\"margin-top:40px\">\n<div class=\"wp-block-button\"><a class=\"wp-block-button__link wp-element-button\" href=\"https:\/\/ru.law\/nl\/expertise\/abgasskandal\/#erstberatung\">Direct naar de online bestelling<\/a><\/div>\n\n\n\n<div class=\"wp-block-button cta__secondary CQlead\"><a class=\"wp-block-button__link wp-element-button\" href=\"https:\/\/ru.law\/nl\/expertise\/abgasskandal\/#rechner\">Schade berekenen<\/a><\/div>\n<\/div>\n<\/div><\/div>\n\n\n\n<div id=\"bgh\" class=\"wp-block-uagb-container uagb-block-d9cffed6 alignfull uagb-is-root-container\"><div class=\"uagb-container-inner-blocks-wrap\">\n<div class=\"wp-block-columns is-layout-flex wp-container-core-columns-is-layout-c2d6fa21 wp-block-columns-is-layout-flex\">\n<div class=\"wp-block-column is-layout-flow wp-block-column-is-layout-flow\">\n<p class=\"has-text-align-left ghostkit-custom-28rcX\"><mark style=\"background-color:#bc133e\" class=\"has-inline-color has-ast-global-color-5-color\">FOCUS online | 29 maart 2023<\/mark><\/p>\n\n\n\n<h3 class=\"wp-block-heading has-text-align-left has-ast-global-color-5-color has-text-color has-link-color wp-elements-abc1caf4c7460437ec1e1540980a4ec7\" id=\"der-eu-gerichtshof-erleichtert-klagen\">Het Hof van Justitie van de EU maakt rechtszaken eenvoudiger <\/h3>\n\n\n\n<p class=\"has-text-align-left has-ast-global-color-5-color has-text-color\">Op 21 maart 2023 oordeelde het Hof van Justitie van de Europese Unie (HvJ-EU) dat autofabrikanten in principe ook aansprakelijk zijn voor nalatigheid bij overtredingen van de wet, zoals het gebruik van een manipulatie-instrument bij de reiniging van uitlaatgassen. Achtergrond: Vrijwel alle auto&#039;s met Euro 5 en sommige ook met Euro 6 hebben \u00e9\u00e9n of meerdere manipulatievoorzieningen. Met de baanbrekende uitspraak wordt de procedure voor het claimen van schadevergoeding of teruggave van het voertuig aan de fabrikant vereenvoudigd en versneld.<\/p>\n\n\n\n<div class=\"wp-block-buttons ghostkit-custom-1b3OpW is-horizontal is-content-justification-right is-layout-flex wp-container-core-buttons-is-layout-30af2ff6 wp-block-buttons-is-layout-flex\">\n<div class=\"wp-block-button\"><a class=\"wp-block-button__link wp-element-button\" href=\"https:\/\/www.focus.de\/auto\/experten\/rogert\/millionen-autos-betroffen-anwalt-zum-neuen-abgas-urteil-nach-dem-diesel-ist-der-benziner-dran_id_189641885.html\">Naar het artikel op FOCUS online<\/a><\/div>\n<\/div>\n<\/div>\n<\/div>\n<\/div><\/div>\n\n\n\n<div class=\"wp-block-uagb-container uagb-block-45666d6c alignfull uagb-is-root-container\"><div class=\"uagb-container__video-wrap\"><video autoplay loop muted playsinline><source src=\"https:\/\/ru.law\/wp-content\/uploads\/2021\/04\/rogert-ulbrich-rechtsanwalt-kanzlei-experte-mandant.mp4\" type=\"video\/mp4\"\/><\/video><\/div><div class=\"uagb-container-inner-blocks-wrap\">\n<div class=\"wp-block-columns is-layout-flex wp-container-core-columns-is-layout-28f84493 wp-block-columns-is-layout-flex\">\n<div class=\"wp-block-column is-layout-flow wp-block-column-is-layout-flow\">\n<p class=\"has-text-align-center has-text-shadow has-ast-global-color-5-color has-text-color has-link-color wp-elements-7d6a0b598814fffecc36d641add74c25\" style=\"margin-top:10px;margin-bottom:10px\">Meer dan<\/p>\n\n\n\n<p class=\"has-text-align-center has-text-shadow has-ast-global-color-5-color has-text-color has-link-color has-large-font-size wp-elements-d11fca26bbaddc44cf90c13b018f3381\" style=\"margin-top:0px;margin-bottom:0px\"><strong>40.000<\/strong><\/p>\n\n\n\n<p class=\"has-text-align-center has-text-shadow has-ast-global-color-5-color has-text-color has-link-color wp-elements-b1fdeb9e3b87f6d511ced729265122d7\" style=\"margin-top:10px;margin-bottom:10px\">mandaten aangenomen<\/p>\n<\/div>\n\n\n\n<div class=\"wp-block-column is-layout-flow wp-block-column-is-layout-flow\">\n<p class=\"has-text-align-center has-text-shadow has-ast-global-color-5-color has-text-color has-link-color wp-elements-f8933b474025a0d63fc2aaf8de7aaa47\" style=\"margin-top:10px;margin-bottom:10px\">Over<\/p>\n\n\n\n<p class=\"has-text-align-center has-text-shadow has-ast-global-color-5-color has-text-color has-link-color has-large-font-size wp-elements-3bb838661f621ffefa4b8433b599aa36\" style=\"margin-top:0px;margin-bottom:0px\"><strong>25.000<\/strong><\/p>\n\n\n\n<p class=\"has-text-align-center has-text-shadow has-ast-global-color-5-color has-text-color has-link-color wp-elements-dc6ace78cda3e14bf4458525c90bd2fe\" style=\"margin-top:10px;margin-bottom:10px\">rechtszaken aangespannen<\/p>\n<\/div>\n<\/div>\n<\/div><\/div>\n\n\n\n<div id=\"leasing\" class=\"wp-block-uagb-container uagb-block-9dfea417 alignfull uagb-is-root-container\"><div class=\"uagb-container-inner-blocks-wrap\">\n<h2 class=\"wp-block-heading\" id=\"h-leasing-amp-mietwagen-ruckgabe\">leasen &amp; huurauto inleveren<\/h2>\n\n\n\n<h3 class=\"wp-block-heading\" id=\"h-wehren-sie-sich-gegen-uberzogene-und-unberechtigte-nachzahlungsforderungen-bei-der-ruckgabe-von-leasing-fahrzeugen-und-mietwagen\">Verdedig u tegen buitensporige en onterechte eisen van bijbetaling bij het inleveren van lease- en huurauto&#039;s.<\/h3>\n\n\n\n<p>Er zijn verschillende aanbieders die klanten lokken met aantrekkelijke leaseaanbiedingen. Autofabrikanten zoals VW, BMW, Audi en Mercedes, maar ook gespecialiseerde bedrijven zoals Sixt\/Allane, ALD en AIL hebben leasing ontdekt als een lucratief bedrijfsmodel. Populaire soorten contracten zijn onder meer: <a href=\"#faq\">kilometer leasing<\/a> en dat <a href=\"#faq\">restwaarde leasing<\/a>. Ongeacht het type lease dat u kiest, zal de leasemaatschappij u bij het inleveren van de auto vaak een buitensporig hoge naheffingsaanslag voorleggen voor vermeende schade aan de auto. <\/p>\n\n\n\n<p>Autoverhuurbedrijven maken er ook graag gebruik van om kosten in rekening te brengen voor krassen, deuken en vlekken nadat de huurauto is teruggebracht. Hiervoor bent u niet verantwoordelijk.<\/p>\n\n\n\n<p>Dankzij onze ervaring kunt u de nabetalingsaanvraag van de lease- of huurautomaatschappij succesvol afwijzen. Stop dit oneerlijke bedrijfsmodel. Wij laten u zien hoe het werkt en bieden u uitgebreide ondersteuning.<\/p>\n\n\n\n<div class=\"wp-block-buttons ghostkit-custom-Z1sWuvJ is-layout-flex wp-block-buttons-is-layout-flex\">\n<div class=\"wp-block-button cta__secondary CQlead\"><a class=\"wp-block-button__link wp-element-button\" href=\"https:\/\/ru.law\/nl\/leasing-und-mietwagen-rueckgabe\/\">Meer informatie<\/a><\/div>\n<\/div>\n<\/div><\/div>\n\n\n\n<div class=\"wp-block-uagb-container uagb-block-d733580b alignfull uagb-is-root-container\"><div class=\"uagb-container-inner-blocks-wrap\">\n<div class=\"wp-block-columns is-layout-flex wp-container-core-columns-is-layout-c2d6fa21 wp-block-columns-is-layout-flex\">\n<div class=\"wp-block-column is-layout-flow wp-block-column-is-layout-flow\">\n<p class=\"has-text-align-right ghostkit-custom-Tz4wH has-ast-global-color-5-color has-text-color has-link-color wp-elements-2ec345a908c21ddbab89c36e8c7ca453\"><mark style=\"background-color:#bc133e\" class=\"has-inline-color has-ast-global-color-5-color\">\u201cWISO \u2013 Consumentenmagazine\u201d in de ZDF Mediathek:<\/mark><\/p>\n\n\n\n<h3 class=\"wp-block-heading has-text-align-right has-ast-global-color-5-color has-text-color has-link-color wp-elements-55d380b69bd0add5d67bcf180dfae1fd\" id=\"probleme-bei-leasing-ruckgabe\">Problemen met leaserendement<\/h3>\n\n\n\n<p class=\"has-text-align-right has-ast-global-color-5-color has-text-color\">Leasemaatschappijen stellen steeds vaker hoge eisen aan het inleveren van een leaseauto. Steenslag en normale slijtage zijn geen schade waarvoor de consument aansprakelijk is.<\/p>\n\n\n\n<div class=\"wp-block-buttons ghostkit-custom-Z24Qf40 is-horizontal is-content-justification-right is-layout-flex wp-container-core-buttons-is-layout-30af2ff6 wp-block-buttons-is-layout-flex\">\n<div class=\"wp-block-button\"><a class=\"wp-block-button__link wp-element-button\" href=\"https:\/\/www.zdf.de\/verbraucher\/wiso\/wiso-vom-16-september-2024-100.html\" target=\"_blank\" rel=\"noreferrer noopener\">Naar de video op de ZDF Mediathek<\/a><\/div>\n<\/div>\n<\/div>\n\n\n\n<div class=\"wp-block-column is-layout-flow wp-block-column-is-layout-flow\">\n<figure class=\"wp-block-image size-full\"><img loading=\"lazy\" decoding=\"async\" width=\"2870\" height=\"1620\" src=\"https:\/\/ru.law\/wp-content\/uploads\/2024\/09\/Bildschirmfoto-2024-09-16-um-21.21.03.png\" alt=\"Dr. Marco Rogert schildert, dass ein Muster bei \u00fcberh\u00f6hten Forderungen im Rahmen der Leasing-R\u00fcckgabe zu erkennen ist.\" class=\"wp-image-80619\" style=\"box-shadow:var(--wp--preset--shadow--deep)\" srcset=\"https:\/\/ru.law\/wp-content\/uploads\/2024\/09\/Bildschirmfoto-2024-09-16-um-21.21.03.png 2870w, https:\/\/ru.law\/wp-content\/uploads\/2024\/09\/Bildschirmfoto-2024-09-16-um-21.21.03-768x434.png 768w, https:\/\/ru.law\/wp-content\/uploads\/2024\/09\/Bildschirmfoto-2024-09-16-um-21.21.03-1536x867.png 1536w, https:\/\/ru.law\/wp-content\/uploads\/2024\/09\/Bildschirmfoto-2024-09-16-um-21.21.03-2048x1156.png 2048w\" sizes=\"auto, (max-width: 2870px) 100vw, 2870px\" \/><\/figure>\n<\/div>\n<\/div>\n<\/div><\/div>\n\n\n\n<div class=\"wp-block-uagb-container uagb-block-ebeb3268 alignfull uagb-is-root-container\"><div class=\"uagb-container-inner-blocks-wrap\">\n<h3 class=\"wp-block-heading\" id=\"h-das-konnte-sie-auch-interessieren\">Misschien bent u ook ge\u00efnteresseerd in:<\/h3>\n\n\n\n\t\t\t<div class=\"wp-block-uagb-post-grid uagb-post-grid faq_blog uagb-post__image-position-top uagb-post__image-enabled uagb-block-82305486     uagb-post__items uagb-post__columns-3 is-grid uagb-post__columns-tablet-2 uagb-post__columns-mobile-1 uagb-post__equal-height\" data-total=\"52\" style=\"\">\n\n\t\t\t\t\t\t\t\t\t\t\t\t<article class=\"uagb-post__inner-wrap\">\t\t\t\t\t\t\t\t<div class='uagb-post__image'>\n\t\t\t\t\t\t\t\t\t<a href=\"https:\/\/ru.law\/nl\/drohendes-fahrverbot-fuer-volvo-diesel-kba-fordert-rueckruf-wegen-abgasmanipulation\/\" target=\"_self\" rel=\"bookmark noopener noreferrer\" class='uagb-image-ratio-inherit'><img loading=\"lazy\" decoding=\"async\" width=\"2560\" height=\"1707\" src=\"https:\/\/ru.law\/wp-content\/uploads\/2025\/07\/AdobeStock_231361714-scaled.jpeg\" class=\"attachment-large size-large\" alt=\"\" srcset=\"https:\/\/ru.law\/wp-content\/uploads\/2025\/07\/AdobeStock_231361714-scaled.jpeg 2560w, https:\/\/ru.law\/wp-content\/uploads\/2025\/07\/AdobeStock_231361714-768x512.jpeg 768w, https:\/\/ru.law\/wp-content\/uploads\/2025\/07\/AdobeStock_231361714-1536x1024.jpeg 1536w, https:\/\/ru.law\/wp-content\/uploads\/2025\/07\/AdobeStock_231361714-2048x1365.jpeg 2048w, https:\/\/ru.law\/wp-content\/uploads\/2025\/07\/AdobeStock_231361714-18x12.jpeg 18w\" sizes=\"auto, (max-width: 2560px) 100vw, 2560px\" \/>\t\t\t\t\t<\/a>\n\t\t\t\t\t\t\t<\/div>\n\t\t\t\t\t\t<h5 class=\"uagb-post__title uagb-post__text\">\n\t\t\t\t<a href=\"https:\/\/ru.law\/nl\/drohendes-fahrverbot-fuer-volvo-diesel-kba-fordert-rueckruf-wegen-abgasmanipulation\/\" target=\"_self\" rel=\"bookmark noopener noreferrer\">Dreigend rijverbod voor Volvo-diesel: KBA eist terugroepactie vanwege emissiemanipulatie<\/a>\n\t\t\t<\/h5>\n\t\t\t\t\t\t<div class='uagb-post__text uagb-post-grid-byline'>\n\t\t\t\t\t\t\t<\/div>\n\t\t\t\t\t\t<div class=\"uagb-post__text uagb-post__cta wp-block-button\">\n\t\t\t\t<a class=\"wp-block-button__link uagb-text-link\" style=\"\" href=\"https:\/\/ru.law\/nl\/drohendes-fahrverbot-fuer-volvo-diesel-kba-fordert-rueckruf-wegen-abgasmanipulation\/\" target=\"_self\" rel=\"bookmark noopener noreferrer\">Lees meer<\/a>\n\t\t\t<\/div>\n\t\t\t\n\t\t\t\t\t\t\t\t\t<\/article>\n\t\t\t\t\t\t\t\t\t\t\t\t\t\t\t\t<article class=\"uagb-post__inner-wrap\">\t\t\t\t\t\t\t\t<div class='uagb-post__image'>\n\t\t\t\t\t\t\t\t\t<a href=\"https:\/\/ru.law\/nl\/volvo-inmitten-eines-diesel-abgasskandals-zulassungsverbot-fuer-130-000-fahrzeuge-droht\/\" target=\"_self\" rel=\"bookmark noopener noreferrer\" class='uagb-image-ratio-inherit'><img loading=\"lazy\" decoding=\"async\" width=\"2560\" height=\"1683\" src=\"https:\/\/ru.law\/wp-content\/uploads\/2025\/07\/AdobeStock_155979331-scaled.jpeg\" class=\"attachment-large size-large\" alt=\"\" srcset=\"https:\/\/ru.law\/wp-content\/uploads\/2025\/07\/AdobeStock_155979331-scaled.jpeg 2560w, https:\/\/ru.law\/wp-content\/uploads\/2025\/07\/AdobeStock_155979331-768x505.jpeg 768w, https:\/\/ru.law\/wp-content\/uploads\/2025\/07\/AdobeStock_155979331-1536x1010.jpeg 1536w, https:\/\/ru.law\/wp-content\/uploads\/2025\/07\/AdobeStock_155979331-2048x1346.jpeg 2048w, https:\/\/ru.law\/wp-content\/uploads\/2025\/07\/AdobeStock_155979331-18x12.jpeg 18w\" sizes=\"auto, (max-width: 2560px) 100vw, 2560px\" \/>\t\t\t\t\t<\/a>\n\t\t\t\t\t\t\t<\/div>\n\t\t\t\t\t\t<h5 class=\"uagb-post__title uagb-post__text\">\n\t\t\t\t<a href=\"https:\/\/ru.law\/nl\/volvo-inmitten-eines-diesel-abgasskandals-zulassungsverbot-fuer-130-000-fahrzeuge-droht\/\" target=\"_self\" rel=\"bookmark noopener noreferrer\">Volvo te midden van dieselemissieschandaal \u2013 registratieverbod voor 130.000 voertuigen dreigt<\/a>\n\t\t\t<\/h5>\n\t\t\t\t\t\t<div class='uagb-post__text uagb-post-grid-byline'>\n\t\t\t\t\t\t\t<\/div>\n\t\t\t\t\t\t<div class=\"uagb-post__text uagb-post__cta wp-block-button\">\n\t\t\t\t<a class=\"wp-block-button__link uagb-text-link\" style=\"\" href=\"https:\/\/ru.law\/nl\/volvo-inmitten-eines-diesel-abgasskandals-zulassungsverbot-fuer-130-000-fahrzeuge-droht\/\" target=\"_self\" rel=\"bookmark noopener noreferrer\">Lees meer<\/a>\n\t\t\t<\/div>\n\t\t\t\n\t\t\t\t\t\t\t\t\t<\/article>\n\t\t\t\t\t\t\t\t\t\t\t\t\t\t\t\t<article class=\"uagb-post__inner-wrap\">\t\t\t\t\t\t\t\t<div class='uagb-post__image'>\n\t\t\t\t\t\t\t\t\t<a href=\"https:\/\/ru.law\/nl\/musterfeststellungsklage-gegen-mercedes-benz-verbraucherschuetzer-erzielen-teilerfolg\/\" target=\"_self\" rel=\"bookmark noopener noreferrer\" class='uagb-image-ratio-inherit'><img loading=\"lazy\" decoding=\"async\" width=\"1200\" height=\"675\" src=\"https:\/\/ru.law\/wp-content\/uploads\/2022\/06\/Rogert-Ulbrich-Rechtsanwaelt-Kanzlei-Abgasskandal-Mercedes-Benz-KBA-Rueckruf-Abschalteinrichtung-kuehlmittelsolltemperatur.jpg\" class=\"attachment-large size-large\" alt=\"\" srcset=\"https:\/\/ru.law\/wp-content\/uploads\/2022\/06\/Rogert-Ulbrich-Rechtsanwaelt-Kanzlei-Abgasskandal-Mercedes-Benz-KBA-Rueckruf-Abschalteinrichtung-kuehlmittelsolltemperatur.jpg 1200w, https:\/\/ru.law\/wp-content\/uploads\/2022\/06\/Rogert-Ulbrich-Rechtsanwaelt-Kanzlei-Abgasskandal-Mercedes-Benz-KBA-Rueckruf-Abschalteinrichtung-kuehlmittelsolltemperatur-768x432.jpg 768w\" sizes=\"auto, (max-width: 1200px) 100vw, 1200px\" \/>\t\t\t\t\t<\/a>\n\t\t\t\t\t\t\t<\/div>\n\t\t\t\t\t\t<h5 class=\"uagb-post__title uagb-post__text\">\n\t\t\t\t<a href=\"https:\/\/ru.law\/nl\/musterfeststellungsklage-gegen-mercedes-benz-verbraucherschuetzer-erzielen-teilerfolg\/\" target=\"_self\" rel=\"bookmark noopener noreferrer\">Model declaratoire vordering tegen Mercedes-Benz: consumentenbelangenbehartigers boeken gedeeltelijk succes<\/a>\n\t\t\t<\/h5>\n\t\t\t\t\t\t<div class='uagb-post__text uagb-post-grid-byline'>\n\t\t\t\t\t\t\t<\/div>\n\t\t\t\t\t\t<div class=\"uagb-post__text uagb-post__cta wp-block-button\">\n\t\t\t\t<a class=\"wp-block-button__link uagb-text-link\" style=\"\" href=\"https:\/\/ru.law\/nl\/musterfeststellungsklage-gegen-mercedes-benz-verbraucherschuetzer-erzielen-teilerfolg\/\" target=\"_self\" rel=\"bookmark noopener noreferrer\">Lees meer<\/a>\n\t\t\t<\/div>\n\t\t\t\n\t\t\t\t\t\t\t\t\t<\/article>\n\t\t\t\t\t\t\t\t\t\t\t<\/div>\n\t\t\t<\/div><\/div>\n\n\n\n<p><\/p>","protected":false},"excerpt":{"rendered":"<p>Rechtsanwaltskanzlei f\u00fcr Verbraucher im Bereich Automotive Gehen Sie jetzt gegen Fahrzeughersteller oder H\u00e4ndler vor! Die Automobilbranche ist st\u00e4ndig in Bewegung, und damit auch Ihre Rechte [&hellip;]<\/p>\n","protected":false},"author":54,"featured_media":8591,"parent":9,"menu_order":0,"comment_status":"closed","ping_status":"closed","template":"","meta":{"_uag_custom_page_level_css":"","site-sidebar-layout":"default","site-content-layout":"","ast-site-content-layout":"default","site-content-style":"default","site-sidebar-style":"default","ast-global-header-display":"","ast-banner-title-visibility":"","ast-main-header-display":"","ast-hfb-above-header-display":"","ast-hfb-below-header-display":"","ast-hfb-mobile-header-display":"","site-post-title":"disabled","ast-breadcrumbs-content":"","ast-featured-img":"disabled","footer-sml-layout":"","ast-disable-related-posts":"","theme-transparent-header-meta":"default","adv-header-id-meta":"","stick-header-meta":"","header-above-stick-meta":"","header-main-stick-meta":"","header-below-stick-meta":"","astra-migrate-meta-layouts":"set","ast-page-background-enabled":"default","ast-page-background-meta":{"desktop":{"background-color":"","background-image":"","background-repeat":"repeat","background-position":"center center","background-size":"auto","background-attachment":"scroll","background-type":"","background-media":"","overlay-type":"","overlay-color":"","overlay-opacity":"","overlay-gradient":""},"tablet":{"background-color":"","background-image":"","background-repeat":"repeat","background-position":"center center","background-size":"auto","background-attachment":"scroll","background-type":"","background-media":"","overlay-type":"","overlay-color":"","overlay-opacity":"","overlay-gradient":""},"mobile":{"background-color":"","background-image":"","background-repeat":"repeat","background-position":"center center","background-size":"auto","background-attachment":"scroll","background-type":"","background-media":"","overlay-type":"","overlay-color":"","overlay-opacity":"","overlay-gradient":""}},"ast-content-background-meta":{"desktop":{"background-color":"var(--ast-global-color-5)","background-image":"","background-repeat":"repeat","background-position":"center center","background-size":"auto","background-attachment":"scroll","background-type":"","background-media":"","overlay-type":"","overlay-color":"","overlay-opacity":"","overlay-gradient":""},"tablet":{"background-color":"var(--ast-global-color-5)","background-image":"","background-repeat":"repeat","background-position":"center center","background-size":"auto","background-attachment":"scroll","background-type":"","background-media":"","overlay-type":"","overlay-color":"","overlay-opacity":"","overlay-gradient":""},"mobile":{"background-color":"var(--ast-global-color-5)","background-image":"","background-repeat":"repeat","background-position":"center center","background-size":"auto","background-attachment":"scroll","background-type":"","background-media":"","overlay-type":"","overlay-color":"","overlay-opacity":"","overlay-gradient":""}},"footnotes":""},"class_list":["post-81420","page","type-page","status-publish","has-post-thumbnail","hentry"],"yoast_head":"<!-- This site is optimized with the Yoast SEO Premium plugin v27.4 (Yoast SEO v27.4) - https:\/\/yoast.com\/product\/yoast-seo-premium-wordpress\/ -->\n<title>Ihre f\u00fchrende Kanzlei im Abgasskandal - Wir setzen Ihr Recht durch - R&amp;U<\/title>\n<meta name=\"description\" content=\"Neue Ermittlungen im Abgasskandal! Neue Urteile zum EA 288 Motor! Damit steht auch Diesel-Sp\u00e4tk\u00e4ufern Schadensersatz zu!\" \/>\n<meta name=\"robots\" content=\"index, follow, max-snippet:-1, max-image-preview:large, max-video-preview:-1\" \/>\n<link rel=\"canonical\" href=\"https:\/\/ru.law\/nl\/expertise\/automotive\/\" \/>\n<meta property=\"og:locale\" content=\"nl_NL\" \/>\n<meta property=\"og:type\" content=\"article\" \/>\n<meta property=\"og:title\" content=\"Automotive\" \/>\n<meta property=\"og:description\" content=\"Neue Ermittlungen im Abgasskandal! Neue Urteile zum EA 288 Motor! Damit steht auch Diesel-Sp\u00e4tk\u00e4ufern Schadensersatz zu!\" \/>\n<meta property=\"og:url\" content=\"https:\/\/ru.law\/nl\/expertise\/automotive\/\" \/>\n<meta property=\"og:site_name\" content=\"R&amp;U\" \/>\n<meta property=\"article:publisher\" content=\"https:\/\/www.facebook.com\/RogertUlbrich\/\" \/>\n<meta property=\"article:modified_time\" content=\"2026-04-08T08:01:41+00:00\" \/>\n<meta property=\"og:image\" content=\"https:\/\/ru.law\/wp-content\/uploads\/2020\/10\/dieselskandal-fahrzeuge.jpg\" \/>\n\t<meta property=\"og:image:width\" content=\"1400\" \/>\n\t<meta property=\"og:image:height\" content=\"800\" \/>\n\t<meta property=\"og:image:type\" content=\"image\/jpeg\" \/>\n<meta name=\"twitter:card\" content=\"summary_large_image\" \/>\n<meta name=\"twitter:site\" content=\"@RogertUlbrich\" \/>\n<script type=\"application\/ld+json\" class=\"yoast-schema-graph\">{\"@context\":\"https:\\\/\\\/schema.org\",\"@graph\":[{\"@type\":\"WebPage\",\"@id\":\"https:\\\/\\\/ru.law\\\/expertise\\\/automotive\\\/\",\"url\":\"https:\\\/\\\/ru.law\\\/expertise\\\/automotive\\\/\",\"name\":\"Ihre f\u00fchrende Kanzlei im Abgasskandal - Wir setzen Ihr Recht durch - R&amp;U\",\"isPartOf\":{\"@id\":\"https:\\\/\\\/ru.law\\\/#website\"},\"primaryImageOfPage\":{\"@id\":\"https:\\\/\\\/ru.law\\\/expertise\\\/automotive\\\/#primaryimage\"},\"image\":{\"@id\":\"https:\\\/\\\/ru.law\\\/expertise\\\/automotive\\\/#primaryimage\"},\"thumbnailUrl\":\"https:\\\/\\\/ru.law\\\/wp-content\\\/uploads\\\/2020\\\/10\\\/dieselskandal-fahrzeuge.jpg\",\"datePublished\":\"2024-10-25T10:36:16+00:00\",\"dateModified\":\"2026-04-08T08:01:41+00:00\",\"description\":\"Neue Ermittlungen im Abgasskandal! Neue Urteile zum EA 288 Motor! Damit steht auch Diesel-Sp\u00e4tk\u00e4ufern Schadensersatz zu!\",\"breadcrumb\":{\"@id\":\"https:\\\/\\\/ru.law\\\/expertise\\\/automotive\\\/#breadcrumb\"},\"inLanguage\":\"nl-NL\",\"potentialAction\":[{\"@type\":\"ReadAction\",\"target\":[\"https:\\\/\\\/ru.law\\\/expertise\\\/automotive\\\/\"]}]},{\"@type\":\"ImageObject\",\"inLanguage\":\"nl-NL\",\"@id\":\"https:\\\/\\\/ru.law\\\/expertise\\\/automotive\\\/#primaryimage\",\"url\":\"https:\\\/\\\/ru.law\\\/wp-content\\\/uploads\\\/2020\\\/10\\\/dieselskandal-fahrzeuge.jpg\",\"contentUrl\":\"https:\\\/\\\/ru.law\\\/wp-content\\\/uploads\\\/2020\\\/10\\\/dieselskandal-fahrzeuge.jpg\",\"width\":1400,\"height\":800,\"caption\":\"Dieselskandal Fahrzeuge\"},{\"@type\":\"BreadcrumbList\",\"@id\":\"https:\\\/\\\/ru.law\\\/expertise\\\/automotive\\\/#breadcrumb\",\"itemListElement\":[{\"@type\":\"ListItem\",\"position\":1,\"name\":\"Startseite\",\"item\":\"https:\\\/\\\/ru.law\\\/\"},{\"@type\":\"ListItem\",\"position\":2,\"name\":\"Expertise\",\"item\":\"https:\\\/\\\/ru.law\\\/expertise\\\/\"},{\"@type\":\"ListItem\",\"position\":3,\"name\":\"Automotive\"}]},{\"@type\":\"WebSite\",\"@id\":\"https:\\\/\\\/ru.law\\\/#website\",\"url\":\"https:\\\/\\\/ru.law\\\/\",\"name\":\"R&U\",\"description\":\"Verbraucheranw\u00e4lte\",\"publisher\":{\"@id\":\"https:\\\/\\\/ru.law\\\/#organization\"},\"alternateName\":\"Rogert & Ulbrich\",\"potentialAction\":[{\"@type\":\"SearchAction\",\"target\":{\"@type\":\"EntryPoint\",\"urlTemplate\":\"https:\\\/\\\/ru.law\\\/?s={search_term_string}\"},\"query-input\":{\"@type\":\"PropertyValueSpecification\",\"valueRequired\":true,\"valueName\":\"search_term_string\"}}],\"inLanguage\":\"nl-NL\"},{\"@type\":\"Organization\",\"@id\":\"https:\\\/\\\/ru.law\\\/#organization\",\"name\":\"Kanzlei Rogert & Ulbrich\",\"url\":\"https:\\\/\\\/ru.law\\\/\",\"logo\":{\"@type\":\"ImageObject\",\"inLanguage\":\"nl-NL\",\"@id\":\"https:\\\/\\\/ru.law\\\/#\\\/schema\\\/logo\\\/image\\\/\",\"url\":\"https:\\\/\\\/ru.law\\\/wp-content\\\/uploads\\\/2020\\\/12\\\/logo-ru-law.svg\",\"contentUrl\":\"https:\\\/\\\/ru.law\\\/wp-content\\\/uploads\\\/2020\\\/12\\\/logo-ru-law.svg\",\"width\":992,\"height\":259,\"caption\":\"Kanzlei Rogert & Ulbrich\"},\"image\":{\"@id\":\"https:\\\/\\\/ru.law\\\/#\\\/schema\\\/logo\\\/image\\\/\"},\"sameAs\":[\"https:\\\/\\\/www.facebook.com\\\/RogertUlbrich\\\/\",\"https:\\\/\\\/x.com\\\/RogertUlbrich\",\"https:\\\/\\\/www.instagram.com\\\/rogertulbrich\\\/\",\"https:\\\/\\\/www.linkedin.com\\\/company\\\/rogert-ulbrich\\\/\",\"https:\\\/\\\/www.youtube.com\\\/channel\\\/UCganCgpvwpPFqMFf1vVmG2A\"]}]}<\/script>\n<!-- \/ Yoast SEO Premium plugin. -->","yoast_head_json":{"title":"Uw toonaangevende advocatenkantoor in het emissieschandaal - Wij komen op voor uw rechten - R&amp;U","description":"Nieuwe onderzoeken in het emissieschandaal! Nieuwe uitspraken over de EA 288-motor! Dit betekent dat zelfs kopers die later een dieselvoertuig hebben gekocht, recht hebben op compensatie!","robots":{"index":"index","follow":"follow","max-snippet":"max-snippet:-1","max-image-preview":"max-image-preview:large","max-video-preview":"max-video-preview:-1"},"canonical":"https:\/\/ru.law\/nl\/expertise\/automotive\/","og_locale":"nl_NL","og_type":"article","og_title":"Automotive","og_description":"Neue Ermittlungen im Abgasskandal! Neue Urteile zum EA 288 Motor! Damit steht auch Diesel-Sp\u00e4tk\u00e4ufern Schadensersatz zu!","og_url":"https:\/\/ru.law\/nl\/expertise\/automotive\/","og_site_name":"R&amp;U","article_publisher":"https:\/\/www.facebook.com\/RogertUlbrich\/","article_modified_time":"2026-04-08T08:01:41+00:00","og_image":[{"width":1400,"height":800,"url":"https:\/\/ru.law\/wp-content\/uploads\/2020\/10\/dieselskandal-fahrzeuge.jpg","type":"image\/jpeg"}],"twitter_card":"summary_large_image","twitter_site":"@RogertUlbrich","schema":{"@context":"https:\/\/schema.org","@graph":[{"@type":"WebPage","@id":"https:\/\/ru.law\/expertise\/automotive\/","url":"https:\/\/ru.law\/expertise\/automotive\/","name":"Uw toonaangevende advocatenkantoor in het emissieschandaal - Wij komen op voor uw rechten - R&amp;U","isPartOf":{"@id":"https:\/\/ru.law\/#website"},"primaryImageOfPage":{"@id":"https:\/\/ru.law\/expertise\/automotive\/#primaryimage"},"image":{"@id":"https:\/\/ru.law\/expertise\/automotive\/#primaryimage"},"thumbnailUrl":"https:\/\/ru.law\/wp-content\/uploads\/2020\/10\/dieselskandal-fahrzeuge.jpg","datePublished":"2024-10-25T10:36:16+00:00","dateModified":"2026-04-08T08:01:41+00:00","description":"Nieuwe onderzoeken in het emissieschandaal! Nieuwe uitspraken over de EA 288-motor! Dit betekent dat zelfs kopers die later een dieselvoertuig hebben gekocht, recht hebben op compensatie!","breadcrumb":{"@id":"https:\/\/ru.law\/expertise\/automotive\/#breadcrumb"},"inLanguage":"nl-NL","potentialAction":[{"@type":"ReadAction","target":["https:\/\/ru.law\/expertise\/automotive\/"]}]},{"@type":"ImageObject","inLanguage":"nl-NL","@id":"https:\/\/ru.law\/expertise\/automotive\/#primaryimage","url":"https:\/\/ru.law\/wp-content\/uploads\/2020\/10\/dieselskandal-fahrzeuge.jpg","contentUrl":"https:\/\/ru.law\/wp-content\/uploads\/2020\/10\/dieselskandal-fahrzeuge.jpg","width":1400,"height":800,"caption":"Dieselskandal Fahrzeuge"},{"@type":"BreadcrumbList","@id":"https:\/\/ru.law\/expertise\/automotive\/#breadcrumb","itemListElement":[{"@type":"ListItem","position":1,"name":"Startseite","item":"https:\/\/ru.law\/"},{"@type":"ListItem","position":2,"name":"Expertise","item":"https:\/\/ru.law\/expertise\/"},{"@type":"ListItem","position":3,"name":"Automotive"}]},{"@type":"WebSite","@id":"https:\/\/ru.law\/#website","url":"https:\/\/ru.law\/","name":"R&amp;U","description":"Consumentenadvocaten","publisher":{"@id":"https:\/\/ru.law\/#organization"},"alternateName":"Rogert & Ulbrich","potentialAction":[{"@type":"SearchAction","target":{"@type":"EntryPoint","urlTemplate":"https:\/\/ru.law\/?s={search_term_string}"},"query-input":{"@type":"PropertyValueSpecification","valueRequired":true,"valueName":"search_term_string"}}],"inLanguage":"nl-NL"},{"@type":"Organization","@id":"https:\/\/ru.law\/#organization","name":"Advocatenkantoor Rogert &amp; Ulbrich","url":"https:\/\/ru.law\/","logo":{"@type":"ImageObject","inLanguage":"nl-NL","@id":"https:\/\/ru.law\/#\/schema\/logo\/image\/","url":"https:\/\/ru.law\/wp-content\/uploads\/2020\/12\/logo-ru-law.svg","contentUrl":"https:\/\/ru.law\/wp-content\/uploads\/2020\/12\/logo-ru-law.svg","width":992,"height":259,"caption":"Kanzlei Rogert & Ulbrich"},"image":{"@id":"https:\/\/ru.law\/#\/schema\/logo\/image\/"},"sameAs":["https:\/\/www.facebook.com\/RogertUlbrich\/","https:\/\/x.com\/RogertUlbrich","https:\/\/www.instagram.com\/rogertulbrich\/","https:\/\/www.linkedin.com\/company\/rogert-ulbrich\/","https:\/\/www.youtube.com\/channel\/UCganCgpvwpPFqMFf1vVmG2A"]}]}},"uagb_featured_image_src":{"full":["https:\/\/ru.law\/wp-content\/uploads\/2020\/10\/dieselskandal-fahrzeuge.jpg",1400,800,false],"thumbnail":["https:\/\/ru.law\/wp-content\/uploads\/2020\/10\/dieselskandal-fahrzeuge-150x150.jpg",96,96,true],"medium":["https:\/\/ru.law\/wp-content\/uploads\/2020\/10\/dieselskandal-fahrzeuge-300x171.jpg",300,171,true],"medium_large":["https:\/\/ru.law\/wp-content\/uploads\/2020\/10\/dieselskandal-fahrzeuge-768x439.jpg",768,439,true],"large":["https:\/\/ru.law\/wp-content\/uploads\/2020\/10\/dieselskandal-fahrzeuge-1024x585.jpg",1024,585,true],"1536x1536":["https:\/\/ru.law\/wp-content\/uploads\/2020\/10\/dieselskandal-fahrzeuge.jpg",1400,800,false],"2048x2048":["https:\/\/ru.law\/wp-content\/uploads\/2020\/10\/dieselskandal-fahrzeuge.jpg",1400,800,false],"trp-custom-language-flag":["https:\/\/ru.law\/wp-content\/uploads\/2020\/10\/dieselskandal-fahrzeuge.jpg",18,10,false]},"uagb_author_info":{"display_name":"ommatic","author_link":"https:\/\/ru.law\/nl\/author\/ommatic\/"},"uagb_comment_info":0,"uagb_excerpt":"Rechtsanwaltskanzlei f\u00fcr Verbraucher im Bereich Automotive Gehen Sie jetzt gegen Fahrzeughersteller oder H\u00e4ndler vor! Die Automobilbranche ist st\u00e4ndig in Bewegung, und damit auch Ihre Rechte [&hellip;]","_links":{"self":[{"href":"https:\/\/ru.law\/nl\/wp-json\/wp\/v2\/pages\/81420","targetHints":{"allow":["GET"]}}],"collection":[{"href":"https:\/\/ru.law\/nl\/wp-json\/wp\/v2\/pages"}],"about":[{"href":"https:\/\/ru.law\/nl\/wp-json\/wp\/v2\/types\/page"}],"author":[{"embeddable":true,"href":"https:\/\/ru.law\/nl\/wp-json\/wp\/v2\/users\/54"}],"replies":[{"embeddable":true,"href":"https:\/\/ru.law\/nl\/wp-json\/wp\/v2\/comments?post=81420"}],"version-history":[{"count":0,"href":"https:\/\/ru.law\/nl\/wp-json\/wp\/v2\/pages\/81420\/revisions"}],"up":[{"embeddable":true,"href":"https:\/\/ru.law\/nl\/wp-json\/wp\/v2\/pages\/9"}],"wp:featuredmedia":[{"embeddable":true,"href":"https:\/\/ru.law\/nl\/wp-json\/wp\/v2\/media\/8591"}],"wp:attachment":[{"href":"https:\/\/ru.law\/nl\/wp-json\/wp\/v2\/media?parent=81420"}],"curies":[{"name":"wp","href":"https:\/\/api.w.org\/{rel}","templated":true}]}}