{"id":140,"date":"2020-07-20T13:21:51","date_gmt":"2020-07-20T11:21:51","guid":{"rendered":"https:\/\/www.rogertulbrich.de\/wp\/?page_id=140"},"modified":"2026-04-08T09:58:03","modified_gmt":"2026-04-08T07:58:03","slug":"rechtsanwaelte","status":"publish","type":"page","link":"https:\/\/ru.law\/nl\/kanzlei\/rechtsanwaelte\/","title":{"rendered":"Advocaten"},"content":{"rendered":"<div class=\"wp-block-uagb-container uagb-block-bc770362 alignfull uagb-is-root-container\"><div class=\"uagb-container-inner-blocks-wrap\">\n<div class=\"wp-block-group is-layout-constrained wp-block-group-is-layout-constrained\"><div class=\"wp-block-group__inner-container\">\n<h1 class=\"wp-block-heading videoheadline has-ast-global-color-5-color has-text-color has-link-color wp-elements-4a078382c8d86aa4b8bc0ebabe24c464\" id=\"h-wir-sorgen-dafur-dass-sie-zu-ihrem-recht-kommen\">Wij zorgen ervoor <br>dat jij <strong>jouw recht<\/strong> komen.<\/h1>\n<\/div><\/div>\n\n\n\n<p class=\"ghostkit-custom-Z7Sq6E has-ast-global-color-5-color has-text-color has-link-color wp-elements-eb52207f7a1ddec83c49e4747967af8f\">Het advocatenkantoor Rogert &amp; Ulbrich werd in 2007 opgericht door Dr. Marco Rogert en Tobias Ulbrich richtten het bedrijf op in D\u00fcsseldorf. <br>Tegenwoordig hebben wij een team van bekwame en ervaren advocaten in dienst die u helpen uw rechten te verkrijgen.<\/p>\n<\/div><\/div>\n\n\n\n<div id=\"rogert\" class=\"wp-block-uagb-container uagb-block-319ed5e1 alignfull uagb-is-root-container\"><div class=\"uagb-container-inner-blocks-wrap\">\n<div class=\"wp-block-columns is-layout-flex wp-container-core-columns-is-layout-c2d6fa21 wp-block-columns-is-layout-flex\">\n<div class=\"wp-block-column is-layout-flow wp-block-column-is-layout-flow\" style=\"flex-basis:66.66%\">\n<h3 class=\"wp-block-heading\" id=\"h-dr-marco-rogert\">Dokter Marco Rogert<\/h3>\n\n\n\n<p><strong>advocaat\/bedrijfsjurist&nbsp;<\/strong>sinds 2003<\/p>\n\n\n\n<p>Dokter Marco Rogert is als advocaat onder meer werkzaam in het internationale privaatrecht, handelsrecht, transportrecht en logistiekrecht. <\/p>\n\n\n\n<details class=\"wp-block-details has-ast-global-color-4-background-color has-background is-layout-flow wp-block-details-is-layout-flow\" style=\"padding-top:10px;padding-right:20px;padding-bottom:10px;padding-left:20px\"><summary><strong>Professionele achtergrond<\/strong><\/summary>\n<p>Studeerde rechten met aanvullende opleiding economie aan de Universiteit van Osnabr\u00fcck en aan de Rijksuniversiteit Leiden (NL)<\/p>\n\n\n\n<ul style=\"margin-right:20px;margin-left:20px\" class=\"wp-block-list\">\n<li>2003 \u2013 2005 Peters Advocatenkantoor, D\u00fcsseldorf<\/li>\n\n\n\n<li>2005 \u2013 03\/2007 ROGERT Juridische Dienstverlening, D\u00fcsseldorf<\/li>\n\n\n\n<li>sinds 04\/2007 vennoot van het advocatenkantoor Dr. Rogert Ulbrich &amp; Partner, D\u00fcsseldorf<\/li>\n\n\n\n<li>2012 \u2013 2020 Hoogleraar bij de FOM<\/li>\n<\/ul>\n<\/details>\n\n\n\n<details class=\"wp-block-details has-ast-global-color-4-background-color has-background is-layout-flow wp-block-details-is-layout-flow\" style=\"padding-top:10px;padding-right:20px;padding-bottom:10px;padding-left:20px\"><summary><strong>belangrijkste activiteitengebieden<\/strong><\/summary>\n<p>Studeerde rechten met aanvullende opleiding economie aan de Universiteit van Osnabr\u00fcck en aan de Rijksuniversiteit Leiden (NL)<\/p>\n\n\n\n<ul class=\"wp-block-list\">\n<li><a href=\"https:\/\/ru.law\/nl\/transport-und-speditionsrecht\/\">transportrecht <\/a>(met name het contractrecht voor de logistiek)<\/li>\n\n\n\n<li>Internationaal handelsrecht<\/li>\n\n\n\n<li><a href=\"https:\/\/ru.law\/nl\/bank-und-kapitalmarktrecht\/\">Internationale Kredietzekerheidswetgeving<\/a><\/li>\n<\/ul>\n<\/details>\n\n\n\n<details class=\"wp-block-details has-ast-global-color-4-background-color has-background is-layout-flow wp-block-details-is-layout-flow\" style=\"padding-top:10px;padding-right:20px;padding-bottom:10px;padding-left:20px\"><summary><strong>aanvullende kwalificaties<\/strong><\/summary>\n<ul class=\"wp-block-list\">\n<li>Diepgaande kennis van de Duits-Nederlandse rechtsbetrekkingen<\/li>\n\n\n\n<li>studie van het internationaal privaatrecht<\/li>\n\n\n\n<li>PhD in internationaal multimodaal goederenvervoerrecht<\/li>\n\n\n\n<li>Succesvolle afronding van de vakopleiding voor transport- en expeditierecht in D\u00fcsseldorf in 2007<\/li>\n\n\n\n<li>Succesvolle afronding van de specialistische opleiding tot advocaat voor bank- en kapitaalmarktrecht in 2008 in Neuss<\/li>\n\n\n\n<li>Aanvullende opleiding economie als bedrijfsjurist in Osnabr\u00fcck<\/li>\n\n\n\n<li>Meerdere jaren lesgeven over juridische onderwerpen voor de IKK Academie in Hagen<\/li>\n\n\n\n<li>Hoogleraar bedrijfs- en logistiekrecht aan de Universiteit voor Economie en Management (FOM) in Essen, Keulen, D\u00fcsseldorf, Duisburg, Dortmund en Marl<\/li>\n<\/ul>\n<\/details>\n\n\n\n<details class=\"wp-block-details has-ast-global-color-4-background-color has-background is-layout-flow wp-block-details-is-layout-flow\" style=\"padding-top:10px;padding-right:20px;padding-bottom:10px;padding-left:20px\"><summary><strong>vreemde taalvaardigheden<\/strong><\/summary>\n<ul class=\"wp-block-list\">\n<li>Engels<\/li>\n\n\n\n<li>Nederlands<\/li>\n\n\n\n<li>Frans<\/li>\n<\/ul>\n<\/details>\n\n\n\n<details class=\"wp-block-details has-ast-global-color-4-background-color has-background is-layout-flow wp-block-details-is-layout-flow\" style=\"padding-top:10px;padding-right:20px;padding-bottom:10px;padding-left:20px\"><summary><strong>lidmaatschappen<\/strong><\/summary>\n<ul class=\"wp-block-list\">\n<li>DVIS (Duitse Vereniging voor Internationaal Zeerecht)<\/li>\n\n\n\n<li>DGTR (Duitse Vereniging voor Transportrecht)<\/li>\n\n\n\n<li>BCMR (Businessclub Maas Rijn)<\/li>\n\n\n\n<li>DNHK (Duits-Nederlandse Kamer van Koophandel)<\/li>\n\n\n\n<li>Lunchclub van het Consulaat-Generaal van Nederland<\/li>\n\n\n\n<li>NVA (Nederlandse Verkeersrecht Advocaten)<\/li>\n\n\n\n<li>&nbsp;Forum Jongerenparticipatie<\/li>\n\n\n\n<li>Vereniging van verzekeringsbedrijfseconomen<\/li>\n\n\n\n<li>Werkgroep Risico + Recht van het Logistiek Initiatief Hamburg<\/li>\n\n\n\n<li>Werkgroepen Transport en Logistiek en Recht en Belastingen van de DNHK<\/li>\n<\/ul>\n<\/details>\n\n\n\n<details class=\"wp-block-details has-ast-global-color-4-background-color has-background is-layout-flow wp-block-details-is-layout-flow\" style=\"padding-top:10px;padding-right:20px;padding-bottom:10px;padding-left:20px\"><summary><strong>publicaties<\/strong><\/summary>\n<p style=\"margin-bottom:0px\">Uniform recht en conflictenrecht in het internationale multimodale goederenvervoer, Logos-Verlag Berlin, 2005, ISBN 3-8325-1004-4<\/p>\n<\/details>\n<\/div>\n\n\n\n<div class=\"wp-block-column is-vertically-aligned-bottom is-layout-flow wp-block-column-is-layout-flow\" style=\"flex-basis:33.33%\">\n<figure class=\"wp-block-image size-large\"><img loading=\"lazy\" decoding=\"async\" width=\"800\" height=\"800\" src=\"https:\/\/ru.law\/wp-content\/uploads\/2020\/09\/marco_rogert.jpg\" alt=\"\" class=\"wp-image-7473\" style=\"box-shadow:var(--wp--preset--shadow--deep)\" srcset=\"https:\/\/ru.law\/wp-content\/uploads\/2020\/09\/marco_rogert.jpg 800w, https:\/\/ru.law\/wp-content\/uploads\/2020\/09\/marco_rogert-300x300.jpg 300w, https:\/\/ru.law\/wp-content\/uploads\/2020\/09\/marco_rogert-150x150.jpg 150w, https:\/\/ru.law\/wp-content\/uploads\/2020\/09\/marco_rogert-768x768.jpg 768w, https:\/\/ru.law\/wp-content\/uploads\/2020\/09\/marco_rogert-500x500.jpg 500w\" sizes=\"auto, (max-width: 800px) 100vw, 800px\" \/><\/figure>\n<\/div>\n<\/div>\n<\/div><\/div>\n\n\n\n<div id=\"ulbrich\" class=\"wp-block-uagb-container uagb-block-ce28af5d alignfull uagb-is-root-container\"><div class=\"uagb-container-inner-blocks-wrap\">\n<div class=\"wp-block-columns is-layout-flex wp-container-core-columns-is-layout-c2d6fa21 wp-block-columns-is-layout-flex\">\n<div class=\"wp-block-column is-vertically-aligned-bottom is-layout-flow wp-block-column-is-layout-flow\" style=\"flex-basis:33.33%\">\n<figure class=\"wp-block-image size-large\"><img loading=\"lazy\" decoding=\"async\" width=\"800\" height=\"800\" src=\"https:\/\/ru.law\/wp-content\/uploads\/2020\/09\/tobias_ulbrich.jpg\" alt=\"\" class=\"wp-image-7474\" style=\"box-shadow:var(--wp--preset--shadow--deep)\" srcset=\"https:\/\/ru.law\/wp-content\/uploads\/2020\/09\/tobias_ulbrich.jpg 800w, https:\/\/ru.law\/wp-content\/uploads\/2020\/09\/tobias_ulbrich-300x300.jpg 300w, https:\/\/ru.law\/wp-content\/uploads\/2020\/09\/tobias_ulbrich-150x150.jpg 150w, https:\/\/ru.law\/wp-content\/uploads\/2020\/09\/tobias_ulbrich-768x768.jpg 768w, https:\/\/ru.law\/wp-content\/uploads\/2020\/09\/tobias_ulbrich-500x500.jpg 500w\" sizes=\"auto, (max-width: 800px) 100vw, 800px\" \/><\/figure>\n<\/div>\n\n\n\n<div class=\"wp-block-column is-layout-flow wp-block-column-is-layout-flow\" style=\"flex-basis:66.66%\">\n<h3 class=\"wp-block-heading\" id=\"h-tobias-ulbrich\">Tobias Ulbrich<\/h3>\n\n\n\n<p><strong>advocaat&nbsp;<\/strong>sinds 2003<\/p>\n\n\n\n<p>Tobias Ulbrich is een advocaat gespecialiseerd in transport- en expeditierecht.<\/p>\n\n\n\n<details class=\"wp-block-details has-ast-global-color-5-background-color has-background is-layout-flow wp-block-details-is-layout-flow\" style=\"padding-top:10px;padding-right:20px;padding-bottom:10px;padding-left:20px\"><summary><strong>Professionele achtergrond<\/strong><\/summary>\n<p>Studeerde aan de Indiana University Bloomington, de Humboldt University Berlin en de Katholieke Universiteit Leuven (B)<\/p>\n\n\n\n<ul class=\"wp-block-list\">\n<li>2003 \u2013 2007 huidig advocatenkantoor Diehl K\u00f6hler &amp; Partner, D\u00fcsseldorf<\/li>\n\n\n\n<li>sinds 04\/2007 vennoot van het advocatenkantoor Dr. Rogert Ulbrich &amp; Partner, D\u00fcsseldorf<\/li>\n<\/ul>\n<\/details>\n\n\n\n<details class=\"wp-block-details has-ast-global-color-5-background-color has-background is-layout-flow wp-block-details-is-layout-flow\" style=\"padding-top:10px;padding-right:20px;padding-bottom:10px;padding-left:20px\"><summary><strong>aanvullende kwalificaties<\/strong><\/summary>\n<ul class=\"wp-block-list\">\n<li>Met succes afgeronde specialistische opleiding tot advocaat transport- en expeditierecht<\/li>\n\n\n\n<li>Priv\u00e9-piloot (PPL(A)+NFQ)<\/li>\n\n\n\n<li>studie van Europees recht<\/li>\n\n\n\n<li>Opleidingsmanager voor de opleiding van luchtvaartveiligheidsfunctionarissen (met goedkeuring van de LBA)<\/li>\n<\/ul>\n<\/details>\n\n\n\n<details class=\"wp-block-details has-ast-global-color-5-background-color has-background is-layout-flow wp-block-details-is-layout-flow\" style=\"padding-top:10px;padding-right:20px;padding-bottom:10px;padding-left:20px\"><summary><strong>Passieve activiteitsfocussen<\/strong><\/summary>\n<ul class=\"wp-block-list\">\n<li><a href=\"https:\/\/ru.law\/nl\/transport-und-speditionsrecht\/\">transportrecht<\/a><\/li>\n\n\n\n<li><a href=\"https:\/\/ru.law\/nl\/branche-luxusgueter-konsumgueter-b2c\/\">luchtvaartrecht<\/a><\/li>\n\n\n\n<li>Branchespecifiek advies voor bedrijven in de transport-\/logistiek- en lucht- en ruimtevaartsector<\/li>\n\n\n\n<li>ondernemingsrecht<\/li>\n<\/ul>\n<\/details>\n\n\n\n<details class=\"wp-block-details has-ast-global-color-5-background-color has-background is-layout-flow wp-block-details-is-layout-flow\" style=\"padding-top:10px;padding-right:20px;padding-bottom:10px;padding-left:20px\"><summary><strong>interessegebieden<\/strong><\/summary>\n<ul class=\"wp-block-list\">\n<li>lucht- en ruimtevaart<\/li>\n\n\n\n<li>promotie van de lucht- en ruimtevaartindustrie<\/li>\n\n\n\n<li>promotie van de transport- en logistieke sector<\/li>\n<\/ul>\n<\/details>\n\n\n\n<details class=\"wp-block-details has-ast-global-color-5-background-color has-background is-layout-flow wp-block-details-is-layout-flow\" style=\"padding-top:10px;padding-right:20px;padding-bottom:10px;padding-left:20px\"><summary><strong>vreemde taalvaardigheden<\/strong><\/summary>\n<ul class=\"wp-block-list\">\n<li>Engels<\/li>\n\n\n\n<li>Russisch<\/li>\n\n\n\n<li>Nederlands<\/li>\n<\/ul>\n<\/details>\n\n\n\n<details class=\"wp-block-details has-ast-global-color-5-background-color has-background is-layout-flow wp-block-details-is-layout-flow\" style=\"padding-top:10px;padding-right:20px;padding-bottom:10px;padding-left:20px\"><summary><strong>lidmaatschappen<\/strong><\/summary>\n<ul class=\"wp-block-list\">\n<li>DGTR (Duitse Vereniging voor Transportrecht)<\/li>\n\n\n\n<li>DGLR (Duitse Vereniging voor Luchtvaart en Ruimtevaart \u2013 Lilienthal-Oberth eV<\/li>\n\n\n\n<li>AOPA (Aircraft Owners and Pilots Association) \u2013 Duitse vereniging voor algemene luchtvaart eV<\/li>\n\n\n\n<li>AOPA \u2013 Werkgroep van vliegende advocaten en belastingadviseurs<\/li>\n\n\n\n<li>IAOPA \u2013 Internationale Raad van Vliegtuigeigenaren en Pilotenverenigingen<\/li>\n\n\n\n<li>BCMR (Businessclub Maas Rijn)<\/li>\n\n\n\n<li>DNHK (Duits-Nederlandse Kamer van Koophandel)<\/li>\n<\/ul>\n<\/details>\n<\/div>\n<\/div>\n<\/div><\/div>\n\n\n\n<div id=\"team\" class=\"wp-block-uagb-container uagb-block-6b0fca4c alignfull uagb-is-root-container\"><div class=\"uagb-container-inner-blocks-wrap\">\n<h2 class=\"wp-block-heading has-text-align-left\" id=\"h-unser-team\">Ons team<\/h2>\n\n\n\n<p class=\"has-text-align-left\">Samen met ons gevarieerde team van ervaren juristen met verschillende expertises ondersteunen wij u bij al uw juridische vragen en zetten wij ons in voor uw belangen.<\/p>\n\n\n\n<div class=\"wp-block-columns is-layout-flex wp-container-core-columns-is-layout-28f84493 wp-block-columns-is-layout-flex\">\n<div class=\"wp-block-column has-ast-global-color-4-background-color has-background is-layout-flow wp-block-column-is-layout-flow\" style=\"padding-top:20px;padding-right:20px;padding-bottom:20px;padding-left:20px\">\n<figure class=\"wp-block-image size-large\"><img loading=\"lazy\" decoding=\"async\" width=\"800\" height=\"800\" src=\"https:\/\/ru.law\/wp-content\/uploads\/2020\/09\/Christian_Peusser.jpg\" alt=\"Christian Peu\u00dfer\" class=\"wp-image-7751\" srcset=\"https:\/\/ru.law\/wp-content\/uploads\/2020\/09\/Christian_Peusser.jpg 800w, https:\/\/ru.law\/wp-content\/uploads\/2020\/09\/Christian_Peusser-300x300.jpg 300w, https:\/\/ru.law\/wp-content\/uploads\/2020\/09\/Christian_Peusser-150x150.jpg 150w, https:\/\/ru.law\/wp-content\/uploads\/2020\/09\/Christian_Peusser-768x768.jpg 768w, https:\/\/ru.law\/wp-content\/uploads\/2020\/09\/Christian_Peusser-500x500.jpg 500w\" sizes=\"auto, (max-width: 800px) 100vw, 800px\" \/><\/figure>\n\n\n\n<h4 class=\"wp-block-heading\" id=\"h-christian-peusser\"><strong>Christian Peussen<\/strong><\/h4>\n\n\n\n<p>advocaat sinds 2014<\/p>\n\n\n\n<details class=\"wp-block-details has-ast-global-color-5-background-color has-background is-layout-flow wp-block-details-is-layout-flow\" style=\"padding-top:10px;padding-right:20px;padding-bottom:10px;padding-left:20px\"><summary><strong>Professionele achtergrond<\/strong><\/summary>\n<p>studies aan de Universiteit van Keulen<br><br>juridische stage bij de Arrondissementsrechtbank van Wuppertal<\/p>\n\n\n\n<ul style=\"margin-top:0px;margin-right:20px;margin-bottom:0px;margin-left:20px;padding-top:0px;padding-bottom:0px\" class=\"wp-block-list\">\n<li>Tot januari 2019 werkzaam geweest bij een advocatenkantoor in Meerbusch<\/li>\n\n\n\n<li>Advocaat in loondienst bij advocatenkantoor Dr. Rogert Ulbrich &amp; Partner sinds februari 2019<\/li>\n<\/ul>\n<\/details>\n\n\n\n<details class=\"wp-block-details has-ast-global-color-5-background-color has-background is-layout-flow wp-block-details-is-layout-flow\" style=\"padding-top:10px;padding-right:20px;padding-bottom:10px;padding-left:20px\"><summary><strong>belangrijkste activiteitengebieden<\/strong><\/summary>\n<p><\/p>\n\n\n\n<ul style=\"margin-top:0px;margin-right:20px;margin-bottom:0px;margin-left:20px\" class=\"wp-block-list\">\n<li>Algemeen Burgerlijk Recht<\/li>\n\n\n\n<li>strafrecht<\/li>\n\n\n\n<li><a href=\"https:\/\/ru.law\/nl\/verkehrsrecht\/\">verkeers- en bestuursdelictenrecht<\/a><\/li>\n<\/ul>\n<\/details>\n<\/div>\n\n\n\n<div class=\"wp-block-column has-ast-global-color-4-background-color has-background is-layout-flow wp-block-column-is-layout-flow\" style=\"padding-top:20px;padding-right:20px;padding-bottom:20px;padding-left:20px\">\n<figure class=\"wp-block-image size-full\"><img loading=\"lazy\" decoding=\"async\" width=\"500\" height=\"500\" src=\"https:\/\/ru.law\/wp-content\/uploads\/2025\/03\/DarioKovac.png\" alt=\"\" class=\"wp-image-88377\" srcset=\"https:\/\/ru.law\/wp-content\/uploads\/2025\/03\/DarioKovac.png 500w, https:\/\/ru.law\/wp-content\/uploads\/2025\/03\/DarioKovac-12x12.png 12w\" sizes=\"auto, (max-width: 500px) 100vw, 500px\" \/><\/figure>\n\n\n\n<h4 class=\"wp-block-heading\" id=\"h-dario-kovac\"><strong>Dario Kovac<\/strong><\/h4>\n\n\n\n<p>advocaat sinds 2019<\/p>\n\n\n\n<details class=\"wp-block-details has-ast-global-color-5-background-color has-background is-layout-flow wp-block-details-is-layout-flow\" style=\"padding-top:10px;padding-right:20px;padding-bottom:10px;padding-left:20px\"><summary><strong>Professionele achtergrond<\/strong><\/summary>\n<p>Ik heb rechten gestudeerd aan de Ruhr-universiteit in Bochum.<\/p>\n\n\n\n<p>juridische stage bij de Arrondissementsrechtbank Essen<\/p>\n\n\n\n<ul style=\"margin-top:0px;margin-right:20px;margin-bottom:0px;margin-left:20px\" class=\"wp-block-list\">\n<li>Werknemer bij Rogert &amp; Ulbrich Rechtsanw\u00e4lte van juli 2019 tot augustus 2021<\/li>\n\n\n\n<li>Advocaat, advocatenkantoor Ghendler Ruvinskij van september 2021 tot november 2023<\/li>\n\n\n\n<li>Werknemer advocaat, Mingers Rechtsanw\u00e4lte van december 2023 tot februari 2025<\/li>\n<\/ul>\n<\/details>\n\n\n\n<details class=\"wp-block-details has-ast-global-color-5-background-color has-background is-layout-flow wp-block-details-is-layout-flow\" style=\"padding-top:10px;padding-right:20px;padding-bottom:10px;padding-left:20px\"><summary><strong>belangrijkste activiteitengebieden<\/strong><\/summary>\n<ul style=\"margin-top:0px;margin-right:20px;margin-bottom:0px;margin-left:20px\" class=\"wp-block-list\">\n<li>Algemeen Burgerlijk Recht<\/li>\n\n\n\n<li><a href=\"https:\/\/ru.law\/nl\/verkehrsrecht\/\">verkeers- en bestuursdelictenrecht<\/a><\/li>\n\n\n\n<li><a href=\"https:\/\/ru.law\/nl\/versicherungsrecht\/\">verzekeringsrecht (rechtsbijstandsverzekering)<\/a><\/li>\n<\/ul>\n<\/details>\n<\/div>\n\n\n\n<div class=\"wp-block-column has-ast-global-color-4-background-color has-background is-layout-flow wp-block-column-is-layout-flow\" style=\"padding-top:20px;padding-right:20px;padding-bottom:20px;padding-left:20px\">\n<figure class=\"wp-block-image size-full\"><img loading=\"lazy\" decoding=\"async\" width=\"800\" height=\"800\" src=\"https:\/\/ru.law\/wp-content\/uploads\/2021\/08\/Jessica-Bilda_RU.jpg\" alt=\"\" class=\"wp-image-20616\" srcset=\"https:\/\/ru.law\/wp-content\/uploads\/2021\/08\/Jessica-Bilda_RU.jpg 800w, https:\/\/ru.law\/wp-content\/uploads\/2021\/08\/Jessica-Bilda_RU-300x300.jpg 300w, https:\/\/ru.law\/wp-content\/uploads\/2021\/08\/Jessica-Bilda_RU-150x150.jpg 150w, https:\/\/ru.law\/wp-content\/uploads\/2021\/08\/Jessica-Bilda_RU-768x768.jpg 768w\" sizes=\"auto, (max-width: 800px) 100vw, 800px\" \/><\/figure>\n\n\n\n<h4 class=\"wp-block-heading\" id=\"h-jessica-steinberg\"><strong>Jessica Steinberg<\/strong><\/h4>\n\n\n\n<p>advocaat sinds 2021<\/p>\n\n\n\n<details class=\"wp-block-details has-ast-global-color-5-background-color has-background is-layout-flow wp-block-details-is-layout-flow\" style=\"padding-top:10px;padding-right:20px;padding-bottom:10px;padding-left:20px\"><summary><strong>Professionele achtergrond<\/strong><\/summary>\n<p>Studeerde rechten aan de Universiteit van Trier met een focus op het handels- en fiscaal strafrecht<\/p>\n\n\n\n<p>juridische stage bij de Arrondissementsrechtbank van M\u00f6nchengladbach<\/p>\n\n\n\n<ul style=\"margin-top:0px;margin-right:20px;margin-bottom:0px;margin-left:20px\" class=\"wp-block-list\">\n<li>Sinds augustus 2021 advocaat bij advocatenkantoor Rogert &amp; Ulbrich<\/li>\n<\/ul>\n<\/details>\n\n\n\n<details class=\"wp-block-details has-ast-global-color-5-background-color has-background is-layout-flow wp-block-details-is-layout-flow\" style=\"padding-top:10px;padding-right:20px;padding-bottom:10px;padding-left:20px\"><summary><strong>belangrijkste activiteitengebieden<\/strong><\/summary>\n<ul style=\"margin-top:0px;margin-right:20px;margin-bottom:0px;margin-left:20px\" class=\"wp-block-list\">\n<li>Algemeen Burgerlijk Recht<\/li>\n\n\n\n<li><a href=\"https:\/\/ru.law\/nl\/verbraucherschutz\/\">consumentenbeschermingsrecht<\/a><\/li>\n<\/ul>\n<\/details>\n<\/div>\n<\/div>\n<\/div><\/div>\n\n\n\n<div class=\"wp-block-uagb-container uagb-block-75ecff35 alignfull uagb-is-root-container\"><div class=\"uagb-container-inner-blocks-wrap\">\n<h2 class=\"wp-block-heading has-text-align-center\" id=\"h-grossartige-perspektiven-in-einer-expandierenden-kanzlei\">Geweldige perspectieven<br>in een groeiend advocatenkantoor<\/h2>\n\n\n\n<p class=\"has-text-align-center\"><strong>Solliciteer nu en maak deel uit van een sterk team.<\/strong><\/p>\n\n\n\n<div class=\"wp-block-buttons center is-horizontal is-content-justification-center is-layout-flex wp-container-core-buttons-is-layout-03627597 wp-block-buttons-is-layout-flex\">\n<div class=\"wp-block-button secondaryButton\"><a class=\"wp-block-button__link wp-element-button\" href=\"https:\/\/ru.law\/nl\/kanzlei\/karriere\/\">Huidige vacatures<\/a><\/div>\n<\/div>\n<\/div><\/div>","protected":false},"excerpt":{"rendered":"<p>Wir sorgen daf\u00fcr, dass Sie zu Ihrem Recht kommen. Die Kanzlei Rogert &amp; Ulbrich wurde 2007 von Dr. Marco Rogert und Tobias Ulbrich in D\u00fcsseldorf [&hellip;]<\/p>\n","protected":false},"author":2,"featured_media":1660,"parent":6,"menu_order":0,"comment_status":"closed","ping_status":"closed","template":"","meta":{"_uag_custom_page_level_css":"","site-sidebar-layout":"default","site-content-layout":"default","ast-site-content-layout":"default","site-content-style":"default","site-sidebar-style":"default","ast-global-header-display":"","ast-banner-title-visibility":"","ast-main-header-display":"","ast-hfb-above-header-display":"","ast-hfb-below-header-display":"","ast-hfb-mobile-header-display":"","site-post-title":"disabled","ast-breadcrumbs-content":"","ast-featured-img":"disabled","footer-sml-layout":"","ast-disable-related-posts":"","theme-transparent-header-meta":"default","adv-header-id-meta":"","stick-header-meta":"","header-above-stick-meta":"","header-main-stick-meta":"","header-below-stick-meta":"","astra-migrate-meta-layouts":"set","ast-page-background-enabled":"default","ast-page-background-meta":{"desktop":{"background-color":"","background-image":"","background-repeat":"repeat","background-position":"center center","background-size":"auto","background-attachment":"scroll","background-type":"","background-media":"","overlay-type":"","overlay-color":"","overlay-opacity":"","overlay-gradient":""},"tablet":{"background-color":"","background-image":"","background-repeat":"repeat","background-position":"center center","background-size":"auto","background-attachment":"scroll","background-type":"","background-media":"","overlay-type":"","overlay-color":"","overlay-opacity":"","overlay-gradient":""},"mobile":{"background-color":"","background-image":"","background-repeat":"repeat","background-position":"center center","background-size":"auto","background-attachment":"scroll","background-type":"","background-media":"","overlay-type":"","overlay-color":"","overlay-opacity":"","overlay-gradient":""}},"ast-content-background-meta":{"desktop":{"background-color":"var(--ast-global-color-5)","background-image":"","background-repeat":"repeat","background-position":"center center","background-size":"auto","background-attachment":"scroll","background-type":"","background-media":"","overlay-type":"","overlay-color":"","overlay-opacity":"","overlay-gradient":""},"tablet":{"background-color":"var(--ast-global-color-5)","background-image":"","background-repeat":"repeat","background-position":"center center","background-size":"auto","background-attachment":"scroll","background-type":"","background-media":"","overlay-type":"","overlay-color":"","overlay-opacity":"","overlay-gradient":""},"mobile":{"background-color":"var(--ast-global-color-5)","background-image":"","background-repeat":"repeat","background-position":"center center","background-size":"auto","background-attachment":"scroll","background-type":"","background-media":"","overlay-type":"","overlay-color":"","overlay-opacity":"","overlay-gradient":""}},"footnotes":""},"class_list":["post-140","page","type-page","status-publish","has-post-thumbnail","hentry"],"yoast_head":"<!-- This site is optimized with the Yoast SEO Premium plugin v27.4 (Yoast SEO v27.4) - https:\/\/yoast.com\/product\/yoast-seo-premium-wordpress\/ -->\n<title>Kanzlei Rogert &amp; Ulbrich \u2013 Konsequente Rechtsvertretung bundesweit<\/title>\n<meta name=\"description\" content=\"Wir k\u00e4mpfen f\u00fcr Ihr Recht \u2013 kompromisslos und bundesweit. Kanzlei Rogert &amp; Ulbrich: Ihr Ansprechpartner in jeglichen Rechtsfragen\" \/>\n<meta name=\"robots\" content=\"index, follow, max-snippet:-1, max-image-preview:large, max-video-preview:-1\" \/>\n<link rel=\"canonical\" href=\"https:\/\/ru.law\/nl\/kanzlei\/rechtsanwaelte\/\" \/>\n<meta property=\"og:locale\" content=\"nl_NL\" \/>\n<meta property=\"og:type\" content=\"article\" \/>\n<meta property=\"og:title\" content=\"Rechtsanw\u00e4lte\" \/>\n<meta property=\"og:description\" content=\"Wir k\u00e4mpfen f\u00fcr Ihr Recht \u2013 kompromisslos und bundesweit. Kanzlei Rogert &amp; Ulbrich: Ihr Ansprechpartner in jeglichen Rechtsfragen\" \/>\n<meta property=\"og:url\" content=\"https:\/\/ru.law\/nl\/kanzlei\/rechtsanwaelte\/\" \/>\n<meta property=\"og:site_name\" content=\"R&amp;U\" \/>\n<meta property=\"article:publisher\" content=\"https:\/\/www.facebook.com\/RogertUlbrich\/\" \/>\n<meta property=\"article:modified_time\" content=\"2026-04-08T07:58:03+00:00\" \/>\n<meta name=\"twitter:card\" content=\"summary_large_image\" \/>\n<meta name=\"twitter:site\" content=\"@RogertUlbrich\" \/>\n<script type=\"application\/ld+json\" class=\"yoast-schema-graph\">{\"@context\":\"https:\\\/\\\/schema.org\",\"@graph\":[{\"@type\":\"WebPage\",\"@id\":\"https:\\\/\\\/ru.law\\\/kanzlei\\\/rechtsanwaelte\\\/\",\"url\":\"https:\\\/\\\/ru.law\\\/kanzlei\\\/rechtsanwaelte\\\/\",\"name\":\"Kanzlei Rogert & Ulbrich \u2013 Konsequente Rechtsvertretung bundesweit\",\"isPartOf\":{\"@id\":\"https:\\\/\\\/ru.law\\\/#website\"},\"primaryImageOfPage\":{\"@id\":\"https:\\\/\\\/ru.law\\\/kanzlei\\\/rechtsanwaelte\\\/#primaryimage\"},\"image\":{\"@id\":\"https:\\\/\\\/ru.law\\\/kanzlei\\\/rechtsanwaelte\\\/#primaryimage\"},\"thumbnailUrl\":\"\",\"datePublished\":\"2020-07-20T11:21:51+00:00\",\"dateModified\":\"2026-04-08T07:58:03+00:00\",\"description\":\"Wir k\u00e4mpfen f\u00fcr Ihr Recht \u2013 kompromisslos und bundesweit. Kanzlei Rogert & Ulbrich: Ihr Ansprechpartner in jeglichen Rechtsfragen\",\"breadcrumb\":{\"@id\":\"https:\\\/\\\/ru.law\\\/kanzlei\\\/rechtsanwaelte\\\/#breadcrumb\"},\"inLanguage\":\"nl-NL\",\"potentialAction\":[{\"@type\":\"ReadAction\",\"target\":[\"https:\\\/\\\/ru.law\\\/kanzlei\\\/rechtsanwaelte\\\/\"]}]},{\"@type\":\"ImageObject\",\"inLanguage\":\"nl-NL\",\"@id\":\"https:\\\/\\\/ru.law\\\/kanzlei\\\/rechtsanwaelte\\\/#primaryimage\",\"url\":\"\",\"contentUrl\":\"\"},{\"@type\":\"BreadcrumbList\",\"@id\":\"https:\\\/\\\/ru.law\\\/kanzlei\\\/rechtsanwaelte\\\/#breadcrumb\",\"itemListElement\":[{\"@type\":\"ListItem\",\"position\":1,\"name\":\"Startseite\",\"item\":\"https:\\\/\\\/ru.law\\\/\"},{\"@type\":\"ListItem\",\"position\":2,\"name\":\"Kanzlei\",\"item\":\"https:\\\/\\\/ru.law\\\/?page_id=6\"},{\"@type\":\"ListItem\",\"position\":3,\"name\":\"Rechtsanw\u00e4lte\"}]},{\"@type\":\"WebSite\",\"@id\":\"https:\\\/\\\/ru.law\\\/#website\",\"url\":\"https:\\\/\\\/ru.law\\\/\",\"name\":\"R&U\",\"description\":\"Verbraucheranw\u00e4lte\",\"publisher\":{\"@id\":\"https:\\\/\\\/ru.law\\\/#organization\"},\"alternateName\":\"Rogert & Ulbrich\",\"potentialAction\":[{\"@type\":\"SearchAction\",\"target\":{\"@type\":\"EntryPoint\",\"urlTemplate\":\"https:\\\/\\\/ru.law\\\/?s={search_term_string}\"},\"query-input\":{\"@type\":\"PropertyValueSpecification\",\"valueRequired\":true,\"valueName\":\"search_term_string\"}}],\"inLanguage\":\"nl-NL\"},{\"@type\":\"Organization\",\"@id\":\"https:\\\/\\\/ru.law\\\/#organization\",\"name\":\"Kanzlei Rogert & Ulbrich\",\"url\":\"https:\\\/\\\/ru.law\\\/\",\"logo\":{\"@type\":\"ImageObject\",\"inLanguage\":\"nl-NL\",\"@id\":\"https:\\\/\\\/ru.law\\\/#\\\/schema\\\/logo\\\/image\\\/\",\"url\":\"https:\\\/\\\/ru.law\\\/wp-content\\\/uploads\\\/2020\\\/12\\\/logo-ru-law.svg\",\"contentUrl\":\"https:\\\/\\\/ru.law\\\/wp-content\\\/uploads\\\/2020\\\/12\\\/logo-ru-law.svg\",\"width\":992,\"height\":259,\"caption\":\"Kanzlei Rogert & Ulbrich\"},\"image\":{\"@id\":\"https:\\\/\\\/ru.law\\\/#\\\/schema\\\/logo\\\/image\\\/\"},\"sameAs\":[\"https:\\\/\\\/www.facebook.com\\\/RogertUlbrich\\\/\",\"https:\\\/\\\/x.com\\\/RogertUlbrich\",\"https:\\\/\\\/www.instagram.com\\\/rogertulbrich\\\/\",\"https:\\\/\\\/www.linkedin.com\\\/company\\\/rogert-ulbrich\\\/\",\"https:\\\/\\\/www.youtube.com\\\/channel\\\/UCganCgpvwpPFqMFf1vVmG2A\"]}]}<\/script>\n<!-- \/ Yoast SEO Premium plugin. -->","yoast_head_json":{"title":"Kanzlei Rogert & Ulbrich \u2013 Konsequente Rechtsvertretung bundesweit","description":"Wir k\u00e4mpfen f\u00fcr Ihr Recht \u2013 kompromisslos und bundesweit. Kanzlei Rogert & Ulbrich: Ihr Ansprechpartner in jeglichen Rechtsfragen","robots":{"index":"index","follow":"follow","max-snippet":"max-snippet:-1","max-image-preview":"max-image-preview:large","max-video-preview":"max-video-preview:-1"},"canonical":"https:\/\/ru.law\/nl\/kanzlei\/rechtsanwaelte\/","og_locale":"nl_NL","og_type":"article","og_title":"Rechtsanw\u00e4lte","og_description":"Wir k\u00e4mpfen f\u00fcr Ihr Recht \u2013 kompromisslos und bundesweit. Kanzlei Rogert & Ulbrich: Ihr Ansprechpartner in jeglichen Rechtsfragen","og_url":"https:\/\/ru.law\/nl\/kanzlei\/rechtsanwaelte\/","og_site_name":"R&amp;U","article_publisher":"https:\/\/www.facebook.com\/RogertUlbrich\/","article_modified_time":"2026-04-08T07:58:03+00:00","twitter_card":"summary_large_image","twitter_site":"@RogertUlbrich","schema":{"@context":"https:\/\/schema.org","@graph":[{"@type":"WebPage","@id":"https:\/\/ru.law\/kanzlei\/rechtsanwaelte\/","url":"https:\/\/ru.law\/kanzlei\/rechtsanwaelte\/","name":"Kanzlei Rogert & Ulbrich \u2013 Konsequente Rechtsvertretung bundesweit","isPartOf":{"@id":"https:\/\/ru.law\/#website"},"primaryImageOfPage":{"@id":"https:\/\/ru.law\/kanzlei\/rechtsanwaelte\/#primaryimage"},"image":{"@id":"https:\/\/ru.law\/kanzlei\/rechtsanwaelte\/#primaryimage"},"thumbnailUrl":"","datePublished":"2020-07-20T11:21:51+00:00","dateModified":"2026-04-08T07:58:03+00:00","description":"Wir k\u00e4mpfen f\u00fcr Ihr Recht \u2013 kompromisslos und bundesweit. Kanzlei Rogert & Ulbrich: Ihr Ansprechpartner in jeglichen Rechtsfragen","breadcrumb":{"@id":"https:\/\/ru.law\/kanzlei\/rechtsanwaelte\/#breadcrumb"},"inLanguage":"nl-NL","potentialAction":[{"@type":"ReadAction","target":["https:\/\/ru.law\/kanzlei\/rechtsanwaelte\/"]}]},{"@type":"ImageObject","inLanguage":"nl-NL","@id":"https:\/\/ru.law\/kanzlei\/rechtsanwaelte\/#primaryimage","url":"","contentUrl":""},{"@type":"BreadcrumbList","@id":"https:\/\/ru.law\/kanzlei\/rechtsanwaelte\/#breadcrumb","itemListElement":[{"@type":"ListItem","position":1,"name":"Startseite","item":"https:\/\/ru.law\/"},{"@type":"ListItem","position":2,"name":"Kanzlei","item":"https:\/\/ru.law\/?page_id=6"},{"@type":"ListItem","position":3,"name":"Rechtsanw\u00e4lte"}]},{"@type":"WebSite","@id":"https:\/\/ru.law\/#website","url":"https:\/\/ru.law\/","name":"R&amp;U","description":"Consumentenadvocaten","publisher":{"@id":"https:\/\/ru.law\/#organization"},"alternateName":"Rogert & Ulbrich","potentialAction":[{"@type":"SearchAction","target":{"@type":"EntryPoint","urlTemplate":"https:\/\/ru.law\/?s={search_term_string}"},"query-input":{"@type":"PropertyValueSpecification","valueRequired":true,"valueName":"search_term_string"}}],"inLanguage":"nl-NL"},{"@type":"Organization","@id":"https:\/\/ru.law\/#organization","name":"Advocatenkantoor Rogert &amp; Ulbrich","url":"https:\/\/ru.law\/","logo":{"@type":"ImageObject","inLanguage":"nl-NL","@id":"https:\/\/ru.law\/#\/schema\/logo\/image\/","url":"https:\/\/ru.law\/wp-content\/uploads\/2020\/12\/logo-ru-law.svg","contentUrl":"https:\/\/ru.law\/wp-content\/uploads\/2020\/12\/logo-ru-law.svg","width":992,"height":259,"caption":"Kanzlei Rogert & Ulbrich"},"image":{"@id":"https:\/\/ru.law\/#\/schema\/logo\/image\/"},"sameAs":["https:\/\/www.facebook.com\/RogertUlbrich\/","https:\/\/x.com\/RogertUlbrich","https:\/\/www.instagram.com\/rogertulbrich\/","https:\/\/www.linkedin.com\/company\/rogert-ulbrich\/","https:\/\/www.youtube.com\/channel\/UCganCgpvwpPFqMFf1vVmG2A"]}]}},"uagb_featured_image_src":{"full":false,"thumbnail":false,"medium":false,"medium_large":false,"large":false,"1536x1536":false,"2048x2048":false,"trp-custom-language-flag":false},"uagb_author_info":{"display_name":"Stefan Selge","author_link":"https:\/\/ru.law\/nl\/author\/selge\/"},"uagb_comment_info":0,"uagb_excerpt":"Wir sorgen daf\u00fcr, dass Sie zu Ihrem Recht kommen. Die Kanzlei Rogert &amp; Ulbrich wurde 2007 von Dr. Marco Rogert und Tobias Ulbrich in D\u00fcsseldorf [&hellip;]","_links":{"self":[{"href":"https:\/\/ru.law\/nl\/wp-json\/wp\/v2\/pages\/140","targetHints":{"allow":["GET"]}}],"collection":[{"href":"https:\/\/ru.law\/nl\/wp-json\/wp\/v2\/pages"}],"about":[{"href":"https:\/\/ru.law\/nl\/wp-json\/wp\/v2\/types\/page"}],"author":[{"embeddable":true,"href":"https:\/\/ru.law\/nl\/wp-json\/wp\/v2\/users\/2"}],"replies":[{"embeddable":true,"href":"https:\/\/ru.law\/nl\/wp-json\/wp\/v2\/comments?post=140"}],"version-history":[{"count":0,"href":"https:\/\/ru.law\/nl\/wp-json\/wp\/v2\/pages\/140\/revisions"}],"up":[{"embeddable":true,"href":"https:\/\/ru.law\/nl\/wp-json\/wp\/v2\/pages\/6"}],"wp:featuredmedia":[{"embeddable":true,"href":"https:\/\/ru.law\/nl\/wp-json\/"}],"wp:attachment":[{"href":"https:\/\/ru.law\/nl\/wp-json\/wp\/v2\/media?parent=140"}],"curies":[{"name":"wp","href":"https:\/\/api.w.org\/{rel}","templated":true}]}}