{"id":81420,"date":"2024-10-25T12:36:16","date_gmt":"2024-10-25T10:36:16","guid":{"rendered":"https:\/\/ru.law\/?page_id=81420"},"modified":"2026-04-08T10:01:41","modified_gmt":"2026-04-08T08:01:41","slug":"automotive","status":"publish","type":"page","link":"https:\/\/ru.law\/en\/expertise\/automotive\/","title":{"rendered":"Automotive"},"content":{"rendered":"<div class=\"wp-block-uagb-container uagb-block-13bb96a3 alignfull uagb-is-root-container\"><div class=\"uagb-container__video-wrap\"><video autoplay loop muted playsinline><source src=\"https:\/\/ru.law\/wp-content\/uploads\/2021\/05\/RU-AS-Webseite-Video-Abgas.mp4\" type=\"video\/mp4\"\/><\/video><\/div><div class=\"uagb-container-inner-blocks-wrap\">\n<div class=\"wp-block-group is-content-justification-left is-layout-constrained wp-container-core-group-is-layout-8b4c372c wp-block-group-is-layout-constrained\"><div class=\"wp-block-group__inner-container\">\n<h1 class=\"wp-block-heading videoheadline\" id=\"h-rechtsanwaltskanzlei-fur-verbraucher-im-bereich-automotive\">law firm for consumers <br><strong>in the automotive sector<\/strong><\/h1>\n\n\n\n<div class=\"wp-block-buttons ghostkit-custom-1WOoXe is-layout-flex wp-block-buttons-is-layout-flex\">\n<div class=\"wp-block-button hideOnDesktop\"><a class=\"wp-block-button__link wp-element-button\" href=\"#erstberatung\">initial telephone consultation<\/a><\/div>\n<\/div>\n<\/div><\/div>\n<\/div><\/div>\n\n\n\n<div class=\"wp-block-uagb-container uagb-block-bd558900 alignfull uagb-is-root-container\"><div class=\"uagb-container-inner-blocks-wrap\">\n<div class=\"wp-block-columns is-layout-flex wp-container-core-columns-is-layout-c2d6fa21 wp-block-columns-is-layout-flex\">\n<div class=\"wp-block-column is-layout-flow wp-block-column-is-layout-flow\" style=\"flex-basis:66.66%\">\n<h2 class=\"wp-block-heading\" id=\"h-gehen-sie-jetzt-gegen-fahrzeughersteller-oder-handler-vor\">Take action against vehicle manufacturers or dealers now!<\/h2>\n\n\n\n<p>The automotive industry is constantly changing, and so are your rights as a consumer. <\/p>\n\n\n\n<p>Find out about important topics such as <a href=\"https:\/\/ru.law\/en\/verkehrsrecht-bmw-ruckruf-bremsen\/\">recall of BMW brakes<\/a>, dem <a href=\"https:\/\/ru.law\/en\/tesla-waechtermodus\/\">data protection law<\/a>, the challenges of electric vehicles and hybrid vehicles and your options for <a href=\"https:\/\/ru.law\/en\/leasing-und-mietwagen-rueckgabe\/\">return of leased vehicles<\/a>We are also at your side in the context of the diesel scandal to help you assert your claims.<\/p>\n\n\n\n<p>You too can trust the competence and assertiveness of R&amp;U lawyers. <strong>During the initial telephone consultation, we will check for you whether your vehicle is affected by one of the cases and advise you individually on the best course of action.<\/strong> Arrange your desired appointment now without obligation.<\/p>\n\n\n\n<p>We closely monitor current developments and are committed to your needs!<\/p>\n<\/div>\n\n\n\n<div class=\"wp-block-column uag-hide-mob is-layout-flow wp-block-column-is-layout-flow\" style=\"padding-right:70px;padding-left:70px;flex-basis:33.33%\">\n<div class=\"wp-block-group stoerer has-background is-layout-constrained wp-block-group-is-layout-constrained\" style=\"border-radius:400px;background-color:#bc133e;min-height:250px;margin-top:-150px\"><div class=\"wp-block-group__inner-container\">\n<p class=\"has-text-align-center has-ast-global-color-5-color has-text-color has-link-color wp-elements-f03051db45e4a2630ecdad8f33b8844e\" style=\"padding-top:75px;padding-bottom:75px;font-size:28px;line-height:1.3\">We set <br><strong>your demands <\/strong><br>through.<\/p>\n<\/div><\/div>\n<\/div>\n<\/div>\n<\/div><\/div>\n\n\n\n<div class=\"wp-block-uagb-container uagb-block-c7e8fe4e alignfull uagb-is-root-container\"><div class=\"uagb-container-inner-blocks-wrap\">\n<h2 class=\"wp-block-heading has-text-align-center ghostkit-custom-ZLUNvQ\" id=\"h-aktuelle-themen-im-automotive-bereich\">Current topics in the automotive sector<\/h2>\n\n\n\n<div class=\"wp-block-columns ghostkit-custom-Z1cbwsF is-layout-flex wp-container-core-columns-is-layout-c357d376 wp-block-columns-is-layout-flex\" style=\"margin-bottom:20px\">\n<div class=\"wp-block-column pictureBox has-ast-global-color-4-background-color has-background is-layout-flow wp-block-column-is-layout-flow\">\n<figure class=\"wp-block-image size-full\"><a href=\"#BMW-Bremsen-R\u00fcckruf\"><img loading=\"lazy\" decoding=\"async\" width=\"2560\" height=\"1435\" src=\"https:\/\/ru.law\/wp-content\/uploads\/2024\/10\/AdobeStock_716130854-scaled.jpeg\" alt=\"\" class=\"wp-image-81326\" srcset=\"https:\/\/ru.law\/wp-content\/uploads\/2024\/10\/AdobeStock_716130854-scaled.jpeg 2560w, https:\/\/ru.law\/wp-content\/uploads\/2024\/10\/AdobeStock_716130854-768x430.jpeg 768w, https:\/\/ru.law\/wp-content\/uploads\/2024\/10\/AdobeStock_716130854-1536x861.jpeg 1536w, https:\/\/ru.law\/wp-content\/uploads\/2024\/10\/AdobeStock_716130854-2048x1148.jpeg 2048w\" sizes=\"auto, (max-width: 2560px) 100vw, 2560px\" \/><\/a><figcaption class=\"wp-element-caption\"><strong>BMW brake recall<\/strong><\/figcaption><\/figure>\n<\/div>\n\n\n\n<div class=\"wp-block-column pictureBox has-ast-global-color-4-background-color has-background is-layout-flow wp-block-column-is-layout-flow\">\n<figure class=\"wp-block-image size-full\"><a href=\"#leasing\"><img loading=\"lazy\" decoding=\"async\" width=\"768\" height=\"433\" src=\"https:\/\/ru.law\/wp-content\/uploads\/2022\/05\/Leasing-Mietwagen-Rueckgabe.jpg\" alt=\"\" class=\"wp-image-30451\" srcset=\"https:\/\/ru.law\/wp-content\/uploads\/2022\/05\/Leasing-Mietwagen-Rueckgabe.jpg 768w, https:\/\/ru.law\/wp-content\/uploads\/2022\/05\/Leasing-Mietwagen-Rueckgabe-300x169.jpg 300w\" sizes=\"auto, (max-width: 768px) 100vw, 768px\" \/><\/a><figcaption class=\"wp-element-caption\"><strong>leased vehicle return<\/strong><\/figcaption><\/figure>\n<\/div>\n<\/div>\n\n\n\n<div class=\"wp-block-columns ghostkit-custom-Z1cbwsF is-layout-flex wp-container-core-columns-is-layout-c357d376 wp-block-columns-is-layout-flex\" style=\"margin-bottom:20px\">\n<div class=\"wp-block-column pictureBox ghostkit-custom-VeXUw has-ast-global-color-4-background-color has-background is-layout-flow wp-block-column-is-layout-flow\">\n<figure class=\"wp-block-image size-full\"><a href=\"#Abgasskandal\"><img loading=\"lazy\" decoding=\"async\" width=\"1024\" height=\"600\" src=\"https:\/\/ru.law\/wp-content\/uploads\/2023\/06\/rogert-ulbrich-kanzlei-diesel-abgasskandal-klage.png\" alt=\"\" class=\"wp-image-54102\" srcset=\"https:\/\/ru.law\/wp-content\/uploads\/2023\/06\/rogert-ulbrich-kanzlei-diesel-abgasskandal-klage.png 1024w, https:\/\/ru.law\/wp-content\/uploads\/2023\/06\/rogert-ulbrich-kanzlei-diesel-abgasskandal-klage-768x450.png 768w\" sizes=\"auto, (max-width: 1024px) 100vw, 1024px\" \/><\/a><figcaption class=\"wp-element-caption\">emissions scandal<\/figcaption><\/figure>\n<\/div>\n\n\n\n<div class=\"wp-block-column pictureBox has-ast-global-color-4-background-color has-background is-layout-flow wp-block-column-is-layout-flow\">\n<figure class=\"wp-block-image size-full\"><a href=\"#plug-in-hybride-elektrofahrzeuge-und-verbrenner\"><img loading=\"lazy\" decoding=\"async\" width=\"1024\" height=\"600\" src=\"https:\/\/ru.law\/wp-content\/uploads\/2023\/12\/rechtsanwalt-marco-rogert-tobias-ulbrich-kanzlei-elektroauto-eauto-foerderung20.png\" alt=\"F\u00f6rderantrag Zulassung Umweltbonus-Programm Elektromobilit\u00e4t\" class=\"wp-image-72156\" style=\"object-fit:cover\" srcset=\"https:\/\/ru.law\/wp-content\/uploads\/2023\/12\/rechtsanwalt-marco-rogert-tobias-ulbrich-kanzlei-elektroauto-eauto-foerderung20.png 1024w, https:\/\/ru.law\/wp-content\/uploads\/2023\/12\/rechtsanwalt-marco-rogert-tobias-ulbrich-kanzlei-elektroauto-eauto-foerderung20-768x450.png 768w\" sizes=\"auto, (max-width: 1024px) 100vw, 1024px\" \/><\/a><figcaption class=\"wp-element-caption\"><strong>Hybrid &amp; Electric Vehicles<\/strong><\/figcaption><\/figure>\n<\/div>\n<\/div>\n<\/div><\/div>\n\n\n\n<div id=\"schritte\" class=\"wp-block-uagb-container uagb-block-ae38dfcc alignfull uagb-is-root-container\"><div class=\"uagb-container-inner-blocks-wrap\">\n<h2 class=\"wp-block-heading has-ast-global-color-5-color has-text-color has-link-color wp-elements-34ddaf2dbea25c7f45ebe42125a11ccc\" id=\"h-in-nur-3-schritten-zur-entschadigung-einfach-bequem-amp-schnell-wir-setzten-ihr-recht-durch\">Compensation in just 3 steps<br><em>Simple, convenient &amp; fast \u2013 we enforce your rights.<\/em><\/h2>\n\n\n\n<div class=\"wp-block-columns is-layout-flex wp-container-core-columns-is-layout-c2d6fa21 wp-block-columns-is-layout-flex\">\n<div class=\"wp-block-column home-expert is-layout-flow wp-block-column-is-layout-flow\">\n<h3 class=\"wp-block-heading ghostkit-custom-1e5Eru has-ast-global-color-5-color has-text-color has-link-color wp-elements-35b23843d29c2ee8f0b9cf386e666364\" id=\"h-beauftragung\">commissioning<\/h3>\n\n\n\n<p class=\"has-text-align-left has-ast-global-color-5-color has-text-color has-link-color wp-elements-d02cae5d63662bbc7a27a7e9dc49340a\">Give us your mandate easily and conveniently via online form from home.<\/p>\n\n\n\n<span class=\"stepCount\">1<\/span>\n<\/div>\n\n\n\n<div class=\"wp-block-column home-expert is-layout-flow wp-block-column-is-layout-flow\">\n<h3 class=\"wp-block-heading ghostkit-custom-26ThBD has-ast-global-color-5-color has-text-color has-link-color wp-elements-fd6f7080ba6218bb0f41c170802909a1\" id=\"h-klage-amp-prozess\">lawsuit &amp; trial<\/h3>\n\n\n\n<p class=\"has-ast-global-color-5-color has-text-color has-link-color wp-elements-32ec89fd71af964f09ecc5fb6f3de1f9\">We will take care of all the remaining steps for you. Sit back and relax.<\/p>\n\n\n\n<span class=\"stepCount\">2<\/span>\n<\/div>\n\n\n\n<div class=\"wp-block-column home-expert is-layout-flow wp-block-column-is-layout-flow\">\n<h3 class=\"wp-block-heading ghostkit-custom-trLB1 has-ast-global-color-5-color has-text-color has-link-color wp-elements-ea8f92eea1af02b9c3d4088d87297369\" id=\"h-entschadigung\">Compensation<\/h3>\n\n\n\n<p class=\"has-text-align-left has-ast-global-color-5-color has-text-color has-link-color wp-elements-a5f9b31439424b0236b75a96422af1d4\">You will receive the compensation directly into your account and celebrate your success.<\/p>\n\n\n\n<span class=\"stepCount\">3<\/span>\n<\/div>\n<\/div>\n<\/div><\/div>\n\n\n\n<div id=\"BMW-Bremsen-R\u00fcckruf\" class=\"wp-block-uagb-container uagb-block-93fc0172 alignfull uagb-is-root-container\"><div class=\"uagb-container-inner-blocks-wrap\">\n<h2 class=\"wp-block-heading\" id=\"h-bmw-bremsen-ruckruf\">BMW brake recall<\/h2>\n\n\n\n<p class=\"has-text-align-left\">On October 20, 2024, a serious highway accident <a href=\"https:\/\/ru.law\/en\/millionen-rueckruf-bei-bmw-klage-eines-mannes-nach-schwerem-unfall\/\">reported with a BMW X7<\/a>, which was recently recalled due to a malfunction in the braking system. The driver, who had purchased the vehicle just a few months previously, suddenly and unexpectedly had to dramatically increase the braking force during a trip because the anti-lock braking system (ABS) and dynamic stability control (DSC) had failed. Despite increased braking force and a braking distance of around 200 meters, the car collided with another vehicle. Although the vehicle was not drivable due to a mobility guarantee, BMW referred the driver to public transport without offering an immediate solution. <strong>It was only three days after the accident that the driver received the recall and the information that ABS and DSC might fail.<\/strong><\/p>\n\n\n\n<p class=\"has-text-align-left\">After inquiries from a reputable newspaper, BMW determined that there were no faults with the braking system. However, it was later confirmed that the <strong>vehicle had a system malfunction<\/strong> and the integrated braking system (IBS) must be replaced. These contradictions raise questions about BMW\u2019s transparency and responsibility. In response to the incidents, BMW announced a <strong>delivery stop for about 400,000 vehicles<\/strong> which will only be delivered after a software update and, if necessary, a replacement of the braking system. This could take several months.<\/p>\n\n\n\n<div class=\"wp-block-columns is-layout-flex wp-container-core-columns-is-layout-c2d6fa21 wp-block-columns-is-layout-flex\">\n<div class=\"wp-block-column is-layout-flow wp-block-column-is-layout-flow\">\n<h3 class=\"wp-block-heading\" id=\"h-rechte-der-bmw-kunden\">rights of BMW customers<\/h3>\n\n\n\n<p>Affected customers should be aware that for new cars under the <strong>statutory liability for material defects<\/strong> which is valid for two years from purchase. Warranty claims for vehicles purchased in 2022 expire at the end of 2024. <\/p>\n\n\n\n<p>Buyers have the right to <strong>reduction <\/strong>or <strong>withdrawal from the purchase contract<\/strong> and can also claim compensation if the driver is at fault. However, there is no entitlement to a replacement vehicle if the car remains in the workshop for a longer period of time. <\/p>\n\n\n\n<p>Courts tend to grant consumers the right to return the vehicle with a deduction of compensation for use or to award damages. Currently, <strong>all legal protection insurance policies<\/strong> in Germany, the costs, provided that a corresponding contract was concluded at the time of purchase.<\/p>\n<\/div>\n\n\n\n<div class=\"wp-block-column is-vertically-aligned-bottom is-layout-flow wp-block-column-is-layout-flow\">\n<figure class=\"wp-block-image size-full\"><img loading=\"lazy\" decoding=\"async\" width=\"1280\" height=\"853\" src=\"https:\/\/ru.law\/wp-content\/uploads\/2024\/10\/Bremsen.jpeg\" alt=\"BMW R\u00fcckruf Bremsen\" class=\"wp-image-81422\" style=\"box-shadow:var(--wp--preset--shadow--deep)\" srcset=\"https:\/\/ru.law\/wp-content\/uploads\/2024\/10\/Bremsen.jpeg 1280w, https:\/\/ru.law\/wp-content\/uploads\/2024\/10\/Bremsen-768x512.jpeg 768w\" sizes=\"auto, (max-width: 1280px) 100vw, 1280px\" \/><\/figure>\n<\/div>\n<\/div>\n\n\n\n<div class=\"wp-block-buttons ghostkit-custom-1WOoXe is-layout-flex wp-block-buttons-is-layout-flex\" style=\"margin-top:40px\">\n<div class=\"wp-block-button\"><a class=\"wp-block-button__link wp-element-button\" href=\"https:\/\/ru.law\/en\/verkehrsrecht-bmw-ruckruf-bremsen\/#erstberatung\">Directly to the online order<\/a><\/div>\n\n\n\n<div class=\"wp-block-button cta__secondary CQlead\"><a class=\"wp-block-button__link wp-element-button\" href=\"https:\/\/ru.law\/en\/verkehrsrecht-bmw-ruckruf-bremsen\/\">Learn more<\/a><\/div>\n<\/div>\n<\/div><\/div>\n\n\n\n<div id=\"bgh\" class=\"wp-block-uagb-container uagb-block-27f23f3a alignfull uagb-is-root-container\"><div class=\"uagb-container-inner-blocks-wrap\">\n<div class=\"wp-block-columns is-layout-flex wp-container-core-columns-is-layout-c2d6fa21 wp-block-columns-is-layout-flex\">\n<div class=\"wp-block-column is-layout-flow wp-block-column-is-layout-flow\">\n<p class=\"has-text-align-left ghostkit-custom-28rcX\"><mark style=\"background-color:#bc133e\" class=\"has-inline-color has-ast-global-color-5-color\">HNA | October 25, 2024<\/mark><\/p>\n\n\n\n<h3 class=\"wp-block-heading has-text-align-left has-ast-global-color-5-color has-text-color has-link-color wp-elements-dfe8d76cd5aa5a8258cab6ee6a908f4b\" id=\"der-eu-gerichtshof-erleichtert-klagen\">Problems with braking system: Lawsuit against BMW after accident with recall model<\/h3>\n\n\n\n<p class=\"has-text-align-left has-ast-global-color-5-color has-text-color\">BMW has to recall a total of 1.5 million vehicles due to braking problems. In some cases, the integrated braking system shows signal faults that impair the function of the anti-lock braking system (ABS) and the dynamic stability control (DSC). Although the braking performance is generally in line with the law, an inspection of all affected vehicles is still necessary. This recall is expected to result in significant warranty costs and is already having an impact on the share prices of BMW and the supplier Continental.<\/p>\n\n\n\n<div class=\"wp-block-buttons ghostkit-custom-wOSxC is-horizontal is-content-justification-right is-layout-flex wp-container-core-buttons-is-layout-30af2ff6 wp-block-buttons-is-layout-flex\">\n<div class=\"wp-block-button\"><a class=\"wp-block-button__link wp-element-button\" href=\"https:\/\/www.hna.de\/wirtschaft\/probleme-mit-bremssystem-klage-gegen-bmw-nach-unfall-mit-rueckruf-modell-zr-93371317.html\" target=\"_blank\" rel=\"noreferrer noopener\">To the article on HNA<\/a><\/div>\n<\/div>\n<\/div>\n<\/div>\n<\/div><\/div>\n\n\n\n<div class=\"wp-block-uagb-container uagb-block-61a10f3a alignfull uagb-is-root-container\"><div class=\"uagb-container-inner-blocks-wrap\">\n<div class=\"wp-block-columns is-layout-flex wp-container-core-columns-is-layout-c2d6fa21 wp-block-columns-is-layout-flex\">\n<div class=\"wp-block-column is-vertically-aligned-bottom ghostkit-custom-2pmilQ is-layout-flow wp-block-column-is-layout-flow\" style=\"flex-basis:33%\">\n<!-- ProvenExpert Bewertungssiegel -->\n<a href=\"https:\/\/www.provenexpert.com\/rogert-ulbrich-rechtsanwaelte-in-partnerschaft-mbb\/?utm_source=Widget&amp;utm_medium=Widget&amp;utm_campaign=Widget\" title=\"Customer reviews &amp; experiences of Rogert &amp; Ulbrich Rechtsanw\u00e4lte in Partnerschaft mbB. Show more information.\" target=\"_blank\" style=\"text-decoration:none\" class=\"hasshadow\" rel=\"noopener\"><img loading=\"lazy\" decoding=\"async\" src=\"https:\/\/images.provenexpert.com\/5d\/6f\/1139f844bfdcdb06da302ff1981d\/widget_portrait_230_de_0.png\" alt=\"Erfahrungen &amp; Bewertungen zu Rogert &amp; Ulbrich Rechtsanw\u00e4lte in Partnerschaft mbB\" width=\"230\" height=\"276\" style=\"border:0\"><\/a>\n<!-- ProvenExpert Bewertungssiegel -->\n\n\n\n<p><\/p>\n<\/div>\n\n\n\n<div class=\"wp-block-column is-vertically-aligned-center is-layout-flow wp-block-column-is-layout-flow\" style=\"flex-basis:66%\">\n<h3 class=\"wp-block-heading\" id=\"von-unseren-mandanten-ausgezeichnet\">Awarded by our clients<\/h3>\n\n\n\n<p id=\"h-wir-freuen-uns-ber-top-bewertungen-eine-hohe-kundenzufriedenheit\">We are pleased about top ratings and high customer satisfaction.<\/p>\n\n\n\n<ul style=\"margin-left:20px\" class=\"wp-block-list\">\n<li>Non-binding initial consultation<\/li>\n\n\n\n<li>professional &amp; competent lawyers<\/li>\n\n\n\n<li>first-class &amp; smooth support<\/li>\n\n\n\n<li>full transparency &amp; access to all documents at any time<\/li>\n\n\n\n<li>very good accessibility, by phone &amp; email<\/li>\n<\/ul>\n<\/div>\n<\/div>\n<\/div><\/div>\n\n\n\n<div id=\"plug-in-hybride-elektrofahrzeuge-und-verbrenner\" class=\"wp-block-uagb-container uagb-block-1e0650c3 alignfull uagb-is-root-container\"><div class=\"uagb-container-inner-blocks-wrap\">\n<h2 class=\"wp-block-heading\" id=\"h-plug-in-hybride-elektrofahrzeuge-und-verbrenner\">Plug-in hybrids, electric vehicles and combustion engines<\/h2>\n\n\n\n<div class=\"wp-block-columns is-layout-flex wp-container-core-columns-is-layout-c2d6fa21 wp-block-columns-is-layout-flex\">\n<div class=\"wp-block-column is-layout-flow wp-block-column-is-layout-flow\">\n<h3 class=\"wp-block-heading has-text-align-left\" id=\"der-eu-gerichtshof-erleichtert-klagen\">Deviations in fuel consumption or range<\/h3>\n\n\n\n<p class=\"has-text-align-left\">Many vehicles, especially plug-in hybrids, show significant <a href=\"https:\/\/ru.law\/en\/expertise\/automotive\/tesla-maengel-ansprueche-auf-schadensersatz-geltend-machen\/\">Deviations <\/a>A discrepancy between the stated and actual fuel consumption can be considered a defect, granting buyers legal rights to repair, price reduction, or rescission of the purchase contract. It is important to note that a significant excess consumption of more than 10 percent is required to successfully assert these claims. Such excess consumption can lead to considerable financial burdens for vehicle owners over the years.<\/p>\n<\/div>\n\n\n\n<div class=\"wp-block-column is-layout-flow wp-block-column-is-layout-flow\">\n<h3 class=\"wp-block-heading\" id=\"h-rechte-der-kaufer\">Buyers&#039; Rights<\/h3>\n\n\n\n<p>Affected buyers have several options if their vehicle consumes more fuel than advertised. They can <strong>repairs <\/strong>or the <strong>delivery of a replacement vehicle<\/strong> demand. A <strong>withdrawal from the purchase contract<\/strong> is also possible if the excess consumption is considered significant. Buyers also have the right to reduce the purchase price, <strong>even if the additional consumption is less than 10 percent<\/strong>. In addition, there is the possibility of claiming damages if n<strong>demonstrable damage caused by excessive consumption<\/strong> The actual consumption should be checked by an expert to determine whether the manufacturer&#039;s information is correct.<\/p>\n<\/div>\n<\/div>\n<\/div><\/div>\n\n\n\n<div id=\"bgh\" class=\"wp-block-uagb-container uagb-block-b5422748 alignfull uagb-is-root-container\"><div class=\"uagb-container-inner-blocks-wrap\">\n<div class=\"wp-block-columns is-layout-flex wp-container-core-columns-is-layout-c2d6fa21 wp-block-columns-is-layout-flex\">\n<div class=\"wp-block-column is-layout-flow wp-block-column-is-layout-flow\">\n<p class=\"has-text-align-left ghostkit-custom-28rcX\"><mark style=\"background-color:#bc133e\" class=\"has-inline-color has-ast-global-color-5-color\">FOCUS online | 23.04.2024<\/mark><\/p>\n\n\n\n<h3 class=\"wp-block-heading has-text-align-left has-ast-global-color-5-color has-text-color has-link-color wp-elements-983f3a3d07891565a870d5f7daaca819\" id=\"der-eu-gerichtshof-erleichtert-klagen\">Is your car cheating on fuel consumption? <br>You must know the \u201c10 percent rule\u201d<\/h3>\n\n\n\n<p class=\"has-text-align-left has-ast-global-color-5-color has-text-color\">Plug-in hybrids and other vehicles often exceed the stated fuel consumption. If consumption exceeds 10 percent, buyers can assert legal claims for repair, withdrawal or reduction.<\/p>\n\n\n\n<div class=\"wp-block-buttons is-horizontal is-content-justification-right is-layout-flex wp-container-core-buttons-is-layout-30af2ff6 wp-block-buttons-is-layout-flex\">\n<div class=\"wp-block-button\"><a class=\"wp-block-button__link wp-element-button\" href=\"https:\/\/www.focus.de\/auto\/experten\/rogert\/e-autos-hybride-verbrenner-ihr-auto-trickst-beim-verbrauch-diese-rechte-haben-sie_id_259876751.html\">To the article on FOCUS online<\/a><\/div>\n<\/div>\n<\/div>\n<\/div>\n<\/div><\/div>\n\n\n\n<div class=\"wp-block-uagb-container uagb-block-15666bd8 alignfull uagb-is-root-container\"><div class=\"uagb-container-inner-blocks-wrap\">\n<h2 class=\"wp-block-heading has-text-align-left\" id=\"h-wir-sind-jederzeit-fur-sie-da\">We are always there for you<\/h2>\n\n\n\n<p class=\"has-text-align-left\">Do you have a question? Then just call us without obligation or write to us. Our professional R&amp;U team of lawyers will analyze your case and advise you comprehensively and objectively over the phone. Use our service conveniently and safely from home.<\/p>\n\n\n\n<div class=\"wp-block-columns is-layout-flex wp-container-core-columns-is-layout-12ca2eb4 wp-block-columns-is-layout-flex\" style=\"padding-right:0px;padding-left:0px\">\n<div class=\"wp-block-column has-ast-global-color-5-background-color has-background is-layout-flow wp-block-column-is-layout-flow\" style=\"padding-top:40px;padding-right:20px;padding-bottom:40px;padding-left:20px\">\n<h3 class=\"wp-block-heading ghostkit-custom-Ffc1H\" id=\"telefon\">Call us <\/h3>\n\n\n\n<p id=\"h-wir-beraten-sie-kompetent-zuverl-ssig\">Our R&amp;U lawyers will advise you competently and reliably.<\/p>\n\n\n\n<div class=\"wp-block-buttons alignwide ghostkit-custom-Z1ekQWb is-horizontal is-content-justification-left is-layout-flex wp-container-core-buttons-is-layout-20be11b6 wp-block-buttons-is-layout-flex\">\n<div class=\"wp-block-button ga_phone contactButton ghostkit-custom-1nGh1H\"><a class=\"wp-block-button__link wp-element-button\" href=\"tel:+49 211 819770\"><strong>+49 (0)211 \/ 819770<\/strong><\/a><\/div>\n<\/div>\n<\/div>\n\n\n\n<div class=\"wp-block-column has-ast-global-color-5-background-color has-background is-layout-flow wp-block-column-is-layout-flow\" style=\"padding-top:40px;padding-right:20px;padding-bottom:40px;padding-left:20px\">\n<h3 class=\"wp-block-heading ghostkit-custom-ZuFWDT\" id=\"h-schreiben-sie-uns\">Write to us<\/h3>\n\n\n\n<p>We answer your questions professionally and legally.<\/p>\n\n\n\n<div class=\"wp-block-buttons ghostkit-custom-1Ngk7g is-horizontal is-content-justification-left is-layout-flex wp-container-core-buttons-is-layout-20be11b6 wp-block-buttons-is-layout-flex\">\n<div class=\"wp-block-button contactButton ghostkit-custom-ZsiJYV\"><a class=\"wp-block-button__link wp-element-button\" href=\"mailto:office@ru.law\"><strong>office@ru.law<\/strong><\/a><\/div>\n<\/div>\n<\/div>\n\n\n\n<div class=\"wp-block-column has-ast-global-color-5-background-color has-background is-layout-flow wp-block-column-is-layout-flow\" style=\"padding-top:40px;padding-right:20px;padding-bottom:40px;padding-left:20px\">\n<h3 class=\"wp-block-heading ghostkit-custom-ZBQFEq\" id=\"h-schicken-sie-uns-ein-fax\">Send us a fax<\/h3>\n\n\n\n<p>We look forward to your inquiry and will get back to you promptly.<\/p>\n\n\n\n<div class=\"wp-block-buttons ghostkit-custom-1jsQBg is-horizontal is-content-justification-left is-layout-flex wp-container-core-buttons-is-layout-20be11b6 wp-block-buttons-is-layout-flex\">\n<div class=\"wp-block-button contactButton ghostkit-custom-Z1Tcv3R\"><a class=\"wp-block-button__link wp-element-button\" href=\"fax: +49 (0)211 \/ 81977199\"><strong>+49 (0)211 \/ 81977199<\/strong><\/a><\/div>\n<\/div>\n<\/div>\n<\/div>\n<\/div><\/div>\n\n\n\n<div id=\"Abgasskandal\" class=\"wp-block-uagb-container uagb-block-9b9f998b alignfull uagb-is-root-container\"><div class=\"uagb-container-inner-blocks-wrap\">\n<h2 class=\"wp-block-heading\" id=\"h-abgasskandal\">emissions scandal<\/h2>\n\n\n\n<h3 class=\"wp-block-heading has-text-align-left ghostkit-custom-1xHJH4\" id=\"h-der-dieselabgasskandal-auch-dieselgate-genannt-ist-der-grosste-umwelt-und-industrieskandal-der-jungeren-deutschen-geschichte\">The diesel emissions scandal \u2013 also known as \u201cDieselgate\u201d \u2013 is the biggest environmental and industrial scandal in recent German history.<\/h3>\n\n\n\n<div class=\"wp-block-columns is-layout-flex wp-container-core-columns-is-layout-c2d6fa21 wp-block-columns-is-layout-flex\">\n<div class=\"wp-block-column is-layout-flow wp-block-column-is-layout-flow\">\n<p class=\"has-text-align-left\">It was not the responsible Federal Motor Transport Authority, T\u00dcV or DEKRA that uncovered the scandal, despite their ongoing monitoring obligations and the prescribed measures. <a href=\"https:\/\/ru.law\/en\/expertise\/abgasskandal\/\">Emissions tests <\/a>not uncovered, but the American environmental protection agencies EPA and CARB, in cooperation with the expert office ICCT.<\/p>\n\n\n\n<p>The scandal is based on the fact that the vehicles of the Volkswagen Group, as well as those of other manufacturers, are equipped with defeat devices that are illegal under European and US law and that use insidious sensors to detect that the vehicle is being tested on the test bench.<\/p>\n<\/div>\n\n\n\n<div class=\"wp-block-column is-layout-flow wp-block-column-is-layout-flow\">\n<p><strong>In a test situation, these devices change the exhaust emissions in such a way that the testers are presented with the illusion of a supposedly clean diesel vehicle.<\/strong><\/p>\n\n\n\n<p>We will show you what rights you are entitled to and what options you have for filing a lawsuit. In our initial consultation, we will determine the best way for you to enforce your claim.<\/p>\n\n\n\n<p><strong>Rogert &amp; Ulbrich Rechtsanw\u00e4lte<\/strong>&nbsp;are ready to provide legal support to affected consumers and offer a&nbsp;<strong>professional initial assessment<\/strong>&nbsp;to.<\/p>\n<\/div>\n<\/div>\n\n\n\n<div class=\"wp-block-buttons ghostkit-custom-1WOoXe is-layout-flex wp-block-buttons-is-layout-flex\" style=\"margin-top:40px\">\n<div class=\"wp-block-button\"><a class=\"wp-block-button__link wp-element-button\" href=\"https:\/\/ru.law\/en\/expertise\/abgasskandal\/#erstberatung\">Directly to the online order<\/a><\/div>\n\n\n\n<div class=\"wp-block-button cta__secondary CQlead\"><a class=\"wp-block-button__link wp-element-button\" href=\"https:\/\/ru.law\/en\/expertise\/abgasskandal\/#rechner\">Calculate damages<\/a><\/div>\n<\/div>\n<\/div><\/div>\n\n\n\n<div id=\"bgh\" class=\"wp-block-uagb-container uagb-block-d9cffed6 alignfull uagb-is-root-container\"><div class=\"uagb-container-inner-blocks-wrap\">\n<div class=\"wp-block-columns is-layout-flex wp-container-core-columns-is-layout-c2d6fa21 wp-block-columns-is-layout-flex\">\n<div class=\"wp-block-column is-layout-flow wp-block-column-is-layout-flow\">\n<p class=\"has-text-align-left ghostkit-custom-28rcX\"><mark style=\"background-color:#bc133e\" class=\"has-inline-color has-ast-global-color-5-color\">FOCUS online | 29.03.2023<\/mark><\/p>\n\n\n\n<h3 class=\"wp-block-heading has-text-align-left has-ast-global-color-5-color has-text-color has-link-color wp-elements-abc1caf4c7460437ec1e1540980a4ec7\" id=\"der-eu-gerichtshof-erleichtert-klagen\">The EU Court of Justice makes lawsuits easier <\/h3>\n\n\n\n<p class=\"has-text-align-left has-ast-global-color-5-color has-text-color\">On March 21, 2023, the European Court of Justice (ECJ) ruled that car manufacturers are generally liable for negligent violations of the law, such as the use of a defeat device in exhaust gas purification. Background: Almost all cars with Euro 5 and some with Euro 6 have one or more defeat devices. A claim for compensation or return of the vehicle to the manufacturer is simplified and accelerated by the landmark ruling.<\/p>\n\n\n\n<div class=\"wp-block-buttons ghostkit-custom-1b3OpW is-horizontal is-content-justification-right is-layout-flex wp-container-core-buttons-is-layout-30af2ff6 wp-block-buttons-is-layout-flex\">\n<div class=\"wp-block-button\"><a class=\"wp-block-button__link wp-element-button\" href=\"https:\/\/www.focus.de\/auto\/experten\/rogert\/millionen-autos-betroffen-anwalt-zum-neuen-abgas-urteil-nach-dem-diesel-ist-der-benziner-dran_id_189641885.html\">To the article on FOCUS online<\/a><\/div>\n<\/div>\n<\/div>\n<\/div>\n<\/div><\/div>\n\n\n\n<div class=\"wp-block-uagb-container uagb-block-45666d6c alignfull uagb-is-root-container\"><div class=\"uagb-container__video-wrap\"><video autoplay loop muted playsinline><source src=\"https:\/\/ru.law\/wp-content\/uploads\/2021\/04\/rogert-ulbrich-rechtsanwalt-kanzlei-experte-mandant.mp4\" type=\"video\/mp4\"\/><\/video><\/div><div class=\"uagb-container-inner-blocks-wrap\">\n<div class=\"wp-block-columns is-layout-flex wp-container-core-columns-is-layout-28f84493 wp-block-columns-is-layout-flex\">\n<div class=\"wp-block-column is-layout-flow wp-block-column-is-layout-flow\">\n<p class=\"has-text-align-center has-text-shadow has-ast-global-color-5-color has-text-color has-link-color wp-elements-7d6a0b598814fffecc36d641add74c25\" style=\"margin-top:10px;margin-bottom:10px\">More than<\/p>\n\n\n\n<p class=\"has-text-align-center has-text-shadow has-ast-global-color-5-color has-text-color has-link-color has-large-font-size wp-elements-d11fca26bbaddc44cf90c13b018f3381\" style=\"margin-top:0px;margin-bottom:0px\"><strong>40.000<\/strong><\/p>\n\n\n\n<p class=\"has-text-align-center has-text-shadow has-ast-global-color-5-color has-text-color has-link-color wp-elements-b1fdeb9e3b87f6d511ced729265122d7\" style=\"margin-top:10px;margin-bottom:10px\">mandates assumed<\/p>\n<\/div>\n\n\n\n<div class=\"wp-block-column is-layout-flow wp-block-column-is-layout-flow\">\n<p class=\"has-text-align-center has-text-shadow has-ast-global-color-5-color has-text-color has-link-color wp-elements-f8933b474025a0d63fc2aaf8de7aaa47\" style=\"margin-top:10px;margin-bottom:10px\">Over<\/p>\n\n\n\n<p class=\"has-text-align-center has-text-shadow has-ast-global-color-5-color has-text-color has-link-color has-large-font-size wp-elements-3bb838661f621ffefa4b8433b599aa36\" style=\"margin-top:0px;margin-bottom:0px\"><strong>25.000<\/strong><\/p>\n\n\n\n<p class=\"has-text-align-center has-text-shadow has-ast-global-color-5-color has-text-color has-link-color wp-elements-dc6ace78cda3e14bf4458525c90bd2fe\" style=\"margin-top:10px;margin-bottom:10px\">filed lawsuits<\/p>\n<\/div>\n<\/div>\n<\/div><\/div>\n\n\n\n<div id=\"leasing\" class=\"wp-block-uagb-container uagb-block-9dfea417 alignfull uagb-is-root-container\"><div class=\"uagb-container-inner-blocks-wrap\">\n<h2 class=\"wp-block-heading\" id=\"h-leasing-amp-mietwagen-ruckgabe\">leasing &amp; rental car return<\/h2>\n\n\n\n<h3 class=\"wp-block-heading\" id=\"h-wehren-sie-sich-gegen-uberzogene-und-unberechtigte-nachzahlungsforderungen-bei-der-ruckgabe-von-leasing-fahrzeugen-und-mietwagen\">Defend yourself against excessive and unjustified demands for additional payments when returning leased vehicles and rental cars.<\/h3>\n\n\n\n<p>There are a number of providers who lure customers with attractive leasing offers. Automobile manufacturers such as VW, BMW, Audi &amp; Mercedes as well as specialised companies such as Sixt\/Allane, ALD &amp; AIL have discovered leasing as a lucrative business model. Popular types of contracts are in particular the <a href=\"#faq\">mileage leasing<\/a> and that <a href=\"#faq\">residual value leasing<\/a>No matter what type of leasing you have chosen, the leasing company will often present you with an excessive additional demand for alleged damage to the vehicle when you return the vehicle. <\/p>\n\n\n\n<p>Car rental companies also like to use the practice of charging for scratches, dents and stains after the rental car is returned, for which the customer is not responsible.<\/p>\n\n\n\n<p>With the help of our experience, you can successfully reject the leasing and rental car company&#039;s demand for additional payment. Stop this unfair business model. We will show you how to do it and provide you with comprehensive support.<\/p>\n\n\n\n<div class=\"wp-block-buttons ghostkit-custom-Z1sWuvJ is-layout-flex wp-block-buttons-is-layout-flex\">\n<div class=\"wp-block-button cta__secondary CQlead\"><a class=\"wp-block-button__link wp-element-button\" href=\"https:\/\/ru.law\/en\/leasing-und-mietwagen-rueckgabe\/\">Learn more<\/a><\/div>\n<\/div>\n<\/div><\/div>\n\n\n\n<div class=\"wp-block-uagb-container uagb-block-d733580b alignfull uagb-is-root-container\"><div class=\"uagb-container-inner-blocks-wrap\">\n<div class=\"wp-block-columns is-layout-flex wp-container-core-columns-is-layout-c2d6fa21 wp-block-columns-is-layout-flex\">\n<div class=\"wp-block-column is-layout-flow wp-block-column-is-layout-flow\">\n<p class=\"has-text-align-right ghostkit-custom-Tz4wH has-ast-global-color-5-color has-text-color has-link-color wp-elements-2ec345a908c21ddbab89c36e8c7ca453\"><mark style=\"background-color:#bc133e\" class=\"has-inline-color has-ast-global-color-5-color\">\u201cWISO \u2013 Consumer Magazine\u201d in the ZDF Mediathek:<\/mark><\/p>\n\n\n\n<h3 class=\"wp-block-heading has-text-align-right has-ast-global-color-5-color has-text-color has-link-color wp-elements-55d380b69bd0add5d67bcf180dfae1fd\" id=\"probleme-bei-leasing-ruckgabe\">Problems with leasing return<\/h3>\n\n\n\n<p class=\"has-text-align-right has-ast-global-color-5-color has-text-color\">Leasing companies are increasingly making excessive demands when returning the leased vehicle. Stone chips and normal signs of wear and tear are not damages for which consumers are liable.<\/p>\n\n\n\n<div class=\"wp-block-buttons ghostkit-custom-Z24Qf40 is-horizontal is-content-justification-right is-layout-flex wp-container-core-buttons-is-layout-30af2ff6 wp-block-buttons-is-layout-flex\">\n<div class=\"wp-block-button\"><a class=\"wp-block-button__link wp-element-button\" href=\"https:\/\/www.zdf.de\/verbraucher\/wiso\/wiso-vom-16-september-2024-100.html\" target=\"_blank\" rel=\"noreferrer noopener\">To the video on the ZDF Mediathek<\/a><\/div>\n<\/div>\n<\/div>\n\n\n\n<div class=\"wp-block-column is-layout-flow wp-block-column-is-layout-flow\">\n<figure class=\"wp-block-image size-full\"><img loading=\"lazy\" decoding=\"async\" width=\"2870\" height=\"1620\" src=\"https:\/\/ru.law\/wp-content\/uploads\/2024\/09\/Bildschirmfoto-2024-09-16-um-21.21.03.png\" alt=\"Dr. Marco Rogert schildert, dass ein Muster bei \u00fcberh\u00f6hten Forderungen im Rahmen der Leasing-R\u00fcckgabe zu erkennen ist.\" class=\"wp-image-80619\" style=\"box-shadow:var(--wp--preset--shadow--deep)\" srcset=\"https:\/\/ru.law\/wp-content\/uploads\/2024\/09\/Bildschirmfoto-2024-09-16-um-21.21.03.png 2870w, https:\/\/ru.law\/wp-content\/uploads\/2024\/09\/Bildschirmfoto-2024-09-16-um-21.21.03-768x434.png 768w, https:\/\/ru.law\/wp-content\/uploads\/2024\/09\/Bildschirmfoto-2024-09-16-um-21.21.03-1536x867.png 1536w, https:\/\/ru.law\/wp-content\/uploads\/2024\/09\/Bildschirmfoto-2024-09-16-um-21.21.03-2048x1156.png 2048w\" sizes=\"auto, (max-width: 2870px) 100vw, 2870px\" \/><\/figure>\n<\/div>\n<\/div>\n<\/div><\/div>\n\n\n\n<div class=\"wp-block-uagb-container uagb-block-ebeb3268 alignfull uagb-is-root-container\"><div class=\"uagb-container-inner-blocks-wrap\">\n<h3 class=\"wp-block-heading\" id=\"h-das-konnte-sie-auch-interessieren\">You might also be interested in:<\/h3>\n\n\n\n\t\t\t<div class=\"wp-block-uagb-post-grid uagb-post-grid faq_blog uagb-post__image-position-top uagb-post__image-enabled uagb-block-82305486     uagb-post__items uagb-post__columns-3 is-grid uagb-post__columns-tablet-2 uagb-post__columns-mobile-1 uagb-post__equal-height\" data-total=\"52\" style=\"\">\n\n\t\t\t\t\t\t\t\t\t\t\t\t<article class=\"uagb-post__inner-wrap\">\t\t\t\t\t\t\t\t<div class='uagb-post__image'>\n\t\t\t\t\t\t\t\t\t<a href=\"https:\/\/ru.law\/en\/drohendes-fahrverbot-fuer-volvo-diesel-kba-fordert-rueckruf-wegen-abgasmanipulation\/\" target=\"_self\" rel=\"bookmark noopener noreferrer\" class='uagb-image-ratio-inherit'><img loading=\"lazy\" decoding=\"async\" width=\"2560\" height=\"1707\" src=\"https:\/\/ru.law\/wp-content\/uploads\/2025\/07\/AdobeStock_231361714-scaled.jpeg\" class=\"attachment-large size-large\" alt=\"\" srcset=\"https:\/\/ru.law\/wp-content\/uploads\/2025\/07\/AdobeStock_231361714-scaled.jpeg 2560w, https:\/\/ru.law\/wp-content\/uploads\/2025\/07\/AdobeStock_231361714-768x512.jpeg 768w, https:\/\/ru.law\/wp-content\/uploads\/2025\/07\/AdobeStock_231361714-1536x1024.jpeg 1536w, https:\/\/ru.law\/wp-content\/uploads\/2025\/07\/AdobeStock_231361714-2048x1365.jpeg 2048w, https:\/\/ru.law\/wp-content\/uploads\/2025\/07\/AdobeStock_231361714-18x12.jpeg 18w\" sizes=\"auto, (max-width: 2560px) 100vw, 2560px\" \/>\t\t\t\t\t<\/a>\n\t\t\t\t\t\t\t<\/div>\n\t\t\t\t\t\t<h5 class=\"uagb-post__title uagb-post__text\">\n\t\t\t\t<a href=\"https:\/\/ru.law\/en\/drohendes-fahrverbot-fuer-volvo-diesel-kba-fordert-rueckruf-wegen-abgasmanipulation\/\" target=\"_self\" rel=\"bookmark noopener noreferrer\">Threatening driving ban for Volvo diesel: KBA demands recall due to emissions manipulation<\/a>\n\t\t\t<\/h5>\n\t\t\t\t\t\t<div class='uagb-post__text uagb-post-grid-byline'>\n\t\t\t\t\t\t\t<\/div>\n\t\t\t\t\t\t<div class=\"uagb-post__text uagb-post__cta wp-block-button\">\n\t\t\t\t<a class=\"wp-block-button__link uagb-text-link\" style=\"\" href=\"https:\/\/ru.law\/en\/drohendes-fahrverbot-fuer-volvo-diesel-kba-fordert-rueckruf-wegen-abgasmanipulation\/\" target=\"_self\" rel=\"bookmark noopener noreferrer\">Read More<\/a>\n\t\t\t<\/div>\n\t\t\t\n\t\t\t\t\t\t\t\t\t<\/article>\n\t\t\t\t\t\t\t\t\t\t\t\t\t\t\t\t<article class=\"uagb-post__inner-wrap\">\t\t\t\t\t\t\t\t<div class='uagb-post__image'>\n\t\t\t\t\t\t\t\t\t<a href=\"https:\/\/ru.law\/en\/volvo-inmitten-eines-diesel-abgasskandals-zulassungsverbot-fuer-130-000-fahrzeuge-droht\/\" target=\"_self\" rel=\"bookmark noopener noreferrer\" class='uagb-image-ratio-inherit'><img loading=\"lazy\" decoding=\"async\" width=\"2560\" height=\"1683\" src=\"https:\/\/ru.law\/wp-content\/uploads\/2025\/07\/AdobeStock_155979331-scaled.jpeg\" class=\"attachment-large size-large\" alt=\"\" srcset=\"https:\/\/ru.law\/wp-content\/uploads\/2025\/07\/AdobeStock_155979331-scaled.jpeg 2560w, https:\/\/ru.law\/wp-content\/uploads\/2025\/07\/AdobeStock_155979331-768x505.jpeg 768w, https:\/\/ru.law\/wp-content\/uploads\/2025\/07\/AdobeStock_155979331-1536x1010.jpeg 1536w, https:\/\/ru.law\/wp-content\/uploads\/2025\/07\/AdobeStock_155979331-2048x1346.jpeg 2048w, https:\/\/ru.law\/wp-content\/uploads\/2025\/07\/AdobeStock_155979331-18x12.jpeg 18w\" sizes=\"auto, (max-width: 2560px) 100vw, 2560px\" \/>\t\t\t\t\t<\/a>\n\t\t\t\t\t\t\t<\/div>\n\t\t\t\t\t\t<h5 class=\"uagb-post__title uagb-post__text\">\n\t\t\t\t<a href=\"https:\/\/ru.law\/en\/volvo-inmitten-eines-diesel-abgasskandals-zulassungsverbot-fuer-130-000-fahrzeuge-droht\/\" target=\"_self\" rel=\"bookmark noopener noreferrer\">Volvo in the midst of a diesel emissions scandal \u2013 registration ban for 130,000 vehicles threatened<\/a>\n\t\t\t<\/h5>\n\t\t\t\t\t\t<div class='uagb-post__text uagb-post-grid-byline'>\n\t\t\t\t\t\t\t<\/div>\n\t\t\t\t\t\t<div class=\"uagb-post__text uagb-post__cta wp-block-button\">\n\t\t\t\t<a class=\"wp-block-button__link uagb-text-link\" style=\"\" href=\"https:\/\/ru.law\/en\/volvo-inmitten-eines-diesel-abgasskandals-zulassungsverbot-fuer-130-000-fahrzeuge-droht\/\" target=\"_self\" rel=\"bookmark noopener noreferrer\">Read More<\/a>\n\t\t\t<\/div>\n\t\t\t\n\t\t\t\t\t\t\t\t\t<\/article>\n\t\t\t\t\t\t\t\t\t\t\t\t\t\t\t\t<article class=\"uagb-post__inner-wrap\">\t\t\t\t\t\t\t\t<div class='uagb-post__image'>\n\t\t\t\t\t\t\t\t\t<a href=\"https:\/\/ru.law\/en\/musterfeststellungsklage-gegen-mercedes-benz-verbraucherschuetzer-erzielen-teilerfolg\/\" target=\"_self\" rel=\"bookmark noopener noreferrer\" class='uagb-image-ratio-inherit'><img loading=\"lazy\" decoding=\"async\" width=\"1200\" height=\"675\" src=\"https:\/\/ru.law\/wp-content\/uploads\/2022\/06\/Rogert-Ulbrich-Rechtsanwaelt-Kanzlei-Abgasskandal-Mercedes-Benz-KBA-Rueckruf-Abschalteinrichtung-kuehlmittelsolltemperatur.jpg\" class=\"attachment-large size-large\" alt=\"\" srcset=\"https:\/\/ru.law\/wp-content\/uploads\/2022\/06\/Rogert-Ulbrich-Rechtsanwaelt-Kanzlei-Abgasskandal-Mercedes-Benz-KBA-Rueckruf-Abschalteinrichtung-kuehlmittelsolltemperatur.jpg 1200w, https:\/\/ru.law\/wp-content\/uploads\/2022\/06\/Rogert-Ulbrich-Rechtsanwaelt-Kanzlei-Abgasskandal-Mercedes-Benz-KBA-Rueckruf-Abschalteinrichtung-kuehlmittelsolltemperatur-768x432.jpg 768w\" sizes=\"auto, (max-width: 1200px) 100vw, 1200px\" \/>\t\t\t\t\t<\/a>\n\t\t\t\t\t\t\t<\/div>\n\t\t\t\t\t\t<h5 class=\"uagb-post__title uagb-post__text\">\n\t\t\t\t<a href=\"https:\/\/ru.law\/en\/musterfeststellungsklage-gegen-mercedes-benz-verbraucherschuetzer-erzielen-teilerfolg\/\" target=\"_self\" rel=\"bookmark noopener noreferrer\">Model declaratory action against Mercedes-Benz: Consumer advocates achieve partial success<\/a>\n\t\t\t<\/h5>\n\t\t\t\t\t\t<div class='uagb-post__text uagb-post-grid-byline'>\n\t\t\t\t\t\t\t<\/div>\n\t\t\t\t\t\t<div class=\"uagb-post__text uagb-post__cta wp-block-button\">\n\t\t\t\t<a class=\"wp-block-button__link uagb-text-link\" style=\"\" href=\"https:\/\/ru.law\/en\/musterfeststellungsklage-gegen-mercedes-benz-verbraucherschuetzer-erzielen-teilerfolg\/\" target=\"_self\" rel=\"bookmark noopener noreferrer\">Read More<\/a>\n\t\t\t<\/div>\n\t\t\t\n\t\t\t\t\t\t\t\t\t<\/article>\n\t\t\t\t\t\t\t\t\t\t\t<\/div>\n\t\t\t<\/div><\/div>\n\n\n\n<p><\/p>","protected":false},"excerpt":{"rendered":"<p>Rechtsanwaltskanzlei f\u00fcr Verbraucher im Bereich Automotive Gehen Sie jetzt gegen Fahrzeughersteller oder H\u00e4ndler vor! Die Automobilbranche ist st\u00e4ndig in Bewegung, und damit auch Ihre Rechte [&hellip;]<\/p>\n","protected":false},"author":54,"featured_media":8591,"parent":9,"menu_order":0,"comment_status":"closed","ping_status":"closed","template":"","meta":{"_uag_custom_page_level_css":"","site-sidebar-layout":"default","site-content-layout":"","ast-site-content-layout":"default","site-content-style":"default","site-sidebar-style":"default","ast-global-header-display":"","ast-banner-title-visibility":"","ast-main-header-display":"","ast-hfb-above-header-display":"","ast-hfb-below-header-display":"","ast-hfb-mobile-header-display":"","site-post-title":"disabled","ast-breadcrumbs-content":"","ast-featured-img":"disabled","footer-sml-layout":"","ast-disable-related-posts":"","theme-transparent-header-meta":"default","adv-header-id-meta":"","stick-header-meta":"","header-above-stick-meta":"","header-main-stick-meta":"","header-below-stick-meta":"","astra-migrate-meta-layouts":"set","ast-page-background-enabled":"default","ast-page-background-meta":{"desktop":{"background-color":"","background-image":"","background-repeat":"repeat","background-position":"center center","background-size":"auto","background-attachment":"scroll","background-type":"","background-media":"","overlay-type":"","overlay-color":"","overlay-opacity":"","overlay-gradient":""},"tablet":{"background-color":"","background-image":"","background-repeat":"repeat","background-position":"center center","background-size":"auto","background-attachment":"scroll","background-type":"","background-media":"","overlay-type":"","overlay-color":"","overlay-opacity":"","overlay-gradient":""},"mobile":{"background-color":"","background-image":"","background-repeat":"repeat","background-position":"center center","background-size":"auto","background-attachment":"scroll","background-type":"","background-media":"","overlay-type":"","overlay-color":"","overlay-opacity":"","overlay-gradient":""}},"ast-content-background-meta":{"desktop":{"background-color":"var(--ast-global-color-5)","background-image":"","background-repeat":"repeat","background-position":"center center","background-size":"auto","background-attachment":"scroll","background-type":"","background-media":"","overlay-type":"","overlay-color":"","overlay-opacity":"","overlay-gradient":""},"tablet":{"background-color":"var(--ast-global-color-5)","background-image":"","background-repeat":"repeat","background-position":"center center","background-size":"auto","background-attachment":"scroll","background-type":"","background-media":"","overlay-type":"","overlay-color":"","overlay-opacity":"","overlay-gradient":""},"mobile":{"background-color":"var(--ast-global-color-5)","background-image":"","background-repeat":"repeat","background-position":"center center","background-size":"auto","background-attachment":"scroll","background-type":"","background-media":"","overlay-type":"","overlay-color":"","overlay-opacity":"","overlay-gradient":""}},"footnotes":""},"class_list":["post-81420","page","type-page","status-publish","has-post-thumbnail","hentry"],"yoast_head":"<!-- This site is optimized with the Yoast SEO Premium plugin v27.4 (Yoast SEO v27.4) - https:\/\/yoast.com\/product\/yoast-seo-premium-wordpress\/ -->\n<title>Ihre f\u00fchrende Kanzlei im Abgasskandal - Wir setzen Ihr Recht durch - R&amp;U<\/title>\n<meta name=\"description\" content=\"Neue Ermittlungen im Abgasskandal! Neue Urteile zum EA 288 Motor! Damit steht auch Diesel-Sp\u00e4tk\u00e4ufern Schadensersatz zu!\" \/>\n<meta name=\"robots\" content=\"index, follow, max-snippet:-1, max-image-preview:large, max-video-preview:-1\" \/>\n<link rel=\"canonical\" href=\"https:\/\/ru.law\/en\/expertise\/automotive\/\" \/>\n<meta property=\"og:locale\" content=\"en_GB\" \/>\n<meta property=\"og:type\" content=\"article\" \/>\n<meta property=\"og:title\" content=\"Automotive\" \/>\n<meta property=\"og:description\" content=\"Neue Ermittlungen im Abgasskandal! Neue Urteile zum EA 288 Motor! Damit steht auch Diesel-Sp\u00e4tk\u00e4ufern Schadensersatz zu!\" \/>\n<meta property=\"og:url\" content=\"https:\/\/ru.law\/en\/expertise\/automotive\/\" \/>\n<meta property=\"og:site_name\" content=\"R&amp;U\" \/>\n<meta property=\"article:publisher\" content=\"https:\/\/www.facebook.com\/RogertUlbrich\/\" \/>\n<meta property=\"article:modified_time\" content=\"2026-04-08T08:01:41+00:00\" \/>\n<meta property=\"og:image\" content=\"https:\/\/ru.law\/wp-content\/uploads\/2020\/10\/dieselskandal-fahrzeuge.jpg\" \/>\n\t<meta property=\"og:image:width\" content=\"1400\" \/>\n\t<meta property=\"og:image:height\" content=\"800\" \/>\n\t<meta property=\"og:image:type\" content=\"image\/jpeg\" \/>\n<meta name=\"twitter:card\" content=\"summary_large_image\" \/>\n<meta name=\"twitter:site\" content=\"@RogertUlbrich\" \/>\n<script type=\"application\/ld+json\" class=\"yoast-schema-graph\">{\"@context\":\"https:\\\/\\\/schema.org\",\"@graph\":[{\"@type\":\"WebPage\",\"@id\":\"https:\\\/\\\/ru.law\\\/expertise\\\/automotive\\\/\",\"url\":\"https:\\\/\\\/ru.law\\\/expertise\\\/automotive\\\/\",\"name\":\"Ihre f\u00fchrende Kanzlei im Abgasskandal - Wir setzen Ihr Recht durch - R&amp;U\",\"isPartOf\":{\"@id\":\"https:\\\/\\\/ru.law\\\/#website\"},\"primaryImageOfPage\":{\"@id\":\"https:\\\/\\\/ru.law\\\/expertise\\\/automotive\\\/#primaryimage\"},\"image\":{\"@id\":\"https:\\\/\\\/ru.law\\\/expertise\\\/automotive\\\/#primaryimage\"},\"thumbnailUrl\":\"https:\\\/\\\/ru.law\\\/wp-content\\\/uploads\\\/2020\\\/10\\\/dieselskandal-fahrzeuge.jpg\",\"datePublished\":\"2024-10-25T10:36:16+00:00\",\"dateModified\":\"2026-04-08T08:01:41+00:00\",\"description\":\"Neue Ermittlungen im Abgasskandal! Neue Urteile zum EA 288 Motor! Damit steht auch Diesel-Sp\u00e4tk\u00e4ufern Schadensersatz zu!\",\"breadcrumb\":{\"@id\":\"https:\\\/\\\/ru.law\\\/expertise\\\/automotive\\\/#breadcrumb\"},\"inLanguage\":\"en-GB\",\"potentialAction\":[{\"@type\":\"ReadAction\",\"target\":[\"https:\\\/\\\/ru.law\\\/expertise\\\/automotive\\\/\"]}]},{\"@type\":\"ImageObject\",\"inLanguage\":\"en-GB\",\"@id\":\"https:\\\/\\\/ru.law\\\/expertise\\\/automotive\\\/#primaryimage\",\"url\":\"https:\\\/\\\/ru.law\\\/wp-content\\\/uploads\\\/2020\\\/10\\\/dieselskandal-fahrzeuge.jpg\",\"contentUrl\":\"https:\\\/\\\/ru.law\\\/wp-content\\\/uploads\\\/2020\\\/10\\\/dieselskandal-fahrzeuge.jpg\",\"width\":1400,\"height\":800,\"caption\":\"Dieselskandal Fahrzeuge\"},{\"@type\":\"BreadcrumbList\",\"@id\":\"https:\\\/\\\/ru.law\\\/expertise\\\/automotive\\\/#breadcrumb\",\"itemListElement\":[{\"@type\":\"ListItem\",\"position\":1,\"name\":\"Startseite\",\"item\":\"https:\\\/\\\/ru.law\\\/\"},{\"@type\":\"ListItem\",\"position\":2,\"name\":\"Expertise\",\"item\":\"https:\\\/\\\/ru.law\\\/expertise\\\/\"},{\"@type\":\"ListItem\",\"position\":3,\"name\":\"Automotive\"}]},{\"@type\":\"WebSite\",\"@id\":\"https:\\\/\\\/ru.law\\\/#website\",\"url\":\"https:\\\/\\\/ru.law\\\/\",\"name\":\"R&U\",\"description\":\"Verbraucheranw\u00e4lte\",\"publisher\":{\"@id\":\"https:\\\/\\\/ru.law\\\/#organization\"},\"alternateName\":\"Rogert & Ulbrich\",\"potentialAction\":[{\"@type\":\"SearchAction\",\"target\":{\"@type\":\"EntryPoint\",\"urlTemplate\":\"https:\\\/\\\/ru.law\\\/?s={search_term_string}\"},\"query-input\":{\"@type\":\"PropertyValueSpecification\",\"valueRequired\":true,\"valueName\":\"search_term_string\"}}],\"inLanguage\":\"en-GB\"},{\"@type\":\"Organization\",\"@id\":\"https:\\\/\\\/ru.law\\\/#organization\",\"name\":\"Kanzlei Rogert & Ulbrich\",\"url\":\"https:\\\/\\\/ru.law\\\/\",\"logo\":{\"@type\":\"ImageObject\",\"inLanguage\":\"en-GB\",\"@id\":\"https:\\\/\\\/ru.law\\\/#\\\/schema\\\/logo\\\/image\\\/\",\"url\":\"https:\\\/\\\/ru.law\\\/wp-content\\\/uploads\\\/2020\\\/12\\\/logo-ru-law.svg\",\"contentUrl\":\"https:\\\/\\\/ru.law\\\/wp-content\\\/uploads\\\/2020\\\/12\\\/logo-ru-law.svg\",\"width\":992,\"height\":259,\"caption\":\"Kanzlei Rogert & Ulbrich\"},\"image\":{\"@id\":\"https:\\\/\\\/ru.law\\\/#\\\/schema\\\/logo\\\/image\\\/\"},\"sameAs\":[\"https:\\\/\\\/www.facebook.com\\\/RogertUlbrich\\\/\",\"https:\\\/\\\/x.com\\\/RogertUlbrich\",\"https:\\\/\\\/www.instagram.com\\\/rogertulbrich\\\/\",\"https:\\\/\\\/www.linkedin.com\\\/company\\\/rogert-ulbrich\\\/\",\"https:\\\/\\\/www.youtube.com\\\/channel\\\/UCganCgpvwpPFqMFf1vVmG2A\"]}]}<\/script>\n<!-- \/ Yoast SEO Premium plugin. -->","yoast_head_json":{"title":"Your leading law firm in the emissions scandal - We enforce your rights - R&amp;U","description":"New investigations into the emissions scandal! New rulings on the EA 288 engine! This means late diesel buyers are also entitled to compensation!","robots":{"index":"index","follow":"follow","max-snippet":"max-snippet:-1","max-image-preview":"max-image-preview:large","max-video-preview":"max-video-preview:-1"},"canonical":"https:\/\/ru.law\/en\/expertise\/automotive\/","og_locale":"en_GB","og_type":"article","og_title":"Automotive","og_description":"Neue Ermittlungen im Abgasskandal! Neue Urteile zum EA 288 Motor! Damit steht auch Diesel-Sp\u00e4tk\u00e4ufern Schadensersatz zu!","og_url":"https:\/\/ru.law\/en\/expertise\/automotive\/","og_site_name":"R&amp;U","article_publisher":"https:\/\/www.facebook.com\/RogertUlbrich\/","article_modified_time":"2026-04-08T08:01:41+00:00","og_image":[{"width":1400,"height":800,"url":"https:\/\/ru.law\/wp-content\/uploads\/2020\/10\/dieselskandal-fahrzeuge.jpg","type":"image\/jpeg"}],"twitter_card":"summary_large_image","twitter_site":"@RogertUlbrich","schema":{"@context":"https:\/\/schema.org","@graph":[{"@type":"WebPage","@id":"https:\/\/ru.law\/expertise\/automotive\/","url":"https:\/\/ru.law\/expertise\/automotive\/","name":"Your leading law firm in the emissions scandal - We enforce your rights - R&amp;U","isPartOf":{"@id":"https:\/\/ru.law\/#website"},"primaryImageOfPage":{"@id":"https:\/\/ru.law\/expertise\/automotive\/#primaryimage"},"image":{"@id":"https:\/\/ru.law\/expertise\/automotive\/#primaryimage"},"thumbnailUrl":"https:\/\/ru.law\/wp-content\/uploads\/2020\/10\/dieselskandal-fahrzeuge.jpg","datePublished":"2024-10-25T10:36:16+00:00","dateModified":"2026-04-08T08:01:41+00:00","description":"New investigations into the emissions scandal! New rulings on the EA 288 engine! This means late diesel buyers are also entitled to compensation!","breadcrumb":{"@id":"https:\/\/ru.law\/expertise\/automotive\/#breadcrumb"},"inLanguage":"en-GB","potentialAction":[{"@type":"ReadAction","target":["https:\/\/ru.law\/expertise\/automotive\/"]}]},{"@type":"ImageObject","inLanguage":"en-GB","@id":"https:\/\/ru.law\/expertise\/automotive\/#primaryimage","url":"https:\/\/ru.law\/wp-content\/uploads\/2020\/10\/dieselskandal-fahrzeuge.jpg","contentUrl":"https:\/\/ru.law\/wp-content\/uploads\/2020\/10\/dieselskandal-fahrzeuge.jpg","width":1400,"height":800,"caption":"Dieselskandal Fahrzeuge"},{"@type":"BreadcrumbList","@id":"https:\/\/ru.law\/expertise\/automotive\/#breadcrumb","itemListElement":[{"@type":"ListItem","position":1,"name":"Startseite","item":"https:\/\/ru.law\/"},{"@type":"ListItem","position":2,"name":"Expertise","item":"https:\/\/ru.law\/expertise\/"},{"@type":"ListItem","position":3,"name":"Automotive"}]},{"@type":"WebSite","@id":"https:\/\/ru.law\/#website","url":"https:\/\/ru.law\/","name":"R&amp;U","description":"Consumer lawyers","publisher":{"@id":"https:\/\/ru.law\/#organization"},"alternateName":"Rogert & Ulbrich","potentialAction":[{"@type":"SearchAction","target":{"@type":"EntryPoint","urlTemplate":"https:\/\/ru.law\/?s={search_term_string}"},"query-input":{"@type":"PropertyValueSpecification","valueRequired":true,"valueName":"search_term_string"}}],"inLanguage":"en-GB"},{"@type":"Organization","@id":"https:\/\/ru.law\/#organization","name":"Rogert &amp; Ulbrich Law Firm","url":"https:\/\/ru.law\/","logo":{"@type":"ImageObject","inLanguage":"en-GB","@id":"https:\/\/ru.law\/#\/schema\/logo\/image\/","url":"https:\/\/ru.law\/wp-content\/uploads\/2020\/12\/logo-ru-law.svg","contentUrl":"https:\/\/ru.law\/wp-content\/uploads\/2020\/12\/logo-ru-law.svg","width":992,"height":259,"caption":"Kanzlei Rogert & Ulbrich"},"image":{"@id":"https:\/\/ru.law\/#\/schema\/logo\/image\/"},"sameAs":["https:\/\/www.facebook.com\/RogertUlbrich\/","https:\/\/x.com\/RogertUlbrich","https:\/\/www.instagram.com\/rogertulbrich\/","https:\/\/www.linkedin.com\/company\/rogert-ulbrich\/","https:\/\/www.youtube.com\/channel\/UCganCgpvwpPFqMFf1vVmG2A"]}]}},"uagb_featured_image_src":{"full":["https:\/\/ru.law\/wp-content\/uploads\/2020\/10\/dieselskandal-fahrzeuge.jpg",1400,800,false],"thumbnail":["https:\/\/ru.law\/wp-content\/uploads\/2020\/10\/dieselskandal-fahrzeuge-150x150.jpg",96,96,true],"medium":["https:\/\/ru.law\/wp-content\/uploads\/2020\/10\/dieselskandal-fahrzeuge-300x171.jpg",300,171,true],"medium_large":["https:\/\/ru.law\/wp-content\/uploads\/2020\/10\/dieselskandal-fahrzeuge-768x439.jpg",768,439,true],"large":["https:\/\/ru.law\/wp-content\/uploads\/2020\/10\/dieselskandal-fahrzeuge-1024x585.jpg",1024,585,true],"1536x1536":["https:\/\/ru.law\/wp-content\/uploads\/2020\/10\/dieselskandal-fahrzeuge.jpg",1400,800,false],"2048x2048":["https:\/\/ru.law\/wp-content\/uploads\/2020\/10\/dieselskandal-fahrzeuge.jpg",1400,800,false],"trp-custom-language-flag":["https:\/\/ru.law\/wp-content\/uploads\/2020\/10\/dieselskandal-fahrzeuge.jpg",18,10,false]},"uagb_author_info":{"display_name":"ommatic","author_link":"https:\/\/ru.law\/en\/author\/ommatic\/"},"uagb_comment_info":0,"uagb_excerpt":"Rechtsanwaltskanzlei f\u00fcr Verbraucher im Bereich Automotive Gehen Sie jetzt gegen Fahrzeughersteller oder H\u00e4ndler vor! Die Automobilbranche ist st\u00e4ndig in Bewegung, und damit auch Ihre Rechte [&hellip;]","_links":{"self":[{"href":"https:\/\/ru.law\/en\/wp-json\/wp\/v2\/pages\/81420","targetHints":{"allow":["GET"]}}],"collection":[{"href":"https:\/\/ru.law\/en\/wp-json\/wp\/v2\/pages"}],"about":[{"href":"https:\/\/ru.law\/en\/wp-json\/wp\/v2\/types\/page"}],"author":[{"embeddable":true,"href":"https:\/\/ru.law\/en\/wp-json\/wp\/v2\/users\/54"}],"replies":[{"embeddable":true,"href":"https:\/\/ru.law\/en\/wp-json\/wp\/v2\/comments?post=81420"}],"version-history":[{"count":0,"href":"https:\/\/ru.law\/en\/wp-json\/wp\/v2\/pages\/81420\/revisions"}],"up":[{"embeddable":true,"href":"https:\/\/ru.law\/en\/wp-json\/wp\/v2\/pages\/9"}],"wp:featuredmedia":[{"embeddable":true,"href":"https:\/\/ru.law\/en\/wp-json\/wp\/v2\/media\/8591"}],"wp:attachment":[{"href":"https:\/\/ru.law\/en\/wp-json\/wp\/v2\/media?parent=81420"}],"curies":[{"name":"wp","href":"https:\/\/api.w.org\/{rel}","templated":true}]}}